{"id":1281,"date":"2022-02-07T17:23:16","date_gmt":"2022-02-07T16:23:16","guid":{"rendered":"https:\/\/www.olitravadell.com\/historia\/"},"modified":"2022-11-02T15:06:37","modified_gmt":"2022-11-02T14:06:37","slug":"historia","status":"publish","type":"page","link":"https:\/\/www.olitravadell.com\/ca\/historia\/","title":{"rendered":"Hist\u00f2ria"},"content":{"rendered":"\t\t<div data-elementor-type=\"wp-page\" data-elementor-id=\"1281\" class=\"elementor elementor-1281 elementor-762\">\n\t\t\t\t\t\t\t\t\t<section class=\"elementor-section elementor-top-section elementor-element elementor-element-f3e4949 elementor-section-boxed elementor-section-height-default elementor-section-height-default\" data-id=\"f3e4949\" data-element_type=\"section\">\n\t\t\t\t\t\t<div class=\"elementor-container elementor-column-gap-default\">\n\t\t\t\t\t<div class=\"elementor-column elementor-col-100 elementor-top-column elementor-element elementor-element-d613809\" data-id=\"d613809\" data-element_type=\"column\">\n\t\t\t<div class=\"elementor-widget-wrap elementor-element-populated\">\n\t\t\t\t\t\t\t\t<div class=\"elementor-element elementor-element-aaae031 elementor-align-center elementor-mobile-align-left elementor-widget elementor-widget-breadcrumbs\" data-id=\"aaae031\" data-element_type=\"widget\" data-widget_type=\"breadcrumbs.default\">\n\t\t\t\t<div class=\"elementor-widget-container\">\n\t\t\t<link rel=\"stylesheet\" href=\"https:\/\/www.olitravadell.com\/wp-content\/plugins\/elementor-pro\/assets\/css\/widget-theme-elements.min.css\"><p id=\"breadcrumbs\"><span><span><a href=\"https:\/\/www.olitravadell.com\/ca\/\">Inicio<\/a><\/span><\/span><\/p>\t\t<\/div>\n\t\t\t\t<\/div>\n\t\t\t\t<section class=\"elementor-section elementor-inner-section elementor-element elementor-element-727fdb0 elementor-section-boxed elementor-section-height-default elementor-section-height-default\" data-id=\"727fdb0\" data-element_type=\"section\">\n\t\t\t\t\t\t<div class=\"elementor-container elementor-column-gap-default\">\n\t\t\t\t\t<div class=\"elementor-column elementor-col-100 elementor-inner-column elementor-element elementor-element-6df3088\" data-id=\"6df3088\" data-element_type=\"column\">\n\t\t\t<div class=\"elementor-widget-wrap elementor-element-populated\">\n\t\t\t\t\t\t\t\t<div class=\"elementor-element elementor-element-36d48e5 elementor-widget elementor-widget-text-editor\" data-id=\"36d48e5\" data-element_type=\"widget\" data-widget_type=\"text-editor.default\">\n\t\t\t\t<div class=\"elementor-widget-container\">\n\t\t\t<style>\/*! elementor - v3.12.1 - 02-04-2023 *\/\n.elementor-widget-text-editor.elementor-drop-cap-view-stacked .elementor-drop-cap{background-color:#69727d;color:#fff}.elementor-widget-text-editor.elementor-drop-cap-view-framed .elementor-drop-cap{color:#69727d;border:3px solid;background-color:transparent}.elementor-widget-text-editor:not(.elementor-drop-cap-view-default) .elementor-drop-cap{margin-top:8px}.elementor-widget-text-editor:not(.elementor-drop-cap-view-default) .elementor-drop-cap-letter{width:1em;height:1em}.elementor-widget-text-editor .elementor-drop-cap{float:left;text-align:center;line-height:1;font-size:50px}.elementor-widget-text-editor .elementor-drop-cap-letter{display:inline-block}<\/style>\t\t\t\t<p align=\"justify\">L&#8217;Alm\u00e0ssera de Millena \u00e9s la hist\u00f2ria de tres generacions de la fam\u00edlia Ferrando, dedicades a l&#8217;elaboraci\u00f3 del suc de l\u2019oliva des de 1950, en la xicoteta localitat de Millena, a la Vall de Travadell, en plena Muntanya d&#8217;Alacant.<\/p>\n\t\t\t\t\t\t<\/div>\n\t\t\t\t<\/div>\n\t\t\t\t\t<\/div>\n\t\t<\/div>\n\t\t\t\t\t\t\t<\/div>\n\t\t<\/section>\n\t\t\t\t\t<\/div>\n\t\t<\/div>\n\t\t\t\t\t\t\t<\/div>\n\t\t<\/section>\n\t\t\t\t<section class=\"elementor-section elementor-top-section elementor-element elementor-element-b3df0a9 elementor-section-boxed elementor-section-height-default elementor-section-height-default\" data-id=\"b3df0a9\" data-element_type=\"section\">\n\t\t\t\t\t\t<div class=\"elementor-container elementor-column-gap-default\">\n\t\t\t\t\t<div class=\"elementor-column elementor-col-100 elementor-top-column elementor-element elementor-element-46b9208\" data-id=\"46b9208\" data-element_type=\"column\">\n\t\t\t<div class=\"elementor-widget-wrap elementor-element-populated\">\n\t\t\t\t\t\t\t\t<div class=\"elementor-element elementor-element-4297296 courses-featured-picture elementor-widget elementor-widget-theme-post-featured-image elementor-widget-image\" data-id=\"4297296\" data-element_type=\"widget\" data-widget_type=\"theme-post-featured-image.default\">\n\t\t\t\t<div class=\"elementor-widget-container\">\n\t\t\t<style>\/*! elementor - v3.12.1 - 02-04-2023 *\/\n.elementor-widget-image{text-align:center}.elementor-widget-image a{display:inline-block}.elementor-widget-image a img[src$=\".svg\"]{width:48px}.elementor-widget-image img{vertical-align:middle;display:inline-block}<\/style>\t\t\t\t\t\t\t\t\t\t\t\t<img decoding=\"async\" width=\"1800\" height=\"1471\" src=\"https:\/\/www.olitravadell.com\/wp-content\/uploads\/2022\/11\/historia-oli-travadell.jpg\" class=\"attachment-full size-full wp-image-1361\" alt=\"\" loading=\"lazy\" srcset=\"https:\/\/www.olitravadell.com\/wp-content\/uploads\/2022\/11\/historia-oli-travadell.jpg 1800w, https:\/\/www.olitravadell.com\/wp-content\/uploads\/2022\/11\/historia-oli-travadell-300x245.jpg 300w, https:\/\/www.olitravadell.com\/wp-content\/uploads\/2022\/11\/historia-oli-travadell-1024x837.jpg 1024w, https:\/\/www.olitravadell.com\/wp-content\/uploads\/2022\/11\/historia-oli-travadell-768x628.jpg 768w, https:\/\/www.olitravadell.com\/wp-content\/uploads\/2022\/11\/historia-oli-travadell-1536x1255.jpg 1536w, https:\/\/www.olitravadell.com\/wp-content\/uploads\/2022\/11\/historia-oli-travadell-600x490.jpg 600w\" sizes=\"(max-width: 1800px) 100vw, 1800px\" \/>\t\t\t\t\t\t\t\t\t\t\t\t\t\t\t<\/div>\n\t\t\t\t<\/div>\n\t\t\t\t\t<\/div>\n\t\t<\/div>\n\t\t\t\t\t\t\t<\/div>\n\t\t<\/section>\n\t\t\t\t<section class=\"elementor-section elementor-top-section elementor-element elementor-element-81afe3e elementor-section-boxed elementor-section-height-default elementor-section-height-default\" data-id=\"81afe3e\" data-element_type=\"section\">\n\t\t\t\t\t\t<div class=\"elementor-container elementor-column-gap-default\">\n\t\t\t\t\t<div class=\"elementor-column elementor-col-100 elementor-top-column elementor-element elementor-element-58c0ba9\" data-id=\"58c0ba9\" data-element_type=\"column\">\n\t\t\t<div class=\"elementor-widget-wrap elementor-element-populated\">\n\t\t\t\t\t\t\t\t<div class=\"elementor-element elementor-element-4eda905 acf-page-content elementor-widget elementor-widget-text-editor\" data-id=\"4eda905\" data-element_type=\"widget\" data-widget_type=\"text-editor.default\">\n\t\t\t\t<div class=\"elementor-widget-container\">\n\t\t\t\t\t\t\t<p>En aquells dies, Juan Ferrando Olcina, \u2018Juanet\u2019, obria la primera alm\u00e0ssera en aquesta localitat alacantina. Aix\u00ed naixien els olis de l\u2019Alm\u00e0ssera de Millena, que m\u00e9s endavant donaria lloc a la marca Travadell.<br \/>\nEn els anys 60 es construeix una altra alm\u00e0ssera de majors dimensions, davall de la casa familiar.<\/p>\n<p>A Juanet li agradava pelear amb les olives i amb l&#8217;oli, amb els quals va passar gran part de la seua vida. En companyia de Otilia, la seua esposa i mare de quatre fills.<br \/>\nDos d&#8217;ells entren en el negoci en la d\u00e8cada dels 80, primer Juanvi, el germ\u00e0 major i, m\u00e9s tard, tamb\u00e9 Josep Miquel. Hui ja hi ha una tercera generaci\u00f3 de la fam\u00edlia Ferrando al costat d&#8217;ells.<\/p>\n<p>L&#8217;alm\u00e0ssera modernitza les seues instal\u00b7lacions l&#8217;any 2000, ampliant la seua producci\u00f3 amb l\u2019Oli d&#8217;Oliva Verge Extra Ecol\u00f2gic i la creaci\u00f3 de la marca ECOTRAVADELL.<\/p>\n<p>L&#8217;any 2018 t\u00e9 lloc la construcci\u00f3 de l&#8217;actual alm\u00e0ssera, ja fora del nucli urb\u00e0 del poble. Unes modernes instal\u00b7lacions que permeten augmentar la producci\u00f3 fins a 3-4 milions de quilos d&#8217;oliva cada campanya.<br \/>\nDes de llavors, s&#8217;ha potenciat el servei de maquiles, fruit del qual l&#8217;agricultor pot obtindre l&#8217;oli de les seues pr\u00f2pies olives i utilitzar-lo \u00fanicament per a autoconsum o amb la seua propia marca.<br \/>\nCada dia m\u00e9s, l&#8217;alm\u00e0ssera fa de paraigua oferint les seues instal\u00b7lacions i el seu suport t\u00e8cnic a xicotets productors que volen elaborar AOVE sota la seua marca propia i comercialitzar ells mateixos el seu producte.<br \/>\nUna agrobotiga inaugurada en 2018 obri les seues portes tot l&#8217;any, oferint els AOVEs de l&#8217;Alm\u00e0ssera de Millena, aix\u00ed com un ampli assortiment de productes km 0 i ecol\u00f2gics seleccionats d&#8217;altres productors de la zona.<\/p>\n<p>Despr\u00e9s de m\u00e9s de 70 anys d&#8217;hist\u00f2ria, Alm\u00e0ssera de Millena continua oferint la seua experi\u00e8ncia per a obtindre AOVE de gran qualitat. Amb la mateixa cura que posava Juanet, el seu fundador, per\u00f2 aplicant la tecnologia en les t\u00e8cniques d&#8217;extracci\u00f3 i els coneixements actuals que donen lloc a un aut\u00e8ntic suc d&#8217;olives, pur sabor i font de salut.<\/p>\n\t\t\t\t\t\t<\/div>\n\t\t\t\t<\/div>\n\t\t\t\t\t<\/div>\n\t\t<\/div>\n\t\t\t\t\t\t\t<\/div>\n\t\t<\/section>\n\t\t\t\t<section class=\"elementor-section elementor-top-section elementor-element elementor-element-124afb5 elementor-section-full_width elementor-reverse-mobile elementor-reverse-tablet elementor-section-height-default elementor-section-height-default\" data-id=\"124afb5\" data-element_type=\"section\" data-settings=\"{&quot;background_background&quot;:&quot;classic&quot;}\">\n\t\t\t\t\t\t<div class=\"elementor-container elementor-column-gap-default\">\n\t\t\t\t\t<div class=\"elementor-column elementor-col-33 elementor-top-column elementor-element elementor-element-5f97718\" data-id=\"5f97718\" data-element_type=\"column\">\n\t\t\t<div class=\"elementor-widget-wrap elementor-element-populated\">\n\t\t\t\t\t\t\t\t<section class=\"elementor-section elementor-inner-section elementor-element elementor-element-a339b3d elementor-section-boxed elementor-section-height-default elementor-section-height-default\" data-id=\"a339b3d\" data-element_type=\"section\">\n\t\t\t\t\t\t<div class=\"elementor-container elementor-column-gap-default\">\n\t\t\t\t\t<div class=\"elementor-column elementor-col-100 elementor-inner-column elementor-element elementor-element-9a74d4c\" data-id=\"9a74d4c\" data-element_type=\"column\">\n\t\t\t<div class=\"elementor-widget-wrap elementor-element-populated\">\n\t\t\t\t\t\t\t\t<div class=\"elementor-element elementor-element-3bff720 elementor-widget elementor-widget-heading\" data-id=\"3bff720\" data-element_type=\"widget\" data-widget_type=\"heading.default\">\n\t\t\t\t<div class=\"elementor-widget-container\">\n\t\t\t<style>\/*! elementor - v3.12.1 - 02-04-2023 *\/\n.elementor-heading-title{padding:0;margin:0;line-height:1}.elementor-widget-heading .elementor-heading-title[class*=elementor-size-]>a{color:inherit;font-size:inherit;line-height:inherit}.elementor-widget-heading .elementor-heading-title.elementor-size-small{font-size:15px}.elementor-widget-heading .elementor-heading-title.elementor-size-medium{font-size:19px}.elementor-widget-heading .elementor-heading-title.elementor-size-large{font-size:29px}.elementor-widget-heading .elementor-heading-title.elementor-size-xl{font-size:39px}.elementor-widget-heading .elementor-heading-title.elementor-size-xxl{font-size:59px}<\/style><h2 class=\"elementor-heading-title elementor-size-default\">Oleoturisme<\/h2>\t\t<\/div>\n\t\t\t\t<\/div>\n\t\t\t\t<div class=\"elementor-element elementor-element-418ff9c elementor-widget elementor-widget-image\" data-id=\"418ff9c\" data-element_type=\"widget\" data-widget_type=\"image.default\">\n\t\t\t\t<div class=\"elementor-widget-container\">\n\t\t\t\t\t\t\t\t\t\t\t\t\t\t\t<img decoding=\"async\" width=\"147\" height=\"10\" src=\"https:\/\/www.olitravadell.com\/wp-content\/uploads\/2022\/02\/deco-green.png\" class=\"attachment-full size-full wp-image-1231\" alt=\"\" loading=\"lazy\" \/>\t\t\t\t\t\t\t\t\t\t\t\t\t\t\t<\/div>\n\t\t\t\t<\/div>\n\t\t\t\t<div class=\"elementor-element elementor-element-1138f4d elementor-widget elementor-widget-text-editor\" data-id=\"1138f4d\" data-element_type=\"widget\" data-widget_type=\"text-editor.default\">\n\t\t\t\t<div class=\"elementor-widget-container\">\n\t\t\t\t\t\t\t<p>No t&#8217;emportar\u00e0s a casa nom\u00e9s el record d&#8217;un tast d&#8217;oli i un passeig, portar\u00e0s amb tu part de la nostra cultura<\/p>\n\t\t\t\t\t\t<\/div>\n\t\t\t\t<\/div>\n\t\t\t\t<div class=\"elementor-element elementor-element-6df0647 elementor-widget elementor-widget-button\" data-id=\"6df0647\" data-element_type=\"widget\" data-widget_type=\"button.default\">\n\t\t\t\t<div class=\"elementor-widget-container\">\n\t\t\t\t\t<div class=\"elementor-button-wrapper\">\n\t\t\t<a href=\"#\" class=\"elementor-button-link elementor-button elementor-size-sm\" role=\"button\">\n\t\t\t\t\t\t<span class=\"elementor-button-content-wrapper\">\n\t\t\t\t\t\t<span class=\"elementor-button-text\">Veure rutes<\/span>\n\t\t<\/span>\n\t\t\t\t\t<\/a>\n\t\t<\/div>\n\t\t\t\t<\/div>\n\t\t\t\t<\/div>\n\t\t\t\t\t<\/div>\n\t\t<\/div>\n\t\t\t\t\t\t\t<\/div>\n\t\t<\/section>\n\t\t\t\t\t<\/div>\n\t\t<\/div>\n\t\t\t\t<div class=\"elementor-column elementor-col-66 elementor-top-column elementor-element elementor-element-b053559\" data-id=\"b053559\" data-element_type=\"column\">\n\t\t\t<div class=\"elementor-widget-wrap elementor-element-populated\">\n\t\t\t\t\t\t\t\t<div class=\"elementor-element elementor-element-f790c85 elementor-widget elementor-widget-video\" data-id=\"f790c85\" data-element_type=\"widget\" data-settings=\"{&quot;video_type&quot;:&quot;hosted&quot;,&quot;show_image_overlay&quot;:&quot;yes&quot;,&quot;image_overlay&quot;:{&quot;url&quot;:&quot;http:\\\/\\\/localhost\\\/wp-content\\\/uploads\\\/2022\\\/01\\\/oleoturismo.jpg&quot;,&quot;id&quot;:1213,&quot;size&quot;:&quot;&quot;,&quot;alt&quot;:&quot;&quot;,&quot;source&quot;:&quot;library&quot;},&quot;controls&quot;:&quot;yes&quot;}\" data-widget_type=\"video.default\">\n\t\t\t\t<div class=\"elementor-widget-container\">\n\t\t\t<style>\/*! elementor - v3.12.1 - 02-04-2023 *\/\n.elementor-widget-video .elementor-widget-container{overflow:hidden;transform:translateZ(0)}.elementor-widget-video .elementor-wrapper iframe,.elementor-widget-video .elementor-wrapper video{height:100%;width:100%;display:flex;border:none;background-color:#000}.elementor-widget-video .elementor-open-inline .elementor-custom-embed-image-overlay{position:absolute;top:0;left:0;width:100%;height:100%;background-size:cover;background-position:50%}.elementor-widget-video .elementor-custom-embed-image-overlay{cursor:pointer;text-align:center}.elementor-widget-video .elementor-custom-embed-image-overlay:hover .elementor-custom-embed-play i{opacity:1}.elementor-widget-video .elementor-custom-embed-image-overlay img{display:block;width:100%}.elementor-widget-video .e-hosted-video .elementor-video{-o-object-fit:cover;object-fit:cover}.e-con-inner>.elementor-widget-video,.e-con>.elementor-widget-video{width:var(--container-widget-width);--flex-grow:var(--container-widget-flex-grow)}<\/style>\t\t<div class=\"e-hosted-video elementor-wrapper elementor-open-inline\">\n\t\t\t\t\t<video class=\"elementor-video\" src=\"http:\/\/localhost\/wp-content\/uploads\/2022\/01\/AdobeStock_304630569_Video_HD_Preview.mov\" controls=\"\" preload=\"metadata\" controlsList=\"nodownload\"><\/video>\n\t\t\t\t\t\t<div class=\"elementor-custom-embed-image-overlay\" style=\"background-image: url(https:\/\/www.olitravadell.com\/wp-content\/uploads\/2022\/01\/oleoturismo.jpg);\">\n\t\t\t\t\t\t\t\t\t\t\t\t\t\t\t\t<div class=\"elementor-custom-embed-play\" role=\"button\" aria-label=\"Reprodueix v\u00eddeo\" tabindex=\"0\">\n\t\t\t\t\t\t\t<i aria-hidden=\"true\" class=\"eicon-play\"><\/i>\t\t\t\t\t\t\t<span class=\"elementor-screen-only\">Reprodueix v\u00eddeo<\/span>\n\t\t\t\t\t\t<\/div>\n\t\t\t\t\t\t\t\t\t<\/div>\n\t\t\t\t\t<\/div>\n\t\t\t\t<\/div>\n\t\t\t\t<\/div>\n\t\t\t\t\t<\/div>\n\t\t<\/div>\n\t\t\t\t\t\t\t<\/div>\n\t\t<\/section>\n\t\t\t\t\t\t\t<\/div>\n\t\t","protected":false},"excerpt":{"rendered":"<p>L&#8217;Alm\u00e0ssera de Millena \u00e9s la hist\u00f2ria de tres generacions de la fam\u00edlia Ferrando, dedicades a l&#8217;elaboraci\u00f3 del suc de l\u2019oliva des de 1950, en la xicoteta localitat de Millena, a la Vall de Travadell, en plena Muntanya d&#8217;Alacant. Oleoturisme No t&#8217;emportar\u00e0s a casa nom\u00e9s el record d&#8217;un tast d&#8217;oli i un passeig, portar\u00e0s amb tu [&hellip;]<\/p>\n","protected":false},"author":1,"featured_media":1361,"parent":0,"menu_order":0,"comment_status":"closed","ping_status":"closed","template":"","meta":[],"acf":[],"yoast_head":"<!-- This site is optimized with the Yoast SEO plugin v20.4 - https:\/\/yoast.com\/wordpress\/plugins\/seo\/ -->\n<title>Hist\u00f2ria - Oli Travadell<\/title>\n<meta name=\"robots\" content=\"index, follow, max-snippet:-1, max-image-preview:large, max-video-preview:-1\" \/>\n<link rel=\"canonical\" href=\"https:\/\/www.olitravadell.com\/ca\/historia\/\" \/>\n<meta property=\"og:locale\" content=\"ca_ES\" \/>\n<meta property=\"og:type\" content=\"article\" \/>\n<meta property=\"og:title\" content=\"Hist\u00f2ria - Oli Travadell\" \/>\n<meta property=\"og:description\" content=\"L&#8217;Alm\u00e0ssera de Millena \u00e9s la hist\u00f2ria de tres generacions de la fam\u00edlia Ferrando, dedicades a l&#8217;elaboraci\u00f3 del suc de l\u2019oliva des de 1950, en la xicoteta localitat de Millena, a la Vall de Travadell, en plena Muntanya d&#8217;Alacant. Oleoturisme No t&#8217;emportar\u00e0s a casa nom\u00e9s el record d&#8217;un tast d&#8217;oli i un passeig, portar\u00e0s amb tu [&hellip;]\" \/>\n<meta property=\"og:url\" content=\"https:\/\/www.olitravadell.com\/ca\/historia\/\" \/>\n<meta property=\"og:site_name\" content=\"Oli Travadell\" \/>\n<meta property=\"article:modified_time\" content=\"2022-11-02T14:06:37+00:00\" \/>\n<meta property=\"og:image\" content=\"https:\/\/www.olitravadell.com\/wp-content\/uploads\/2022\/11\/historia-oli-travadell.jpg\" \/>\n\t<meta property=\"og:image:width\" content=\"1800\" \/>\n\t<meta property=\"og:image:height\" content=\"1471\" \/>\n\t<meta property=\"og:image:type\" content=\"image\/jpeg\" \/>\n<meta name=\"twitter:card\" content=\"summary_large_image\" \/>\n<script type=\"application\/ld+json\" class=\"yoast-schema-graph\">{\"@context\":\"https:\/\/schema.org\",\"@graph\":[{\"@type\":\"WebPage\",\"@id\":\"https:\/\/www.olitravadell.com\/ca\/historia\/\",\"url\":\"https:\/\/www.olitravadell.com\/ca\/historia\/\",\"name\":\"Hist\u00f2ria - Oli Travadell\",\"isPartOf\":{\"@id\":\"https:\/\/www.olitravadell.com\/es\/#website\"},\"datePublished\":\"2022-02-07T16:23:16+00:00\",\"dateModified\":\"2022-11-02T14:06:37+00:00\",\"breadcrumb\":{\"@id\":\"https:\/\/www.olitravadell.com\/ca\/historia\/#breadcrumb\"},\"inLanguage\":\"ca\",\"potentialAction\":[{\"@type\":\"ReadAction\",\"target\":[\"https:\/\/www.olitravadell.com\/ca\/historia\/\"]}]},{\"@type\":\"BreadcrumbList\",\"@id\":\"https:\/\/www.olitravadell.com\/ca\/historia\/#breadcrumb\",\"itemListElement\":[{\"@type\":\"ListItem\",\"position\":1,\"name\":\"Inicio\",\"item\":\"https:\/\/www.olitravadell.com\/ca\/\"},{\"@type\":\"ListItem\",\"position\":2,\"name\":\"Hist\u00f2ria\"}]},{\"@type\":\"WebSite\",\"@id\":\"https:\/\/www.olitravadell.com\/es\/#website\",\"url\":\"https:\/\/www.olitravadell.com\/es\/\",\"name\":\"Oli Travadell\",\"description\":\"Otro sitio realizado con WordPress\",\"publisher\":{\"@id\":\"https:\/\/www.olitravadell.com\/es\/#organization\"},\"potentialAction\":[{\"@type\":\"SearchAction\",\"target\":{\"@type\":\"EntryPoint\",\"urlTemplate\":\"https:\/\/www.olitravadell.com\/es\/?s={search_term_string}\"},\"query-input\":\"required name=search_term_string\"}],\"inLanguage\":\"ca\"},{\"@type\":\"Organization\",\"@id\":\"https:\/\/www.olitravadell.com\/es\/#organization\",\"name\":\"Oli Travadell\",\"url\":\"https:\/\/www.olitravadell.com\/es\/\",\"logo\":{\"@type\":\"ImageObject\",\"inLanguage\":\"ca\",\"@id\":\"https:\/\/www.olitravadell.com\/es\/#\/schema\/logo\/image\/\",\"url\":\"https:\/\/www.olitravadell.com\/wp-content\/uploads\/2021\/11\/logo-almassera.svg\",\"contentUrl\":\"https:\/\/www.olitravadell.com\/wp-content\/uploads\/2021\/11\/logo-almassera.svg\",\"width\":307,\"height\":85,\"caption\":\"Oli Travadell\"},\"image\":{\"@id\":\"https:\/\/www.olitravadell.com\/es\/#\/schema\/logo\/image\/\"}}]}<\/script>\n<!-- \/ Yoast SEO plugin. -->","yoast_head_json":{"title":"Hist\u00f2ria - Oli Travadell","robots":{"index":"index","follow":"follow","max-snippet":"max-snippet:-1","max-image-preview":"max-image-preview:large","max-video-preview":"max-video-preview:-1"},"canonical":"https:\/\/www.olitravadell.com\/ca\/historia\/","og_locale":"ca_ES","og_type":"article","og_title":"Hist\u00f2ria - Oli Travadell","og_description":"L&#8217;Alm\u00e0ssera de Millena \u00e9s la hist\u00f2ria de tres generacions de la fam\u00edlia Ferrando, dedicades a l&#8217;elaboraci\u00f3 del suc de l\u2019oliva des de 1950, en la xicoteta localitat de Millena, a la Vall de Travadell, en plena Muntanya d&#8217;Alacant. Oleoturisme No t&#8217;emportar\u00e0s a casa nom\u00e9s el record d&#8217;un tast d&#8217;oli i un passeig, portar\u00e0s amb tu [&hellip;]","og_url":"https:\/\/www.olitravadell.com\/ca\/historia\/","og_site_name":"Oli Travadell","article_modified_time":"2022-11-02T14:06:37+00:00","og_image":[{"width":1800,"height":1471,"url":"https:\/\/www.olitravadell.com\/wp-content\/uploads\/2022\/11\/historia-oli-travadell.jpg","type":"image\/jpeg"}],"twitter_card":"summary_large_image","schema":{"@context":"https:\/\/schema.org","@graph":[{"@type":"WebPage","@id":"https:\/\/www.olitravadell.com\/ca\/historia\/","url":"https:\/\/www.olitravadell.com\/ca\/historia\/","name":"Hist\u00f2ria - Oli Travadell","isPartOf":{"@id":"https:\/\/www.olitravadell.com\/es\/#website"},"datePublished":"2022-02-07T16:23:16+00:00","dateModified":"2022-11-02T14:06:37+00:00","breadcrumb":{"@id":"https:\/\/www.olitravadell.com\/ca\/historia\/#breadcrumb"},"inLanguage":"ca","potentialAction":[{"@type":"ReadAction","target":["https:\/\/www.olitravadell.com\/ca\/historia\/"]}]},{"@type":"BreadcrumbList","@id":"https:\/\/www.olitravadell.com\/ca\/historia\/#breadcrumb","itemListElement":[{"@type":"ListItem","position":1,"name":"Inicio","item":"https:\/\/www.olitravadell.com\/ca\/"},{"@type":"ListItem","position":2,"name":"Hist\u00f2ria"}]},{"@type":"WebSite","@id":"https:\/\/www.olitravadell.com\/es\/#website","url":"https:\/\/www.olitravadell.com\/es\/","name":"Oli Travadell","description":"Otro sitio realizado con WordPress","publisher":{"@id":"https:\/\/www.olitravadell.com\/es\/#organization"},"potentialAction":[{"@type":"SearchAction","target":{"@type":"EntryPoint","urlTemplate":"https:\/\/www.olitravadell.com\/es\/?s={search_term_string}"},"query-input":"required name=search_term_string"}],"inLanguage":"ca"},{"@type":"Organization","@id":"https:\/\/www.olitravadell.com\/es\/#organization","name":"Oli Travadell","url":"https:\/\/www.olitravadell.com\/es\/","logo":{"@type":"ImageObject","inLanguage":"ca","@id":"https:\/\/www.olitravadell.com\/es\/#\/schema\/logo\/image\/","url":"https:\/\/www.olitravadell.com\/wp-content\/uploads\/2021\/11\/logo-almassera.svg","contentUrl":"https:\/\/www.olitravadell.com\/wp-content\/uploads\/2021\/11\/logo-almassera.svg","width":307,"height":85,"caption":"Oli Travadell"},"image":{"@id":"https:\/\/www.olitravadell.com\/es\/#\/schema\/logo\/image\/"}}]}},"_links":{"self":[{"href":"https:\/\/www.olitravadell.com\/ca\/wp-json\/wp\/v2\/pages\/1281"}],"collection":[{"href":"https:\/\/www.olitravadell.com\/ca\/wp-json\/wp\/v2\/pages"}],"about":[{"href":"https:\/\/www.olitravadell.com\/ca\/wp-json\/wp\/v2\/types\/page"}],"author":[{"embeddable":true,"href":"https:\/\/www.olitravadell.com\/ca\/wp-json\/wp\/v2\/users\/1"}],"replies":[{"embeddable":true,"href":"https:\/\/www.olitravadell.com\/ca\/wp-json\/wp\/v2\/comments?post=1281"}],"version-history":[{"count":1,"href":"https:\/\/www.olitravadell.com\/ca\/wp-json\/wp\/v2\/pages\/1281\/revisions"}],"predecessor-version":[{"id":1282,"href":"https:\/\/www.olitravadell.com\/ca\/wp-json\/wp\/v2\/pages\/1281\/revisions\/1282"}],"wp:featuredmedia":[{"embeddable":true,"href":"https:\/\/www.olitravadell.com\/ca\/wp-json\/wp\/v2\/media\/1361"}],"wp:attachment":[{"href":"https:\/\/www.olitravadell.com\/ca\/wp-json\/wp\/v2\/media?parent=1281"}],"curies":[{"name":"wp","href":"https:\/\/api.w.org\/{rel}","templated":true}]}}