{"id":1291,"date":"2022-11-02T10:18:22","date_gmt":"2022-11-02T09:18:22","guid":{"rendered":"https:\/\/www.olitravadell.com\/aove-territori-i-dieta-mediterrania\/"},"modified":"2022-11-02T15:11:10","modified_gmt":"2022-11-02T14:11:10","slug":"aove-territori-i-dieta-mediterrania","status":"publish","type":"page","link":"https:\/\/www.olitravadell.com\/ca\/aove-territori-i-dieta-mediterrania\/","title":{"rendered":"AOVE, territori i dieta mediterr\u00e0nia"},"content":{"rendered":"\t\t<div data-elementor-type=\"wp-page\" data-elementor-id=\"1291\" class=\"elementor elementor-1291 elementor-1179\">\n\t\t\t\t\t\t\t\t\t<section class=\"elementor-section elementor-top-section elementor-element elementor-element-6051cd3f elementor-section-boxed elementor-section-height-default elementor-section-height-default\" data-id=\"6051cd3f\" data-element_type=\"section\">\n\t\t\t\t\t\t<div class=\"elementor-container elementor-column-gap-default\">\n\t\t\t\t\t<div class=\"elementor-column elementor-col-100 elementor-top-column elementor-element elementor-element-5b6acc96\" data-id=\"5b6acc96\" data-element_type=\"column\">\n\t\t\t<div class=\"elementor-widget-wrap elementor-element-populated\">\n\t\t\t\t\t\t\t\t<div class=\"elementor-element elementor-element-42a00d55 elementor-align-center elementor-mobile-align-left elementor-widget elementor-widget-breadcrumbs\" data-id=\"42a00d55\" data-element_type=\"widget\" data-widget_type=\"breadcrumbs.default\">\n\t\t\t\t<div class=\"elementor-widget-container\">\n\t\t\t<link rel=\"stylesheet\" href=\"https:\/\/www.olitravadell.com\/wp-content\/plugins\/elementor-pro\/assets\/css\/widget-theme-elements.min.css\"><p id=\"breadcrumbs\"><span><span><a href=\"https:\/\/www.olitravadell.com\/ca\/\">Inicio<\/a><\/span><\/span><\/p>\t\t<\/div>\n\t\t\t\t<\/div>\n\t\t\t\t<section class=\"elementor-section elementor-inner-section elementor-element elementor-element-42352c83 elementor-section-boxed elementor-section-height-default elementor-section-height-default\" data-id=\"42352c83\" data-element_type=\"section\">\n\t\t\t\t\t\t<div class=\"elementor-container elementor-column-gap-default\">\n\t\t\t\t\t<div class=\"elementor-column elementor-col-100 elementor-inner-column elementor-element elementor-element-624a0bf4\" data-id=\"624a0bf4\" data-element_type=\"column\">\n\t\t\t<div class=\"elementor-widget-wrap elementor-element-populated\">\n\t\t\t\t\t\t\t\t<div class=\"elementor-element elementor-element-3b78c619 elementor-widget elementor-widget-text-editor\" data-id=\"3b78c619\" data-element_type=\"widget\" data-widget_type=\"text-editor.default\">\n\t\t\t\t<div class=\"elementor-widget-container\">\n\t\t\t<style>\/*! elementor - v3.12.1 - 02-04-2023 *\/\n.elementor-widget-text-editor.elementor-drop-cap-view-stacked .elementor-drop-cap{background-color:#69727d;color:#fff}.elementor-widget-text-editor.elementor-drop-cap-view-framed .elementor-drop-cap{color:#69727d;border:3px solid;background-color:transparent}.elementor-widget-text-editor:not(.elementor-drop-cap-view-default) .elementor-drop-cap{margin-top:8px}.elementor-widget-text-editor:not(.elementor-drop-cap-view-default) .elementor-drop-cap-letter{width:1em;height:1em}.elementor-widget-text-editor .elementor-drop-cap{float:left;text-align:center;line-height:1;font-size:50px}.elementor-widget-text-editor .elementor-drop-cap-letter{display:inline-block}<\/style>\t\t\t\t<p>L&#8217;olivera \u00e9s el cultiu m\u00e9s arrelat en els paisatges de les nostres comarques de l&#8217;interior de la Muntanya d&#8217;Alacant.<\/p>\n\t\t\t\t\t\t<\/div>\n\t\t\t\t<\/div>\n\t\t\t\t\t<\/div>\n\t\t<\/div>\n\t\t\t\t\t\t\t<\/div>\n\t\t<\/section>\n\t\t\t\t\t<\/div>\n\t\t<\/div>\n\t\t\t\t\t\t\t<\/div>\n\t\t<\/section>\n\t\t\t\t<section class=\"elementor-section elementor-top-section elementor-element elementor-element-3eafaa34 elementor-section-boxed elementor-section-height-default elementor-section-height-default\" data-id=\"3eafaa34\" data-element_type=\"section\">\n\t\t\t\t\t\t<div class=\"elementor-container elementor-column-gap-default\">\n\t\t\t\t\t<div class=\"elementor-column elementor-col-100 elementor-top-column elementor-element elementor-element-10191d15\" data-id=\"10191d15\" data-element_type=\"column\">\n\t\t\t<div class=\"elementor-widget-wrap elementor-element-populated\">\n\t\t\t\t\t\t\t\t<div class=\"elementor-element elementor-element-101f9021 courses-featured-picture elementor-widget elementor-widget-theme-post-featured-image elementor-widget-image\" data-id=\"101f9021\" data-element_type=\"widget\" data-widget_type=\"theme-post-featured-image.default\">\n\t\t\t\t<div class=\"elementor-widget-container\">\n\t\t\t<style>\/*! elementor - v3.12.1 - 02-04-2023 *\/\n.elementor-widget-image{text-align:center}.elementor-widget-image a{display:inline-block}.elementor-widget-image a img[src$=\".svg\"]{width:48px}.elementor-widget-image img{vertical-align:middle;display:inline-block}<\/style>\t\t\t\t\t\t\t\t\t\t\t\t<img decoding=\"async\" width=\"1920\" height=\"600\" src=\"https:\/\/www.olitravadell.com\/wp-content\/uploads\/2022\/11\/AOVE-Territori-i-DM-oli-travadell.jpg\" class=\"attachment-full size-full wp-image-1401\" alt=\"\" loading=\"lazy\" srcset=\"https:\/\/www.olitravadell.com\/wp-content\/uploads\/2022\/11\/AOVE-Territori-i-DM-oli-travadell.jpg 1920w, https:\/\/www.olitravadell.com\/wp-content\/uploads\/2022\/11\/AOVE-Territori-i-DM-oli-travadell-300x94.jpg 300w, https:\/\/www.olitravadell.com\/wp-content\/uploads\/2022\/11\/AOVE-Territori-i-DM-oli-travadell-1024x320.jpg 1024w, https:\/\/www.olitravadell.com\/wp-content\/uploads\/2022\/11\/AOVE-Territori-i-DM-oli-travadell-768x240.jpg 768w, https:\/\/www.olitravadell.com\/wp-content\/uploads\/2022\/11\/AOVE-Territori-i-DM-oli-travadell-1536x480.jpg 1536w, https:\/\/www.olitravadell.com\/wp-content\/uploads\/2022\/11\/AOVE-Territori-i-DM-oli-travadell-600x188.jpg 600w\" sizes=\"(max-width: 1920px) 100vw, 1920px\" \/>\t\t\t\t\t\t\t\t\t\t\t\t\t\t\t<\/div>\n\t\t\t\t<\/div>\n\t\t\t\t\t<\/div>\n\t\t<\/div>\n\t\t\t\t\t\t\t<\/div>\n\t\t<\/section>\n\t\t\t\t<section class=\"elementor-section elementor-top-section elementor-element elementor-element-55d0d4e6 elementor-section-boxed elementor-section-height-default elementor-section-height-default\" data-id=\"55d0d4e6\" data-element_type=\"section\">\n\t\t\t\t\t\t<div class=\"elementor-container elementor-column-gap-default\">\n\t\t\t\t\t<div class=\"elementor-column elementor-col-100 elementor-top-column elementor-element elementor-element-3551771a\" data-id=\"3551771a\" data-element_type=\"column\">\n\t\t\t<div class=\"elementor-widget-wrap elementor-element-populated\">\n\t\t\t\t\t\t\t\t<div class=\"elementor-element elementor-element-664a3455 acf-page-content elementor-widget elementor-widget-text-editor\" data-id=\"664a3455\" data-element_type=\"widget\" data-widget_type=\"text-editor.default\">\n\t\t\t\t<div class=\"elementor-widget-container\">\n\t\t\t\t\t\t\t<p>Aquest arbre mil\u00b7lenari ha sigut present en tots els esdeveniments de la nostra hist\u00f2ria, testimoni dels diferents pobles que s&#8217;han assentat en aquestes terres llevantines. Podem dir, amb total seguretat, que l&#8217;olivera ha sigut i continua sent una pe\u00e7a clau en l&#8217;economia agr\u00edcola tant de l\u2019Alcoia i Comtat com de les comarques pr\u00f2ximes.<\/p>\n<p>En l&#8217;actualitat, Alm\u00e0ssera de Millena \u2013com fan un bon nombre d&#8217;agricultors\u2013 continua treballant les terres dels nostres avantpassats. I continua elaborant els seus AOVEs i el d&#8217;eixos agricultors amb els quals treballa any rere any.<br \/>\nPoder dur a terme aquesta activitat \u2013i fer-ho en aquest entorn tan especial\u2013 \u00e9s un aut\u00e8ntic privilegi. Per al client, tamb\u00e9 ha de ser un privilegi saber que, en comprar aquests olis, est\u00e0 contribuint al fet que xicotets pobles de les comarques interiors alacantines continuen vius.<\/p>\n<p>I, qu\u00e8 podem dir de l&#8217;Oli d&#8217;Oliva Verge Extra, el cada dia m\u00e9s admirat AOVE! L&#8217;oli d&#8217;oliva, al costat del vi, s\u00f3n senyals d&#8217;identitat de la cultura mediterr\u00e0nia i les comarques centrals del Pa\u00eds Valenci\u00e0 no s\u00f3n una excepci\u00f3.<br \/>\nEl AOVE formava part de la nostra alimentaci\u00f3 ja en temps de romans, grecs o fenicis. Un suc pur d&#8217;olives, considerat hui dia l&#8217;aut\u00e8ntic or l\u00edquid, joia de la nostra cuina i una de les bases de la dieta mediterr\u00e0nia. Aquesta dieta inclou un consum equilibrat i continuat d&#8217;altres aliments com a verdures, fruites, llegums, cereals, fruita seca i, com no, el AOVE.<\/p>\n<p>Molts dels actuals AOVEs de les comarques de l&#8217;interior d&#8217;Alacant, procedents d&#8217;olivars de muntanya, s\u00f3n olis de collita primerenca, de baixa acidesa i un alt contingut en \u00e0cid oleic i polifenols. Aquestes subst\u00e0ncies ofereixen grans beneficis per a la salut, gr\u00e0cies a les seues propietats antioxidants i antiinflamat\u00f2ries. Existeixen estudis que avalen el seu important paper per a previndre malalties cardiovasculars i fins i tot l&#8217;Alzheimer. Tamb\u00e9 es destaquen propietats antitumorals del AOVE i molt m\u00e9s.<\/p>\n<p>\u201cQue la teua medicina siga el teu aliment i l&#8217;aliment la teua medicina\u201d, deia el metge grec Hip\u00f3crates en el segle V a. C. Molts experts consideren a l&#8217;Oli Verge Extra un \u2018super aliment\u2019, imprescindible en una dieta sana i equilibrada.<br \/>\nEl AOVE pot consumir-se en cru, per a amanides i altres variats plats. Per\u00f2 tamb\u00e9 per a cuinar qualsevol recepta, ja que \u00e9s una dels greixos que millor resisteix les altes temperatures, mantenint la major part de propietats.<br \/>\nS\u00f3n destacables les bondats del sofregit, tan popular en la dieta mediterr\u00e0nia, a base d&#8217;all, ceba, tomaca i, com no, oli verge extra. El costum de cuinar-ho a foc lent no \u00e9s casual, aquesta cocci\u00f3 permet que els vegetals i el propi AOVE alliberen carotenoides i polifenols, resultant m\u00e9s accessibles al nostre organisme.<\/p>\n\t\t\t\t\t\t<\/div>\n\t\t\t\t<\/div>\n\t\t\t\t\t<\/div>\n\t\t<\/div>\n\t\t\t\t\t\t\t<\/div>\n\t\t<\/section>\n\t\t\t\t<section class=\"elementor-section elementor-top-section elementor-element elementor-element-43be76da elementor-section-full_width elementor-reverse-mobile elementor-reverse-tablet elementor-section-height-default elementor-section-height-default\" data-id=\"43be76da\" data-element_type=\"section\" data-settings=\"{&quot;background_background&quot;:&quot;classic&quot;}\">\n\t\t\t\t\t\t<div class=\"elementor-container elementor-column-gap-default\">\n\t\t\t\t\t<div class=\"elementor-column elementor-col-33 elementor-top-column elementor-element elementor-element-16945ef6\" data-id=\"16945ef6\" data-element_type=\"column\">\n\t\t\t<div class=\"elementor-widget-wrap elementor-element-populated\">\n\t\t\t\t\t\t\t\t<section class=\"elementor-section elementor-inner-section elementor-element elementor-element-3af1ed17 elementor-section-boxed elementor-section-height-default elementor-section-height-default\" data-id=\"3af1ed17\" data-element_type=\"section\">\n\t\t\t\t\t\t<div class=\"elementor-container elementor-column-gap-default\">\n\t\t\t\t\t<div class=\"elementor-column elementor-col-100 elementor-inner-column elementor-element elementor-element-1cccbd35\" data-id=\"1cccbd35\" data-element_type=\"column\">\n\t\t\t<div class=\"elementor-widget-wrap elementor-element-populated\">\n\t\t\t\t\t\t\t\t<div class=\"elementor-element elementor-element-3863a4f1 elementor-widget elementor-widget-heading\" data-id=\"3863a4f1\" data-element_type=\"widget\" data-widget_type=\"heading.default\">\n\t\t\t\t<div class=\"elementor-widget-container\">\n\t\t\t<style>\/*! elementor - v3.12.1 - 02-04-2023 *\/\n.elementor-heading-title{padding:0;margin:0;line-height:1}.elementor-widget-heading .elementor-heading-title[class*=elementor-size-]>a{color:inherit;font-size:inherit;line-height:inherit}.elementor-widget-heading .elementor-heading-title.elementor-size-small{font-size:15px}.elementor-widget-heading .elementor-heading-title.elementor-size-medium{font-size:19px}.elementor-widget-heading .elementor-heading-title.elementor-size-large{font-size:29px}.elementor-widget-heading .elementor-heading-title.elementor-size-xl{font-size:39px}.elementor-widget-heading .elementor-heading-title.elementor-size-xxl{font-size:59px}<\/style><h2 class=\"elementor-heading-title elementor-size-default\">Oleoturisme<\/h2>\t\t<\/div>\n\t\t\t\t<\/div>\n\t\t\t\t<div class=\"elementor-element elementor-element-380bbf31 elementor-widget elementor-widget-image\" data-id=\"380bbf31\" data-element_type=\"widget\" data-widget_type=\"image.default\">\n\t\t\t\t<div class=\"elementor-widget-container\">\n\t\t\t\t\t\t\t\t\t\t\t\t\t\t\t<img decoding=\"async\" width=\"147\" height=\"10\" src=\"https:\/\/www.olitravadell.com\/wp-content\/uploads\/2022\/02\/deco-green.png\" class=\"attachment-full size-full wp-image-1231\" alt=\"\" loading=\"lazy\" \/>\t\t\t\t\t\t\t\t\t\t\t\t\t\t\t<\/div>\n\t\t\t\t<\/div>\n\t\t\t\t<div class=\"elementor-element elementor-element-20c887eb elementor-widget elementor-widget-text-editor\" data-id=\"20c887eb\" data-element_type=\"widget\" data-widget_type=\"text-editor.default\">\n\t\t\t\t<div class=\"elementor-widget-container\">\n\t\t\t\t\t\t\t<p>Lorem ipsum dolor sit amet, consetetur sadipscing elitr, sed diam nonumy eirmod tempor invidunt ut<\/p>\n\t\t\t\t\t\t<\/div>\n\t\t\t\t<\/div>\n\t\t\t\t<div class=\"elementor-element elementor-element-76f9a7db elementor-widget elementor-widget-button\" data-id=\"76f9a7db\" data-element_type=\"widget\" data-widget_type=\"button.default\">\n\t\t\t\t<div class=\"elementor-widget-container\">\n\t\t\t\t\t<div class=\"elementor-button-wrapper\">\n\t\t\t<a href=\"#\" class=\"elementor-button-link elementor-button elementor-size-sm\" role=\"button\">\n\t\t\t\t\t\t<span class=\"elementor-button-content-wrapper\">\n\t\t\t\t\t\t<span class=\"elementor-button-text\">Veure rutes<\/span>\n\t\t<\/span>\n\t\t\t\t\t<\/a>\n\t\t<\/div>\n\t\t\t\t<\/div>\n\t\t\t\t<\/div>\n\t\t\t\t\t<\/div>\n\t\t<\/div>\n\t\t\t\t\t\t\t<\/div>\n\t\t<\/section>\n\t\t\t\t\t<\/div>\n\t\t<\/div>\n\t\t\t\t<div class=\"elementor-column elementor-col-66 elementor-top-column elementor-element elementor-element-1b04730f\" data-id=\"1b04730f\" data-element_type=\"column\">\n\t\t\t<div class=\"elementor-widget-wrap elementor-element-populated\">\n\t\t\t\t\t\t\t\t<div class=\"elementor-element elementor-element-6c65dcc1 elementor-widget elementor-widget-video\" data-id=\"6c65dcc1\" data-element_type=\"widget\" data-settings=\"{&quot;video_type&quot;:&quot;hosted&quot;,&quot;show_image_overlay&quot;:&quot;yes&quot;,&quot;image_overlay&quot;:{&quot;url&quot;:&quot;http:\\\/\\\/localhost\\\/wp-content\\\/uploads\\\/2022\\\/01\\\/oleoturismo.jpg&quot;,&quot;id&quot;:1213,&quot;size&quot;:&quot;&quot;,&quot;alt&quot;:&quot;&quot;,&quot;source&quot;:&quot;library&quot;},&quot;controls&quot;:&quot;yes&quot;}\" data-widget_type=\"video.default\">\n\t\t\t\t<div class=\"elementor-widget-container\">\n\t\t\t<style>\/*! elementor - v3.12.1 - 02-04-2023 *\/\n.elementor-widget-video .elementor-widget-container{overflow:hidden;transform:translateZ(0)}.elementor-widget-video .elementor-wrapper iframe,.elementor-widget-video .elementor-wrapper video{height:100%;width:100%;display:flex;border:none;background-color:#000}.elementor-widget-video .elementor-open-inline .elementor-custom-embed-image-overlay{position:absolute;top:0;left:0;width:100%;height:100%;background-size:cover;background-position:50%}.elementor-widget-video .elementor-custom-embed-image-overlay{cursor:pointer;text-align:center}.elementor-widget-video .elementor-custom-embed-image-overlay:hover .elementor-custom-embed-play i{opacity:1}.elementor-widget-video .elementor-custom-embed-image-overlay img{display:block;width:100%}.elementor-widget-video .e-hosted-video .elementor-video{-o-object-fit:cover;object-fit:cover}.e-con-inner>.elementor-widget-video,.e-con>.elementor-widget-video{width:var(--container-widget-width);--flex-grow:var(--container-widget-flex-grow)}<\/style>\t\t<div class=\"e-hosted-video elementor-wrapper elementor-open-inline\">\n\t\t\t\t\t<video class=\"elementor-video\" src=\"http:\/\/localhost\/wp-content\/uploads\/2022\/01\/AdobeStock_304630569_Video_HD_Preview.mov\" controls=\"\" preload=\"metadata\" controlsList=\"nodownload\"><\/video>\n\t\t\t\t\t\t<div class=\"elementor-custom-embed-image-overlay\" style=\"background-image: url(https:\/\/www.olitravadell.com\/wp-content\/uploads\/2022\/01\/oleoturismo.jpg);\">\n\t\t\t\t\t\t\t\t\t\t\t\t\t\t\t\t<div class=\"elementor-custom-embed-play\" role=\"button\" aria-label=\"Reprodueix v\u00eddeo\" tabindex=\"0\">\n\t\t\t\t\t\t\t<i aria-hidden=\"true\" class=\"eicon-play\"><\/i>\t\t\t\t\t\t\t<span class=\"elementor-screen-only\">Reprodueix v\u00eddeo<\/span>\n\t\t\t\t\t\t<\/div>\n\t\t\t\t\t\t\t\t\t<\/div>\n\t\t\t\t\t<\/div>\n\t\t\t\t<\/div>\n\t\t\t\t<\/div>\n\t\t\t\t\t<\/div>\n\t\t<\/div>\n\t\t\t\t\t\t\t<\/div>\n\t\t<\/section>\n\t\t\t\t\t\t\t<\/div>\n\t\t","protected":false},"excerpt":{"rendered":"<p>L&#8217;olivera \u00e9s el cultiu m\u00e9s arrelat en els paisatges de les nostres comarques de l&#8217;interior de la Muntanya d&#8217;Alacant. Oleoturisme Lorem ipsum dolor sit amet, consetetur sadipscing elitr, sed diam nonumy eirmod tempor invidunt ut Veure rutes http:\/\/localhost\/wp-content\/uploads\/2022\/01\/AdobeStock_304630569_Video_HD_Preview.mov<\/p>\n","protected":false},"author":1,"featured_media":1401,"parent":0,"menu_order":0,"comment_status":"closed","ping_status":"closed","template":"","meta":[],"acf":[],"yoast_head":"<!-- This site is optimized with the Yoast SEO plugin v20.4 - https:\/\/yoast.com\/wordpress\/plugins\/seo\/ -->\n<title>AOVE, territori i dieta mediterr\u00e0nia - Oli Travadell<\/title>\n<meta name=\"robots\" content=\"index, follow, max-snippet:-1, max-image-preview:large, max-video-preview:-1\" \/>\n<link rel=\"canonical\" href=\"https:\/\/www.olitravadell.com\/ca\/aove-territori-i-dieta-mediterrania\/\" \/>\n<meta property=\"og:locale\" content=\"ca_ES\" \/>\n<meta property=\"og:type\" content=\"article\" \/>\n<meta property=\"og:title\" content=\"AOVE, territori i dieta mediterr\u00e0nia - Oli Travadell\" \/>\n<meta property=\"og:description\" content=\"L&#8217;olivera \u00e9s el cultiu m\u00e9s arrelat en els paisatges de les nostres comarques de l&#8217;interior de la Muntanya d&#8217;Alacant. Oleoturisme Lorem ipsum dolor sit amet, consetetur sadipscing elitr, sed diam nonumy eirmod tempor invidunt ut Veure rutes http:\/\/localhost\/wp-content\/uploads\/2022\/01\/AdobeStock_304630569_Video_HD_Preview.mov\" \/>\n<meta property=\"og:url\" content=\"https:\/\/www.olitravadell.com\/ca\/aove-territori-i-dieta-mediterrania\/\" \/>\n<meta property=\"og:site_name\" content=\"Oli Travadell\" \/>\n<meta property=\"article:modified_time\" content=\"2022-11-02T14:11:10+00:00\" \/>\n<meta property=\"og:image\" content=\"https:\/\/www.olitravadell.com\/wp-content\/uploads\/2022\/11\/AOVE-Territori-i-DM-oli-travadell.jpg\" \/>\n\t<meta property=\"og:image:width\" content=\"1920\" \/>\n\t<meta property=\"og:image:height\" content=\"600\" \/>\n\t<meta property=\"og:image:type\" content=\"image\/jpeg\" \/>\n<meta name=\"twitter:card\" content=\"summary_large_image\" \/>\n<script type=\"application\/ld+json\" class=\"yoast-schema-graph\">{\"@context\":\"https:\/\/schema.org\",\"@graph\":[{\"@type\":\"WebPage\",\"@id\":\"https:\/\/www.olitravadell.com\/ca\/aove-territori-i-dieta-mediterrania\/\",\"url\":\"https:\/\/www.olitravadell.com\/ca\/aove-territori-i-dieta-mediterrania\/\",\"name\":\"AOVE, territori i dieta mediterr\u00e0nia - Oli Travadell\",\"isPartOf\":{\"@id\":\"https:\/\/www.olitravadell.com\/es\/#website\"},\"datePublished\":\"2022-11-02T09:18:22+00:00\",\"dateModified\":\"2022-11-02T14:11:10+00:00\",\"breadcrumb\":{\"@id\":\"https:\/\/www.olitravadell.com\/ca\/aove-territori-i-dieta-mediterrania\/#breadcrumb\"},\"inLanguage\":\"ca\",\"potentialAction\":[{\"@type\":\"ReadAction\",\"target\":[\"https:\/\/www.olitravadell.com\/ca\/aove-territori-i-dieta-mediterrania\/\"]}]},{\"@type\":\"BreadcrumbList\",\"@id\":\"https:\/\/www.olitravadell.com\/ca\/aove-territori-i-dieta-mediterrania\/#breadcrumb\",\"itemListElement\":[{\"@type\":\"ListItem\",\"position\":1,\"name\":\"Inicio\",\"item\":\"https:\/\/www.olitravadell.com\/ca\/\"},{\"@type\":\"ListItem\",\"position\":2,\"name\":\"AOVE, territori i dieta mediterr\u00e0nia\"}]},{\"@type\":\"WebSite\",\"@id\":\"https:\/\/www.olitravadell.com\/es\/#website\",\"url\":\"https:\/\/www.olitravadell.com\/es\/\",\"name\":\"Oli Travadell\",\"description\":\"Otro sitio realizado con WordPress\",\"publisher\":{\"@id\":\"https:\/\/www.olitravadell.com\/es\/#organization\"},\"potentialAction\":[{\"@type\":\"SearchAction\",\"target\":{\"@type\":\"EntryPoint\",\"urlTemplate\":\"https:\/\/www.olitravadell.com\/es\/?s={search_term_string}\"},\"query-input\":\"required name=search_term_string\"}],\"inLanguage\":\"ca\"},{\"@type\":\"Organization\",\"@id\":\"https:\/\/www.olitravadell.com\/es\/#organization\",\"name\":\"Oli Travadell\",\"url\":\"https:\/\/www.olitravadell.com\/es\/\",\"logo\":{\"@type\":\"ImageObject\",\"inLanguage\":\"ca\",\"@id\":\"https:\/\/www.olitravadell.com\/es\/#\/schema\/logo\/image\/\",\"url\":\"https:\/\/www.olitravadell.com\/wp-content\/uploads\/2021\/11\/logo-almassera.svg\",\"contentUrl\":\"https:\/\/www.olitravadell.com\/wp-content\/uploads\/2021\/11\/logo-almassera.svg\",\"width\":307,\"height\":85,\"caption\":\"Oli Travadell\"},\"image\":{\"@id\":\"https:\/\/www.olitravadell.com\/es\/#\/schema\/logo\/image\/\"}}]}<\/script>\n<!-- \/ Yoast SEO plugin. -->","yoast_head_json":{"title":"AOVE, territori i dieta mediterr\u00e0nia - Oli Travadell","robots":{"index":"index","follow":"follow","max-snippet":"max-snippet:-1","max-image-preview":"max-image-preview:large","max-video-preview":"max-video-preview:-1"},"canonical":"https:\/\/www.olitravadell.com\/ca\/aove-territori-i-dieta-mediterrania\/","og_locale":"ca_ES","og_type":"article","og_title":"AOVE, territori i dieta mediterr\u00e0nia - Oli Travadell","og_description":"L&#8217;olivera \u00e9s el cultiu m\u00e9s arrelat en els paisatges de les nostres comarques de l&#8217;interior de la Muntanya d&#8217;Alacant. Oleoturisme Lorem ipsum dolor sit amet, consetetur sadipscing elitr, sed diam nonumy eirmod tempor invidunt ut Veure rutes http:\/\/localhost\/wp-content\/uploads\/2022\/01\/AdobeStock_304630569_Video_HD_Preview.mov","og_url":"https:\/\/www.olitravadell.com\/ca\/aove-territori-i-dieta-mediterrania\/","og_site_name":"Oli Travadell","article_modified_time":"2022-11-02T14:11:10+00:00","og_image":[{"width":1920,"height":600,"url":"https:\/\/www.olitravadell.com\/wp-content\/uploads\/2022\/11\/AOVE-Territori-i-DM-oli-travadell.jpg","type":"image\/jpeg"}],"twitter_card":"summary_large_image","schema":{"@context":"https:\/\/schema.org","@graph":[{"@type":"WebPage","@id":"https:\/\/www.olitravadell.com\/ca\/aove-territori-i-dieta-mediterrania\/","url":"https:\/\/www.olitravadell.com\/ca\/aove-territori-i-dieta-mediterrania\/","name":"AOVE, territori i dieta mediterr\u00e0nia - Oli Travadell","isPartOf":{"@id":"https:\/\/www.olitravadell.com\/es\/#website"},"datePublished":"2022-11-02T09:18:22+00:00","dateModified":"2022-11-02T14:11:10+00:00","breadcrumb":{"@id":"https:\/\/www.olitravadell.com\/ca\/aove-territori-i-dieta-mediterrania\/#breadcrumb"},"inLanguage":"ca","potentialAction":[{"@type":"ReadAction","target":["https:\/\/www.olitravadell.com\/ca\/aove-territori-i-dieta-mediterrania\/"]}]},{"@type":"BreadcrumbList","@id":"https:\/\/www.olitravadell.com\/ca\/aove-territori-i-dieta-mediterrania\/#breadcrumb","itemListElement":[{"@type":"ListItem","position":1,"name":"Inicio","item":"https:\/\/www.olitravadell.com\/ca\/"},{"@type":"ListItem","position":2,"name":"AOVE, territori i dieta mediterr\u00e0nia"}]},{"@type":"WebSite","@id":"https:\/\/www.olitravadell.com\/es\/#website","url":"https:\/\/www.olitravadell.com\/es\/","name":"Oli Travadell","description":"Otro sitio realizado con WordPress","publisher":{"@id":"https:\/\/www.olitravadell.com\/es\/#organization"},"potentialAction":[{"@type":"SearchAction","target":{"@type":"EntryPoint","urlTemplate":"https:\/\/www.olitravadell.com\/es\/?s={search_term_string}"},"query-input":"required name=search_term_string"}],"inLanguage":"ca"},{"@type":"Organization","@id":"https:\/\/www.olitravadell.com\/es\/#organization","name":"Oli Travadell","url":"https:\/\/www.olitravadell.com\/es\/","logo":{"@type":"ImageObject","inLanguage":"ca","@id":"https:\/\/www.olitravadell.com\/es\/#\/schema\/logo\/image\/","url":"https:\/\/www.olitravadell.com\/wp-content\/uploads\/2021\/11\/logo-almassera.svg","contentUrl":"https:\/\/www.olitravadell.com\/wp-content\/uploads\/2021\/11\/logo-almassera.svg","width":307,"height":85,"caption":"Oli Travadell"},"image":{"@id":"https:\/\/www.olitravadell.com\/es\/#\/schema\/logo\/image\/"}}]}},"_links":{"self":[{"href":"https:\/\/www.olitravadell.com\/ca\/wp-json\/wp\/v2\/pages\/1291"}],"collection":[{"href":"https:\/\/www.olitravadell.com\/ca\/wp-json\/wp\/v2\/pages"}],"about":[{"href":"https:\/\/www.olitravadell.com\/ca\/wp-json\/wp\/v2\/types\/page"}],"author":[{"embeddable":true,"href":"https:\/\/www.olitravadell.com\/ca\/wp-json\/wp\/v2\/users\/1"}],"replies":[{"embeddable":true,"href":"https:\/\/www.olitravadell.com\/ca\/wp-json\/wp\/v2\/comments?post=1291"}],"version-history":[{"count":1,"href":"https:\/\/www.olitravadell.com\/ca\/wp-json\/wp\/v2\/pages\/1291\/revisions"}],"predecessor-version":[{"id":1292,"href":"https:\/\/www.olitravadell.com\/ca\/wp-json\/wp\/v2\/pages\/1291\/revisions\/1292"}],"wp:featuredmedia":[{"embeddable":true,"href":"https:\/\/www.olitravadell.com\/ca\/wp-json\/wp\/v2\/media\/1401"}],"wp:attachment":[{"href":"https:\/\/www.olitravadell.com\/ca\/wp-json\/wp\/v2\/media?parent=1291"}],"curies":[{"name":"wp","href":"https:\/\/api.w.org\/{rel}","templated":true}]}}