{"id":1295,"date":"2022-02-08T08:45:48","date_gmt":"2022-02-08T07:45:48","guid":{"rendered":"https:\/\/www.olitravadell.com\/olivar\/"},"modified":"2022-11-04T08:42:17","modified_gmt":"2022-11-04T07:42:17","slug":"olivar","status":"publish","type":"page","link":"https:\/\/www.olitravadell.com\/ca\/olivar\/","title":{"rendered":"Olivar"},"content":{"rendered":"\t\t<div data-elementor-type=\"wp-page\" data-elementor-id=\"1295\" class=\"elementor elementor-1295 elementor-809\">\n\t\t\t\t\t\t\t\t\t<section class=\"elementor-section elementor-top-section elementor-element elementor-element-3a02641d elementor-section-boxed elementor-section-height-default elementor-section-height-default\" data-id=\"3a02641d\" data-element_type=\"section\">\n\t\t\t\t\t\t<div class=\"elementor-container elementor-column-gap-default\">\n\t\t\t\t\t<div class=\"elementor-column elementor-col-100 elementor-top-column elementor-element elementor-element-2e653c64\" data-id=\"2e653c64\" data-element_type=\"column\">\n\t\t\t<div class=\"elementor-widget-wrap elementor-element-populated\">\n\t\t\t\t\t\t\t\t<div class=\"elementor-element elementor-element-69d3c56a elementor-align-center elementor-mobile-align-left elementor-widget elementor-widget-breadcrumbs\" data-id=\"69d3c56a\" data-element_type=\"widget\" data-widget_type=\"breadcrumbs.default\">\n\t\t\t\t<div class=\"elementor-widget-container\">\n\t\t\t<link rel=\"stylesheet\" href=\"https:\/\/www.olitravadell.com\/wp-content\/plugins\/elementor-pro\/assets\/css\/widget-theme-elements.min.css\"><p id=\"breadcrumbs\"><span><span><a href=\"https:\/\/www.olitravadell.com\/ca\/\">Inicio<\/a><\/span><\/span><\/p>\t\t<\/div>\n\t\t\t\t<\/div>\n\t\t\t\t<section class=\"elementor-section elementor-inner-section elementor-element elementor-element-6549aacc elementor-section-boxed elementor-section-height-default elementor-section-height-default\" data-id=\"6549aacc\" data-element_type=\"section\">\n\t\t\t\t\t\t<div class=\"elementor-container elementor-column-gap-default\">\n\t\t\t\t\t<div class=\"elementor-column elementor-col-100 elementor-inner-column elementor-element elementor-element-58610f0d\" data-id=\"58610f0d\" data-element_type=\"column\">\n\t\t\t<div class=\"elementor-widget-wrap elementor-element-populated\">\n\t\t\t\t\t\t\t\t<div class=\"elementor-element elementor-element-2b5268d8 elementor-widget elementor-widget-text-editor\" data-id=\"2b5268d8\" data-element_type=\"widget\" data-widget_type=\"text-editor.default\">\n\t\t\t\t<div class=\"elementor-widget-container\">\n\t\t\t<style>\/*! elementor - v3.12.1 - 02-04-2023 *\/\n.elementor-widget-text-editor.elementor-drop-cap-view-stacked .elementor-drop-cap{background-color:#69727d;color:#fff}.elementor-widget-text-editor.elementor-drop-cap-view-framed .elementor-drop-cap{color:#69727d;border:3px solid;background-color:transparent}.elementor-widget-text-editor:not(.elementor-drop-cap-view-default) .elementor-drop-cap{margin-top:8px}.elementor-widget-text-editor:not(.elementor-drop-cap-view-default) .elementor-drop-cap-letter{width:1em;height:1em}.elementor-widget-text-editor .elementor-drop-cap{float:left;text-align:center;line-height:1;font-size:50px}.elementor-widget-text-editor .elementor-drop-cap-letter{display:inline-block}<\/style>\t\t\t\t<p>La fam\u00edlia Ferrando treballa unes 100 hect\u00e0rees d&#8217;olivar ecol\u00f2gic, tant terres en propietat com altres arrendades, a Millena, Gorga, Benillup i Pen\u00e0guila. Moltes d&#8217;elles es troben en altures pr\u00f2ximes a 650 m.<\/p>\n\t\t\t\t\t\t<\/div>\n\t\t\t\t<\/div>\n\t\t\t\t\t<\/div>\n\t\t<\/div>\n\t\t\t\t\t\t\t<\/div>\n\t\t<\/section>\n\t\t\t\t\t<\/div>\n\t\t<\/div>\n\t\t\t\t\t\t\t<\/div>\n\t\t<\/section>\n\t\t\t\t<section class=\"elementor-section elementor-top-section elementor-element elementor-element-3005251c elementor-section-boxed elementor-section-height-default elementor-section-height-default\" data-id=\"3005251c\" data-element_type=\"section\">\n\t\t\t\t\t\t<div class=\"elementor-container elementor-column-gap-default\">\n\t\t\t\t\t<div class=\"elementor-column elementor-col-100 elementor-top-column elementor-element elementor-element-58fb5118\" data-id=\"58fb5118\" data-element_type=\"column\">\n\t\t\t<div class=\"elementor-widget-wrap elementor-element-populated\">\n\t\t\t\t\t\t\t\t<div class=\"elementor-element elementor-element-e8964 courses-featured-picture elementor-widget elementor-widget-theme-post-featured-image elementor-widget-image\" data-id=\"e8964\" data-element_type=\"widget\" data-widget_type=\"theme-post-featured-image.default\">\n\t\t\t\t<div class=\"elementor-widget-container\">\n\t\t\t<style>\/*! elementor - v3.12.1 - 02-04-2023 *\/\n.elementor-widget-image{text-align:center}.elementor-widget-image a{display:inline-block}.elementor-widget-image a img[src$=\".svg\"]{width:48px}.elementor-widget-image img{vertical-align:middle;display:inline-block}<\/style>\t\t\t\t\t\t\t\t\t\t\t\t<img decoding=\"async\" width=\"1296\" height=\"500\" src=\"https:\/\/www.olitravadell.com\/wp-content\/uploads\/2022\/11\/oli-travadell-olivar.jpg\" class=\"attachment-full size-full wp-image-1386\" alt=\"\" loading=\"lazy\" srcset=\"https:\/\/www.olitravadell.com\/wp-content\/uploads\/2022\/11\/oli-travadell-olivar.jpg 1296w, https:\/\/www.olitravadell.com\/wp-content\/uploads\/2022\/11\/oli-travadell-olivar-300x116.jpg 300w, https:\/\/www.olitravadell.com\/wp-content\/uploads\/2022\/11\/oli-travadell-olivar-1024x395.jpg 1024w, https:\/\/www.olitravadell.com\/wp-content\/uploads\/2022\/11\/oli-travadell-olivar-768x296.jpg 768w, https:\/\/www.olitravadell.com\/wp-content\/uploads\/2022\/11\/oli-travadell-olivar-600x231.jpg 600w\" sizes=\"(max-width: 1296px) 100vw, 1296px\" \/>\t\t\t\t\t\t\t\t\t\t\t\t\t\t\t<\/div>\n\t\t\t\t<\/div>\n\t\t\t\t\t<\/div>\n\t\t<\/div>\n\t\t\t\t\t\t\t<\/div>\n\t\t<\/section>\n\t\t\t\t<section class=\"elementor-section elementor-top-section elementor-element elementor-element-30c9d6b6 elementor-section-boxed elementor-section-height-default elementor-section-height-default\" data-id=\"30c9d6b6\" data-element_type=\"section\">\n\t\t\t\t\t\t<div class=\"elementor-container elementor-column-gap-default\">\n\t\t\t\t\t<div class=\"elementor-column elementor-col-100 elementor-top-column elementor-element elementor-element-236cec9e\" data-id=\"236cec9e\" data-element_type=\"column\">\n\t\t\t<div class=\"elementor-widget-wrap elementor-element-populated\">\n\t\t\t\t\t\t\t\t<div class=\"elementor-element elementor-element-1509c2ee acf-page-content elementor-widget elementor-widget-text-editor\" data-id=\"1509c2ee\" data-element_type=\"widget\" data-widget_type=\"text-editor.default\">\n\t\t\t\t<div class=\"elementor-widget-container\">\n\t\t\t\t\t\t\t<p>Les finques estan cultivades de manera ecol\u00f2gica, amb molt d&#8217;afecte, per a finalment donar lloc a Ecotravadell, l&#8217;Oli d&#8217;Oliva Verge Extra Ecol\u00f2gic de l&#8217;Alm\u00e0ssera de Millena.<\/p>\n<p>L&#8217;abonat de les finques es realitza a base de compost, obtingut dels subproductes del proc\u00e9s d&#8217;elaboraci\u00f3 del AOVE i de l&#8217;economia biocircular. D&#8217;una banda, la fulla d&#8217;olivera i, per una altra, l&#8217;anomenat \u2018alperujo\u2019 (mescla de l&#8217;os i les restes de polpa de l&#8217;oliva), al costat del fem procedent de l&#8217;activitat ramadera pr\u00f2xima.<br \/>\nA canvi del fem generat en granges de pollastres i ovelles pr\u00f2ximes, el ramader retira fulla d&#8217;oliva, que utilitzar\u00e0 per a aliment del bestiar, i os, \u00fatil com a biomassa.<br \/>\nLa mescla resultant \u00e9s compostada durant tot un any i, posteriorment, aplicada en el camp per a alimentar les oliveres i millorar l&#8217;estructura del s\u00f2l.<br \/>\nPer al control de plagues i malalties de l&#8217;olivar, \u00fanicament s\u00f3n utilitzats m\u00e8todes preventius, recolzats en els nous coneixements cient\u00edfics, sempre respectant la natura i l&#8217;entorn, tal com especifiquen les diferents normatives de l&#8217;agricultura ecol\u00f2gica.<\/p>\n<p><img decoding=\"async\" loading=\"lazy\" class=\"aligncenter size-full wp-image-1388\" src=\"http:\/\/localhost\/wp-content\/uploads\/2022\/11\/oli-travadel-olivar-2.jpg\" alt=\"\" width=\"1500\" height=\"1000\" srcset=\"https:\/\/www.olitravadell.com\/wp-content\/uploads\/2022\/11\/oli-travadel-olivar-2.jpg 1500w, https:\/\/www.olitravadell.com\/wp-content\/uploads\/2022\/11\/oli-travadel-olivar-2-300x200.jpg 300w, https:\/\/www.olitravadell.com\/wp-content\/uploads\/2022\/11\/oli-travadel-olivar-2-1024x683.jpg 1024w, https:\/\/www.olitravadell.com\/wp-content\/uploads\/2022\/11\/oli-travadel-olivar-2-768x512.jpg 768w, https:\/\/www.olitravadell.com\/wp-content\/uploads\/2022\/11\/oli-travadel-olivar-2-600x400.jpg 600w\" sizes=\"(max-width: 1500px) 100vw, 1500px\" \/><\/p>\n<p>Finalment, la recol\u00b7lecci\u00f3 de l&#8217;oliva verda es duu a terme el mes d&#8217;octubre, de manera manual i amb l&#8217;ajuda de professionals de Millena i els pobles de voltant. Aix\u00ed, les olives que a primera hora del mat\u00ed estan en l&#8217;arbre, a primera hora de la vesprada ja han sigut transformades en oli i portades a dep\u00f2sits d&#8217;acer inoxidable, per a preservar la qualitat i evitar qualsevol degradaci\u00f3.<br \/>\n\u00c9s la nostra manera de tancar el cercle i cuidar al detall tot el proc\u00e9s, des de la producci\u00f3 a l&#8217;elaboraci\u00f3.<\/p>\n<p>El nostre \u00e9s un olivar de muntanya, un terreny abancalat i amb pendents, amb unes poques l\u00ednies d&#8217;arbres (fins i tot nom\u00e9s una) en cada terrassa. Molts d&#8217;aquests bancals tenen marges de pedra, vertader patrimoni del paisatge de moltes comarques de l&#8217;interior de la Muntanya d&#8217;Alacant.<br \/>\nParlem d&#8217;olivars no mecanitzables, que \u00fanicament subsisteixen gr\u00e0cies a la voluntat de l&#8217;agricultor. Ressaltar que la valoritzaci\u00f3 del AOVE \u00e9s un element imprescindible per a fixar poblaci\u00f3 en aquests xicotets pobles, gr\u00e0cies a les possibilitats d&#8217;ocupaci\u00f3 especialment en la campanya de recol\u00b7lecci\u00f3.<\/p>\n<p><img decoding=\"async\" loading=\"lazy\" class=\"aligncenter size-full wp-image-1390\" src=\"http:\/\/localhost\/wp-content\/uploads\/2022\/11\/oli-travadell-olivar-3.jpg\" alt=\"\" width=\"1500\" height=\"1000\" srcset=\"https:\/\/www.olitravadell.com\/wp-content\/uploads\/2022\/11\/oli-travadell-olivar-3.jpg 1500w, https:\/\/www.olitravadell.com\/wp-content\/uploads\/2022\/11\/oli-travadell-olivar-3-300x200.jpg 300w, https:\/\/www.olitravadell.com\/wp-content\/uploads\/2022\/11\/oli-travadell-olivar-3-1024x683.jpg 1024w, https:\/\/www.olitravadell.com\/wp-content\/uploads\/2022\/11\/oli-travadell-olivar-3-768x512.jpg 768w, https:\/\/www.olitravadell.com\/wp-content\/uploads\/2022\/11\/oli-travadell-olivar-3-600x400.jpg 600w\" sizes=\"(max-width: 1500px) 100vw, 1500px\" \/><br \/>\nContinuar cultivant aquests olivars de muntanya mantenen els comentats marges de pedra, evitant tamb\u00e9 l&#8217;erosi\u00f3. D&#8217;altra banda, les t\u00e8cniques culturals s\u00f3n una excel\u00b7lent barrera contra els incendis forestals. I, productes amb valor afegit, com la marca Mil\u00b7len\u00e0ries, ajuda tamb\u00e9 a la preservaci\u00f3 de les poques oliveres mil\u00b7len\u00e0ries i monumentals que encara queden en aquestes terres valencianes.<\/p>\n\t\t\t\t\t\t<\/div>\n\t\t\t\t<\/div>\n\t\t\t\t\t<\/div>\n\t\t<\/div>\n\t\t\t\t\t\t\t<\/div>\n\t\t<\/section>\n\t\t\t\t<section class=\"elementor-section elementor-top-section elementor-element elementor-element-4eab04c elementor-section-full_width elementor-reverse-mobile elementor-reverse-tablet elementor-section-height-default elementor-section-height-default\" data-id=\"4eab04c\" data-element_type=\"section\" data-settings=\"{&quot;background_background&quot;:&quot;classic&quot;}\">\n\t\t\t\t\t\t<div class=\"elementor-container elementor-column-gap-default\">\n\t\t\t\t\t<div class=\"elementor-column elementor-col-33 elementor-top-column elementor-element elementor-element-df93694\" data-id=\"df93694\" data-element_type=\"column\">\n\t\t\t<div class=\"elementor-widget-wrap elementor-element-populated\">\n\t\t\t\t\t\t\t\t<section class=\"elementor-section elementor-inner-section elementor-element elementor-element-54b4358 elementor-section-boxed elementor-section-height-default elementor-section-height-default\" data-id=\"54b4358\" data-element_type=\"section\">\n\t\t\t\t\t\t<div class=\"elementor-container elementor-column-gap-default\">\n\t\t\t\t\t<div class=\"elementor-column elementor-col-100 elementor-inner-column elementor-element elementor-element-3ceb096\" data-id=\"3ceb096\" data-element_type=\"column\">\n\t\t\t<div class=\"elementor-widget-wrap elementor-element-populated\">\n\t\t\t\t\t\t\t\t<div class=\"elementor-element elementor-element-5ea2d86 elementor-widget elementor-widget-heading\" data-id=\"5ea2d86\" data-element_type=\"widget\" data-widget_type=\"heading.default\">\n\t\t\t\t<div class=\"elementor-widget-container\">\n\t\t\t<style>\/*! elementor - v3.12.1 - 02-04-2023 *\/\n.elementor-heading-title{padding:0;margin:0;line-height:1}.elementor-widget-heading .elementor-heading-title[class*=elementor-size-]>a{color:inherit;font-size:inherit;line-height:inherit}.elementor-widget-heading .elementor-heading-title.elementor-size-small{font-size:15px}.elementor-widget-heading .elementor-heading-title.elementor-size-medium{font-size:19px}.elementor-widget-heading .elementor-heading-title.elementor-size-large{font-size:29px}.elementor-widget-heading .elementor-heading-title.elementor-size-xl{font-size:39px}.elementor-widget-heading .elementor-heading-title.elementor-size-xxl{font-size:59px}<\/style><h2 class=\"elementor-heading-title elementor-size-default\">Oleoturisme<\/h2>\t\t<\/div>\n\t\t\t\t<\/div>\n\t\t\t\t<div class=\"elementor-element elementor-element-9d5db7f elementor-widget elementor-widget-image\" data-id=\"9d5db7f\" data-element_type=\"widget\" data-widget_type=\"image.default\">\n\t\t\t\t<div class=\"elementor-widget-container\">\n\t\t\t\t\t\t\t\t\t\t\t\t\t\t\t<img decoding=\"async\" width=\"147\" height=\"10\" src=\"https:\/\/www.olitravadell.com\/wp-content\/uploads\/2022\/02\/deco-green.png\" class=\"attachment-full size-full wp-image-1231\" alt=\"\" loading=\"lazy\" \/>\t\t\t\t\t\t\t\t\t\t\t\t\t\t\t<\/div>\n\t\t\t\t<\/div>\n\t\t\t\t<div class=\"elementor-element elementor-element-4a9fad1 elementor-widget elementor-widget-text-editor\" data-id=\"4a9fad1\" data-element_type=\"widget\" data-widget_type=\"text-editor.default\">\n\t\t\t\t<div class=\"elementor-widget-container\">\n\t\t\t\t\t\t\t<p><span style=\"font-weight: 400;\">No t&#8217;emportar\u00e0s a casa nom\u00e9s el record d&#8217;un tast d&#8217;oli i un passeig, portar\u00e0s amb tu part de la nostra cultura<\/span><\/p>\n\t\t\t\t\t\t<\/div>\n\t\t\t\t<\/div>\n\t\t\t\t<div class=\"elementor-element elementor-element-2cec77f elementor-widget elementor-widget-button\" data-id=\"2cec77f\" data-element_type=\"widget\" data-widget_type=\"button.default\">\n\t\t\t\t<div class=\"elementor-widget-container\">\n\t\t\t\t\t<div class=\"elementor-button-wrapper\">\n\t\t\t<a href=\"https:\/\/www.olitravadell.com\/es\/oleoturismo\/\" class=\"elementor-button-link elementor-button elementor-size-sm\" role=\"button\">\n\t\t\t\t\t\t<span class=\"elementor-button-content-wrapper\">\n\t\t\t\t\t\t<span class=\"elementor-button-text\">Veure rutes<\/span>\n\t\t<\/span>\n\t\t\t\t\t<\/a>\n\t\t<\/div>\n\t\t\t\t<\/div>\n\t\t\t\t<\/div>\n\t\t\t\t\t<\/div>\n\t\t<\/div>\n\t\t\t\t\t\t\t<\/div>\n\t\t<\/section>\n\t\t\t\t\t<\/div>\n\t\t<\/div>\n\t\t\t\t<div class=\"elementor-column elementor-col-66 elementor-top-column elementor-element elementor-element-e01cb70\" data-id=\"e01cb70\" data-element_type=\"column\">\n\t\t\t<div class=\"elementor-widget-wrap elementor-element-populated\">\n\t\t\t\t\t\t\t\t<div class=\"elementor-element elementor-element-a25d46d elementor-widget elementor-widget-video\" data-id=\"a25d46d\" data-element_type=\"widget\" data-settings=\"{&quot;video_type&quot;:&quot;hosted&quot;,&quot;show_image_overlay&quot;:&quot;yes&quot;,&quot;image_overlay&quot;:{&quot;url&quot;:&quot;http:\\\/\\\/localhost\\\/wp-content\\\/uploads\\\/2022\\\/11\\\/Oleoturisme-2.jpg&quot;,&quot;id&quot;:1355,&quot;size&quot;:&quot;&quot;,&quot;alt&quot;:&quot;&quot;,&quot;source&quot;:&quot;library&quot;},&quot;mute&quot;:&quot;yes&quot;,&quot;loop&quot;:&quot;yes&quot;}\" data-widget_type=\"video.default\">\n\t\t\t\t<div class=\"elementor-widget-container\">\n\t\t\t<style>\/*! elementor - v3.12.1 - 02-04-2023 *\/\n.elementor-widget-video .elementor-widget-container{overflow:hidden;transform:translateZ(0)}.elementor-widget-video .elementor-wrapper iframe,.elementor-widget-video .elementor-wrapper video{height:100%;width:100%;display:flex;border:none;background-color:#000}.elementor-widget-video .elementor-open-inline .elementor-custom-embed-image-overlay{position:absolute;top:0;left:0;width:100%;height:100%;background-size:cover;background-position:50%}.elementor-widget-video .elementor-custom-embed-image-overlay{cursor:pointer;text-align:center}.elementor-widget-video .elementor-custom-embed-image-overlay:hover .elementor-custom-embed-play i{opacity:1}.elementor-widget-video .elementor-custom-embed-image-overlay img{display:block;width:100%}.elementor-widget-video .e-hosted-video .elementor-video{-o-object-fit:cover;object-fit:cover}.e-con-inner>.elementor-widget-video,.e-con>.elementor-widget-video{width:var(--container-widget-width);--flex-grow:var(--container-widget-flex-grow)}<\/style>\t\t<div class=\"e-hosted-video elementor-wrapper elementor-open-inline\">\n\t\t\t\t\t<video class=\"elementor-video\" src=\"http:\/\/localhost\/wp-content\/uploads\/2022\/11\/Video-oleoturismo-2.mp4\" loop=\"\" preload=\"metadata\" muted=\"muted\" controlsList=\"nodownload\" poster=\"http:\/\/localhost\/wp-content\/uploads\/2022\/11\/Oleoturisme-2.jpg\"><\/video>\n\t\t\t\t\t\t<div class=\"elementor-custom-embed-image-overlay\" style=\"background-image: url(https:\/\/www.olitravadell.com\/wp-content\/uploads\/2022\/11\/Oleoturisme-2.jpg);\">\n\t\t\t\t\t\t\t\t\t\t\t\t\t\t\t\t<div class=\"elementor-custom-embed-play\" role=\"button\" aria-label=\"Reprodueix v\u00eddeo\" tabindex=\"0\">\n\t\t\t\t\t\t\t<i aria-hidden=\"true\" class=\"eicon-play\"><\/i>\t\t\t\t\t\t\t<span class=\"elementor-screen-only\">Reprodueix v\u00eddeo<\/span>\n\t\t\t\t\t\t<\/div>\n\t\t\t\t\t\t\t\t\t<\/div>\n\t\t\t\t\t<\/div>\n\t\t\t\t<\/div>\n\t\t\t\t<\/div>\n\t\t\t\t\t<\/div>\n\t\t<\/div>\n\t\t\t\t\t\t\t<\/div>\n\t\t<\/section>\n\t\t\t\t\t\t\t<\/div>\n\t\t","protected":false},"excerpt":{"rendered":"<p>La fam\u00edlia Ferrando treballa unes 100 hect\u00e0rees d&#8217;olivar ecol\u00f2gic, tant terres en propietat com altres arrendades, a Millena, Gorga, Benillup i Pen\u00e0guila. Moltes d&#8217;elles es troben en altures pr\u00f2ximes a 650 m. Oleoturisme No t&#8217;emportar\u00e0s a casa nom\u00e9s el record d&#8217;un tast d&#8217;oli i un passeig, portar\u00e0s amb tu part de la nostra cultura Veure [&hellip;]<\/p>\n","protected":false},"author":1,"featured_media":1386,"parent":0,"menu_order":0,"comment_status":"closed","ping_status":"closed","template":"","meta":[],"acf":[],"yoast_head":"<!-- This site is optimized with the Yoast SEO plugin v20.4 - https:\/\/yoast.com\/wordpress\/plugins\/seo\/ -->\n<title>Olivar - Oli Travadell<\/title>\n<meta name=\"robots\" content=\"index, follow, max-snippet:-1, max-image-preview:large, max-video-preview:-1\" \/>\n<link rel=\"canonical\" href=\"https:\/\/www.olitravadell.com\/ca\/olivar\/\" \/>\n<meta property=\"og:locale\" content=\"ca_ES\" \/>\n<meta property=\"og:type\" content=\"article\" \/>\n<meta property=\"og:title\" content=\"Olivar - Oli Travadell\" \/>\n<meta property=\"og:description\" content=\"La fam\u00edlia Ferrando treballa unes 100 hect\u00e0rees d&#8217;olivar ecol\u00f2gic, tant terres en propietat com altres arrendades, a Millena, Gorga, Benillup i Pen\u00e0guila. Moltes d&#8217;elles es troben en altures pr\u00f2ximes a 650 m. Oleoturisme No t&#8217;emportar\u00e0s a casa nom\u00e9s el record d&#8217;un tast d&#8217;oli i un passeig, portar\u00e0s amb tu part de la nostra cultura Veure [&hellip;]\" \/>\n<meta property=\"og:url\" content=\"https:\/\/www.olitravadell.com\/ca\/olivar\/\" \/>\n<meta property=\"og:site_name\" content=\"Oli Travadell\" \/>\n<meta property=\"article:modified_time\" content=\"2022-11-04T07:42:17+00:00\" \/>\n<meta property=\"og:image\" content=\"https:\/\/www.olitravadell.com\/wp-content\/uploads\/2022\/11\/oli-travadell-olivar.jpg\" \/>\n\t<meta property=\"og:image:width\" content=\"1296\" \/>\n\t<meta property=\"og:image:height\" content=\"500\" \/>\n\t<meta property=\"og:image:type\" content=\"image\/jpeg\" \/>\n<meta name=\"twitter:card\" content=\"summary_large_image\" \/>\n<script type=\"application\/ld+json\" class=\"yoast-schema-graph\">{\"@context\":\"https:\/\/schema.org\",\"@graph\":[{\"@type\":\"WebPage\",\"@id\":\"https:\/\/www.olitravadell.com\/ca\/olivar\/\",\"url\":\"https:\/\/www.olitravadell.com\/ca\/olivar\/\",\"name\":\"Olivar - Oli Travadell\",\"isPartOf\":{\"@id\":\"https:\/\/www.olitravadell.com\/es\/#website\"},\"datePublished\":\"2022-02-08T07:45:48+00:00\",\"dateModified\":\"2022-11-04T07:42:17+00:00\",\"breadcrumb\":{\"@id\":\"https:\/\/www.olitravadell.com\/ca\/olivar\/#breadcrumb\"},\"inLanguage\":\"ca\",\"potentialAction\":[{\"@type\":\"ReadAction\",\"target\":[\"https:\/\/www.olitravadell.com\/ca\/olivar\/\"]}]},{\"@type\":\"BreadcrumbList\",\"@id\":\"https:\/\/www.olitravadell.com\/ca\/olivar\/#breadcrumb\",\"itemListElement\":[{\"@type\":\"ListItem\",\"position\":1,\"name\":\"Inicio\",\"item\":\"https:\/\/www.olitravadell.com\/ca\/\"},{\"@type\":\"ListItem\",\"position\":2,\"name\":\"Olivar\"}]},{\"@type\":\"WebSite\",\"@id\":\"https:\/\/www.olitravadell.com\/es\/#website\",\"url\":\"https:\/\/www.olitravadell.com\/es\/\",\"name\":\"Oli Travadell\",\"description\":\"Otro sitio realizado con WordPress\",\"publisher\":{\"@id\":\"https:\/\/www.olitravadell.com\/es\/#organization\"},\"potentialAction\":[{\"@type\":\"SearchAction\",\"target\":{\"@type\":\"EntryPoint\",\"urlTemplate\":\"https:\/\/www.olitravadell.com\/es\/?s={search_term_string}\"},\"query-input\":\"required name=search_term_string\"}],\"inLanguage\":\"ca\"},{\"@type\":\"Organization\",\"@id\":\"https:\/\/www.olitravadell.com\/es\/#organization\",\"name\":\"Oli Travadell\",\"url\":\"https:\/\/www.olitravadell.com\/es\/\",\"logo\":{\"@type\":\"ImageObject\",\"inLanguage\":\"ca\",\"@id\":\"https:\/\/www.olitravadell.com\/es\/#\/schema\/logo\/image\/\",\"url\":\"https:\/\/www.olitravadell.com\/wp-content\/uploads\/2021\/11\/logo-almassera.svg\",\"contentUrl\":\"https:\/\/www.olitravadell.com\/wp-content\/uploads\/2021\/11\/logo-almassera.svg\",\"width\":307,\"height\":85,\"caption\":\"Oli Travadell\"},\"image\":{\"@id\":\"https:\/\/www.olitravadell.com\/es\/#\/schema\/logo\/image\/\"}}]}<\/script>\n<!-- \/ Yoast SEO plugin. -->","yoast_head_json":{"title":"Olivar - Oli Travadell","robots":{"index":"index","follow":"follow","max-snippet":"max-snippet:-1","max-image-preview":"max-image-preview:large","max-video-preview":"max-video-preview:-1"},"canonical":"https:\/\/www.olitravadell.com\/ca\/olivar\/","og_locale":"ca_ES","og_type":"article","og_title":"Olivar - Oli Travadell","og_description":"La fam\u00edlia Ferrando treballa unes 100 hect\u00e0rees d&#8217;olivar ecol\u00f2gic, tant terres en propietat com altres arrendades, a Millena, Gorga, Benillup i Pen\u00e0guila. Moltes d&#8217;elles es troben en altures pr\u00f2ximes a 650 m. Oleoturisme No t&#8217;emportar\u00e0s a casa nom\u00e9s el record d&#8217;un tast d&#8217;oli i un passeig, portar\u00e0s amb tu part de la nostra cultura Veure [&hellip;]","og_url":"https:\/\/www.olitravadell.com\/ca\/olivar\/","og_site_name":"Oli Travadell","article_modified_time":"2022-11-04T07:42:17+00:00","og_image":[{"width":1296,"height":500,"url":"https:\/\/www.olitravadell.com\/wp-content\/uploads\/2022\/11\/oli-travadell-olivar.jpg","type":"image\/jpeg"}],"twitter_card":"summary_large_image","schema":{"@context":"https:\/\/schema.org","@graph":[{"@type":"WebPage","@id":"https:\/\/www.olitravadell.com\/ca\/olivar\/","url":"https:\/\/www.olitravadell.com\/ca\/olivar\/","name":"Olivar - Oli Travadell","isPartOf":{"@id":"https:\/\/www.olitravadell.com\/es\/#website"},"datePublished":"2022-02-08T07:45:48+00:00","dateModified":"2022-11-04T07:42:17+00:00","breadcrumb":{"@id":"https:\/\/www.olitravadell.com\/ca\/olivar\/#breadcrumb"},"inLanguage":"ca","potentialAction":[{"@type":"ReadAction","target":["https:\/\/www.olitravadell.com\/ca\/olivar\/"]}]},{"@type":"BreadcrumbList","@id":"https:\/\/www.olitravadell.com\/ca\/olivar\/#breadcrumb","itemListElement":[{"@type":"ListItem","position":1,"name":"Inicio","item":"https:\/\/www.olitravadell.com\/ca\/"},{"@type":"ListItem","position":2,"name":"Olivar"}]},{"@type":"WebSite","@id":"https:\/\/www.olitravadell.com\/es\/#website","url":"https:\/\/www.olitravadell.com\/es\/","name":"Oli Travadell","description":"Otro sitio realizado con WordPress","publisher":{"@id":"https:\/\/www.olitravadell.com\/es\/#organization"},"potentialAction":[{"@type":"SearchAction","target":{"@type":"EntryPoint","urlTemplate":"https:\/\/www.olitravadell.com\/es\/?s={search_term_string}"},"query-input":"required name=search_term_string"}],"inLanguage":"ca"},{"@type":"Organization","@id":"https:\/\/www.olitravadell.com\/es\/#organization","name":"Oli Travadell","url":"https:\/\/www.olitravadell.com\/es\/","logo":{"@type":"ImageObject","inLanguage":"ca","@id":"https:\/\/www.olitravadell.com\/es\/#\/schema\/logo\/image\/","url":"https:\/\/www.olitravadell.com\/wp-content\/uploads\/2021\/11\/logo-almassera.svg","contentUrl":"https:\/\/www.olitravadell.com\/wp-content\/uploads\/2021\/11\/logo-almassera.svg","width":307,"height":85,"caption":"Oli Travadell"},"image":{"@id":"https:\/\/www.olitravadell.com\/es\/#\/schema\/logo\/image\/"}}]}},"_links":{"self":[{"href":"https:\/\/www.olitravadell.com\/ca\/wp-json\/wp\/v2\/pages\/1295"}],"collection":[{"href":"https:\/\/www.olitravadell.com\/ca\/wp-json\/wp\/v2\/pages"}],"about":[{"href":"https:\/\/www.olitravadell.com\/ca\/wp-json\/wp\/v2\/types\/page"}],"author":[{"embeddable":true,"href":"https:\/\/www.olitravadell.com\/ca\/wp-json\/wp\/v2\/users\/1"}],"replies":[{"embeddable":true,"href":"https:\/\/www.olitravadell.com\/ca\/wp-json\/wp\/v2\/comments?post=1295"}],"version-history":[{"count":2,"href":"https:\/\/www.olitravadell.com\/ca\/wp-json\/wp\/v2\/pages\/1295\/revisions"}],"predecessor-version":[{"id":1409,"href":"https:\/\/www.olitravadell.com\/ca\/wp-json\/wp\/v2\/pages\/1295\/revisions\/1409"}],"wp:featuredmedia":[{"embeddable":true,"href":"https:\/\/www.olitravadell.com\/ca\/wp-json\/wp\/v2\/media\/1386"}],"wp:attachment":[{"href":"https:\/\/www.olitravadell.com\/ca\/wp-json\/wp\/v2\/media?parent=1295"}],"curies":[{"name":"wp","href":"https:\/\/api.w.org\/{rel}","templated":true}]}}