{"id":1179,"date":"2022-11-02T10:18:22","date_gmt":"2022-11-02T09:18:22","guid":{"rendered":"https:\/\/www.olitravadell.com\/?page_id=1179"},"modified":"2022-11-04T08:34:51","modified_gmt":"2022-11-04T07:34:51","slug":"aove-territorio-y-dieta-medietarranea","status":"publish","type":"page","link":"https:\/\/www.olitravadell.com\/es\/aove-territorio-y-dieta-medietarranea\/","title":{"rendered":"AOVE, territorio y dieta medietarr\u00e1nea"},"content":{"rendered":"\t\t<div data-elementor-type=\"wp-page\" data-elementor-id=\"1179\" class=\"elementor elementor-1179\">\n\t\t\t\t\t\t\t\t\t<section class=\"elementor-section elementor-top-section elementor-element elementor-element-6051cd3f elementor-section-boxed elementor-section-height-default elementor-section-height-default\" data-id=\"6051cd3f\" data-element_type=\"section\">\n\t\t\t\t\t\t<div class=\"elementor-container elementor-column-gap-default\">\n\t\t\t\t\t<div class=\"elementor-column elementor-col-100 elementor-top-column elementor-element elementor-element-5b6acc96\" data-id=\"5b6acc96\" data-element_type=\"column\">\n\t\t\t<div class=\"elementor-widget-wrap elementor-element-populated\">\n\t\t\t\t\t\t\t\t<div class=\"elementor-element elementor-element-42a00d55 elementor-align-center elementor-mobile-align-left elementor-widget elementor-widget-breadcrumbs\" data-id=\"42a00d55\" data-element_type=\"widget\" data-widget_type=\"breadcrumbs.default\">\n\t\t\t\t<div class=\"elementor-widget-container\">\n\t\t\t<link rel=\"stylesheet\" href=\"https:\/\/www.olitravadell.com\/wp-content\/plugins\/elementor-pro\/assets\/css\/widget-theme-elements.min.css\"><p id=\"breadcrumbs\"><span><span><a href=\"https:\/\/www.olitravadell.com\/es\/\">Inicio<\/a><\/span><\/span><\/p>\t\t<\/div>\n\t\t\t\t<\/div>\n\t\t\t\t<section class=\"elementor-section elementor-inner-section elementor-element elementor-element-42352c83 elementor-section-boxed elementor-section-height-default elementor-section-height-default\" data-id=\"42352c83\" data-element_type=\"section\">\n\t\t\t\t\t\t<div class=\"elementor-container elementor-column-gap-default\">\n\t\t\t\t\t<div class=\"elementor-column elementor-col-100 elementor-inner-column elementor-element elementor-element-624a0bf4\" data-id=\"624a0bf4\" data-element_type=\"column\">\n\t\t\t<div class=\"elementor-widget-wrap elementor-element-populated\">\n\t\t\t\t\t\t\t\t<div class=\"elementor-element elementor-element-3b78c619 elementor-widget elementor-widget-text-editor\" data-id=\"3b78c619\" data-element_type=\"widget\" data-widget_type=\"text-editor.default\">\n\t\t\t\t<div class=\"elementor-widget-container\">\n\t\t\t<style>\/*! elementor - v3.12.1 - 02-04-2023 *\/\n.elementor-widget-text-editor.elementor-drop-cap-view-stacked .elementor-drop-cap{background-color:#69727d;color:#fff}.elementor-widget-text-editor.elementor-drop-cap-view-framed .elementor-drop-cap{color:#69727d;border:3px solid;background-color:transparent}.elementor-widget-text-editor:not(.elementor-drop-cap-view-default) .elementor-drop-cap{margin-top:8px}.elementor-widget-text-editor:not(.elementor-drop-cap-view-default) .elementor-drop-cap-letter{width:1em;height:1em}.elementor-widget-text-editor .elementor-drop-cap{float:left;text-align:center;line-height:1;font-size:50px}.elementor-widget-text-editor .elementor-drop-cap-letter{display:inline-block}<\/style>\t\t\t\t<p>El olivo es el cultivo m\u00e1s enraizado en los paisajes de nuestras comarcas del interior de la Monta\u00f1a de Alicante.<\/p>\t\t\t\t\t\t<\/div>\n\t\t\t\t<\/div>\n\t\t\t\t\t<\/div>\n\t\t<\/div>\n\t\t\t\t\t\t\t<\/div>\n\t\t<\/section>\n\t\t\t\t\t<\/div>\n\t\t<\/div>\n\t\t\t\t\t\t\t<\/div>\n\t\t<\/section>\n\t\t\t\t<section class=\"elementor-section elementor-top-section elementor-element elementor-element-3eafaa34 elementor-section-boxed elementor-section-height-default elementor-section-height-default\" data-id=\"3eafaa34\" data-element_type=\"section\">\n\t\t\t\t\t\t<div class=\"elementor-container elementor-column-gap-default\">\n\t\t\t\t\t<div class=\"elementor-column elementor-col-100 elementor-top-column elementor-element elementor-element-10191d15\" data-id=\"10191d15\" data-element_type=\"column\">\n\t\t\t<div class=\"elementor-widget-wrap elementor-element-populated\">\n\t\t\t\t\t\t\t\t<div class=\"elementor-element elementor-element-101f9021 courses-featured-picture elementor-widget elementor-widget-theme-post-featured-image elementor-widget-image\" data-id=\"101f9021\" data-element_type=\"widget\" data-widget_type=\"theme-post-featured-image.default\">\n\t\t\t\t<div class=\"elementor-widget-container\">\n\t\t\t<style>\/*! elementor - v3.12.1 - 02-04-2023 *\/\n.elementor-widget-image{text-align:center}.elementor-widget-image a{display:inline-block}.elementor-widget-image a img[src$=\".svg\"]{width:48px}.elementor-widget-image img{vertical-align:middle;display:inline-block}<\/style>\t\t\t\t\t\t\t\t\t\t\t\t<img decoding=\"async\" width=\"1920\" height=\"600\" src=\"https:\/\/www.olitravadell.com\/wp-content\/uploads\/2022\/11\/AOVE-Territori-i-DM-oli-travadell.jpg\" class=\"attachment-full size-full wp-image-1400\" alt=\"\" loading=\"lazy\" srcset=\"https:\/\/www.olitravadell.com\/wp-content\/uploads\/2022\/11\/AOVE-Territori-i-DM-oli-travadell.jpg 1920w, https:\/\/www.olitravadell.com\/wp-content\/uploads\/2022\/11\/AOVE-Territori-i-DM-oli-travadell-300x94.jpg 300w, https:\/\/www.olitravadell.com\/wp-content\/uploads\/2022\/11\/AOVE-Territori-i-DM-oli-travadell-1024x320.jpg 1024w, https:\/\/www.olitravadell.com\/wp-content\/uploads\/2022\/11\/AOVE-Territori-i-DM-oli-travadell-768x240.jpg 768w, https:\/\/www.olitravadell.com\/wp-content\/uploads\/2022\/11\/AOVE-Territori-i-DM-oli-travadell-1536x480.jpg 1536w, https:\/\/www.olitravadell.com\/wp-content\/uploads\/2022\/11\/AOVE-Territori-i-DM-oli-travadell-600x188.jpg 600w\" sizes=\"(max-width: 1920px) 100vw, 1920px\" \/>\t\t\t\t\t\t\t\t\t\t\t\t\t\t\t<\/div>\n\t\t\t\t<\/div>\n\t\t\t\t\t<\/div>\n\t\t<\/div>\n\t\t\t\t\t\t\t<\/div>\n\t\t<\/section>\n\t\t\t\t<section class=\"elementor-section elementor-top-section elementor-element elementor-element-55d0d4e6 elementor-section-boxed elementor-section-height-default elementor-section-height-default\" data-id=\"55d0d4e6\" data-element_type=\"section\">\n\t\t\t\t\t\t<div class=\"elementor-container elementor-column-gap-default\">\n\t\t\t\t\t<div class=\"elementor-column elementor-col-100 elementor-top-column elementor-element elementor-element-3551771a\" data-id=\"3551771a\" data-element_type=\"column\">\n\t\t\t<div class=\"elementor-widget-wrap elementor-element-populated\">\n\t\t\t\t\t\t\t\t<div class=\"elementor-element elementor-element-664a3455 acf-page-content elementor-widget elementor-widget-text-editor\" data-id=\"664a3455\" data-element_type=\"widget\" data-widget_type=\"text-editor.default\">\n\t\t\t\t<div class=\"elementor-widget-container\">\n\t\t\t\t\t\t\t<p>Este \u00e1rbol milenario ha estado presente en todos los acontecimientos de nuestra historia, testigo de los distintos pueblos que se han asentado en estas tierras levantinas. Podemos decir, con total seguridad, que el olivo ha sido y sigue siendo una pieza clave en la econom\u00eda agr\u00edcola tanto del Alcoia y Comtat como de las comarcas pr\u00f3ximas.<\/p>\n<p>En la actualidad, Alm\u00e0ssera de Millena \u2013como hacen un buen n\u00famero de agricultores\u2013 sigue trabajando las tierras de nuestros antepasados. Y sigue elaborando sus AOVEs y el de esos agricultores con los que trabaja a\u00f1o tras a\u00f1o.<br \/>\nPoder llevar a cabo esta actividad \u2013y hacerlo en este entorno tan especial\u2013 es un aut\u00e9ntico privilegio. Para el cliente, tambi\u00e9n ha de ser un privilegio saber que, al comprar estos aceites, est\u00e1 contribuyendo a que peque\u00f1os pueblos de las comarcas interiores alicantinas contin\u00faen vivos.<\/p>\n<p><img decoding=\"async\" loading=\"lazy\" class=\"aligncenter size-full wp-image-1405\" src=\"http:\/\/localhost\/wp-content\/uploads\/2022\/11\/AOVE-Territori-i-DM-oli-travadell-2.jpg\" alt=\"\" width=\"1728\" height=\"1152\" srcset=\"https:\/\/www.olitravadell.com\/wp-content\/uploads\/2022\/11\/AOVE-Territori-i-DM-oli-travadell-2.jpg 1728w, https:\/\/www.olitravadell.com\/wp-content\/uploads\/2022\/11\/AOVE-Territori-i-DM-oli-travadell-2-300x200.jpg 300w, https:\/\/www.olitravadell.com\/wp-content\/uploads\/2022\/11\/AOVE-Territori-i-DM-oli-travadell-2-1024x683.jpg 1024w, https:\/\/www.olitravadell.com\/wp-content\/uploads\/2022\/11\/AOVE-Territori-i-DM-oli-travadell-2-768x512.jpg 768w, https:\/\/www.olitravadell.com\/wp-content\/uploads\/2022\/11\/AOVE-Territori-i-DM-oli-travadell-2-1536x1024.jpg 1536w, https:\/\/www.olitravadell.com\/wp-content\/uploads\/2022\/11\/AOVE-Territori-i-DM-oli-travadell-2-600x400.jpg 600w\" sizes=\"(max-width: 1728px) 100vw, 1728px\" \/><\/p>\n<p>Y, \u00a1qu\u00e9 podemos decir del aceite de oliva virgen extra, el cada d\u00eda m\u00e1s admirado AOVE! El Aceite de Oliva, junto al vino, son se\u00f1as de identidad de la cultura mediterr\u00e1nea y las comarcas centrales del Pa\u00eds Valenciano no son una excepci\u00f3n.<br \/>\nEl AOVE formaba parte de nuestra alimentaci\u00f3n ya en tiempos de romanos, griegos o fenicios. Un zumo puro de aceitunas, considerado hoy en d\u00eda el aut\u00e9ntico oro l\u00edquido, joya de nuestra cocina y una de las bases de la dieta mediterr\u00e1nea. Esta dieta incluye un consumo equilibrado y continuado de otros alimentos como verduras, frutas, legumbres, cereales, frutos secos y, c\u00f3mo no, el AOVE.<\/p>\n<p>Muchos de los actuales AOVEs de las comarcas del interior de Alicante, procedentes de olivares de monta\u00f1a, son aceites de cosecha temprana, de baja acidez y un alto contenido en \u00e1cido oleico y polifenoles. Estas sustancias ofrecen grandes beneficios para la salud, gracias a sus propiedades antioxidantes y antiinflamatorias. Existen estudios que avalan su importante papel para prevenir enfermedades cardiovasculares e incluso el Alzheimer. Tambi\u00e9n se destacan propiedades antitumorales del AOVE y mucho m\u00e1s.<\/p>\n<p><img decoding=\"async\" loading=\"lazy\" class=\"aligncenter size-full wp-image-1403\" src=\"http:\/\/localhost\/wp-content\/uploads\/2022\/11\/AOVE-Territori-i-DM-oli-travadell-3.jpg\" alt=\"\" width=\"1728\" height=\"1152\" srcset=\"https:\/\/www.olitravadell.com\/wp-content\/uploads\/2022\/11\/AOVE-Territori-i-DM-oli-travadell-3.jpg 1728w, https:\/\/www.olitravadell.com\/wp-content\/uploads\/2022\/11\/AOVE-Territori-i-DM-oli-travadell-3-300x200.jpg 300w, https:\/\/www.olitravadell.com\/wp-content\/uploads\/2022\/11\/AOVE-Territori-i-DM-oli-travadell-3-1024x683.jpg 1024w, https:\/\/www.olitravadell.com\/wp-content\/uploads\/2022\/11\/AOVE-Territori-i-DM-oli-travadell-3-768x512.jpg 768w, https:\/\/www.olitravadell.com\/wp-content\/uploads\/2022\/11\/AOVE-Territori-i-DM-oli-travadell-3-1536x1024.jpg 1536w, https:\/\/www.olitravadell.com\/wp-content\/uploads\/2022\/11\/AOVE-Territori-i-DM-oli-travadell-3-600x400.jpg 600w\" sizes=\"(max-width: 1728px) 100vw, 1728px\" \/><\/p>\n<p>\u201cQue tu medicina sea tu alimento y el alimento tu medicina\u201d, dec\u00eda el m\u00e9dico griego Hip\u00f3crates en el siglo V a. C. Muchos expertos consideran al Aceite Virgen Extra un \u2018super alimento\u2019, imprescindible en una dieta sana y equilibrada.<br \/>\nEl AOVE puede consumirse en crudo, para ali\u00f1ar ensaladas y otros variados platos. Pero tambi\u00e9n para cocinar cualquier receta, ya que es una de las grasas que mejor resiste las altas temperaturas, manteniendo la mayor parte de propiedades.<br \/>\nSon destacables las bondades del sofrito, tan popular en la dieta mediterr\u00e1nea, a base de ajo, cebolla, tomate y, c\u00f3mo no, aceite virgen extra. La costumbre de cocinarlo a fuego lento no es casual, esta cocci\u00f3n permite que los vegetales y el propio AOVE liberen carotenoides y polifenoles, resultando m\u00e1s accesibles a nuestro organismo.<\/p>\n\t\t\t\t\t\t<\/div>\n\t\t\t\t<\/div>\n\t\t\t\t\t<\/div>\n\t\t<\/div>\n\t\t\t\t\t\t\t<\/div>\n\t\t<\/section>\n\t\t\t\t<section class=\"elementor-section elementor-top-section elementor-element elementor-element-a80cd06 elementor-section-full_width elementor-reverse-mobile elementor-reverse-tablet elementor-section-height-default elementor-section-height-default\" data-id=\"a80cd06\" data-element_type=\"section\" data-settings=\"{&quot;background_background&quot;:&quot;classic&quot;}\">\n\t\t\t\t\t\t<div class=\"elementor-container elementor-column-gap-default\">\n\t\t\t\t\t<div class=\"elementor-column elementor-col-33 elementor-top-column elementor-element elementor-element-808cff7\" data-id=\"808cff7\" data-element_type=\"column\">\n\t\t\t<div class=\"elementor-widget-wrap elementor-element-populated\">\n\t\t\t\t\t\t\t\t<section class=\"elementor-section elementor-inner-section elementor-element elementor-element-399bfa2 elementor-section-boxed elementor-section-height-default elementor-section-height-default\" data-id=\"399bfa2\" data-element_type=\"section\">\n\t\t\t\t\t\t<div class=\"elementor-container elementor-column-gap-default\">\n\t\t\t\t\t<div class=\"elementor-column elementor-col-100 elementor-inner-column elementor-element elementor-element-4e98c3e\" data-id=\"4e98c3e\" data-element_type=\"column\">\n\t\t\t<div class=\"elementor-widget-wrap elementor-element-populated\">\n\t\t\t\t\t\t\t\t<div class=\"elementor-element elementor-element-3179968 elementor-widget elementor-widget-heading\" data-id=\"3179968\" data-element_type=\"widget\" data-widget_type=\"heading.default\">\n\t\t\t\t<div class=\"elementor-widget-container\">\n\t\t\t<style>\/*! elementor - v3.12.1 - 02-04-2023 *\/\n.elementor-heading-title{padding:0;margin:0;line-height:1}.elementor-widget-heading .elementor-heading-title[class*=elementor-size-]>a{color:inherit;font-size:inherit;line-height:inherit}.elementor-widget-heading .elementor-heading-title.elementor-size-small{font-size:15px}.elementor-widget-heading .elementor-heading-title.elementor-size-medium{font-size:19px}.elementor-widget-heading .elementor-heading-title.elementor-size-large{font-size:29px}.elementor-widget-heading .elementor-heading-title.elementor-size-xl{font-size:39px}.elementor-widget-heading .elementor-heading-title.elementor-size-xxl{font-size:59px}<\/style><h2 class=\"elementor-heading-title elementor-size-default\">Oleoturismo<\/h2>\t\t<\/div>\n\t\t\t\t<\/div>\n\t\t\t\t<div class=\"elementor-element elementor-element-cba1316 elementor-widget elementor-widget-image\" data-id=\"cba1316\" data-element_type=\"widget\" data-widget_type=\"image.default\">\n\t\t\t\t<div class=\"elementor-widget-container\">\n\t\t\t\t\t\t\t\t\t\t\t\t\t\t\t<img decoding=\"async\" width=\"147\" height=\"10\" src=\"https:\/\/www.olitravadell.com\/wp-content\/uploads\/2022\/02\/deco-green.png\" class=\"attachment-full size-full wp-image-466\" alt=\"\" loading=\"lazy\" \/>\t\t\t\t\t\t\t\t\t\t\t\t\t\t\t<\/div>\n\t\t\t\t<\/div>\n\t\t\t\t<div class=\"elementor-element elementor-element-7d04dd0 elementor-widget elementor-widget-text-editor\" data-id=\"7d04dd0\" data-element_type=\"widget\" data-widget_type=\"text-editor.default\">\n\t\t\t\t<div class=\"elementor-widget-container\">\n\t\t\t\t\t\t\t<p>No te llevar\u00e1s a casa s\u00f3lo el recuerdo de una cata de aceite y un paseo, llevar\u00e1s contigo parte de nuestra cultura<\/p>\t\t\t\t\t\t<\/div>\n\t\t\t\t<\/div>\n\t\t\t\t<div class=\"elementor-element elementor-element-8628fa6 elementor-widget elementor-widget-button\" data-id=\"8628fa6\" data-element_type=\"widget\" data-widget_type=\"button.default\">\n\t\t\t\t<div class=\"elementor-widget-container\">\n\t\t\t\t\t<div class=\"elementor-button-wrapper\">\n\t\t\t<a href=\"https:\/\/www.olitravadell.com\/es\/oleoturismo\/\" class=\"elementor-button-link elementor-button elementor-size-sm\" role=\"button\">\n\t\t\t\t\t\t<span class=\"elementor-button-content-wrapper\">\n\t\t\t\t\t\t<span class=\"elementor-button-text\">Ver rutas<\/span>\n\t\t<\/span>\n\t\t\t\t\t<\/a>\n\t\t<\/div>\n\t\t\t\t<\/div>\n\t\t\t\t<\/div>\n\t\t\t\t\t<\/div>\n\t\t<\/div>\n\t\t\t\t\t\t\t<\/div>\n\t\t<\/section>\n\t\t\t\t\t<\/div>\n\t\t<\/div>\n\t\t\t\t<div class=\"elementor-column elementor-col-66 elementor-top-column elementor-element elementor-element-6e7ff92\" data-id=\"6e7ff92\" data-element_type=\"column\">\n\t\t\t<div class=\"elementor-widget-wrap elementor-element-populated\">\n\t\t\t\t\t\t\t\t<div class=\"elementor-element elementor-element-e80f380 elementor-widget elementor-widget-video\" data-id=\"e80f380\" data-element_type=\"widget\" data-settings=\"{&quot;video_type&quot;:&quot;hosted&quot;,&quot;show_image_overlay&quot;:&quot;yes&quot;,&quot;image_overlay&quot;:{&quot;url&quot;:&quot;http:\\\/\\\/localhost\\\/wp-content\\\/uploads\\\/2022\\\/11\\\/Oleoturisme-2.jpg&quot;,&quot;id&quot;:1354,&quot;size&quot;:&quot;&quot;,&quot;alt&quot;:&quot;&quot;,&quot;source&quot;:&quot;library&quot;},&quot;mute&quot;:&quot;yes&quot;,&quot;loop&quot;:&quot;yes&quot;}\" data-widget_type=\"video.default\">\n\t\t\t\t<div class=\"elementor-widget-container\">\n\t\t\t<style>\/*! elementor - v3.12.1 - 02-04-2023 *\/\n.elementor-widget-video .elementor-widget-container{overflow:hidden;transform:translateZ(0)}.elementor-widget-video .elementor-wrapper iframe,.elementor-widget-video .elementor-wrapper video{height:100%;width:100%;display:flex;border:none;background-color:#000}.elementor-widget-video .elementor-open-inline .elementor-custom-embed-image-overlay{position:absolute;top:0;left:0;width:100%;height:100%;background-size:cover;background-position:50%}.elementor-widget-video .elementor-custom-embed-image-overlay{cursor:pointer;text-align:center}.elementor-widget-video .elementor-custom-embed-image-overlay:hover .elementor-custom-embed-play i{opacity:1}.elementor-widget-video .elementor-custom-embed-image-overlay img{display:block;width:100%}.elementor-widget-video .e-hosted-video .elementor-video{-o-object-fit:cover;object-fit:cover}.e-con-inner>.elementor-widget-video,.e-con>.elementor-widget-video{width:var(--container-widget-width);--flex-grow:var(--container-widget-flex-grow)}<\/style>\t\t<div class=\"e-hosted-video elementor-wrapper elementor-open-inline\">\n\t\t\t\t\t<video class=\"elementor-video\" src=\"http:\/\/localhost\/wp-content\/uploads\/2022\/11\/Video-oleoturismo-2.mp4\" loop=\"\" preload=\"metadata\" muted=\"muted\" controlsList=\"nodownload\" poster=\"http:\/\/localhost\/wp-content\/uploads\/2022\/11\/Oleoturisme-2.jpg\"><\/video>\n\t\t\t\t\t\t<div class=\"elementor-custom-embed-image-overlay\" style=\"background-image: url(https:\/\/www.olitravadell.com\/wp-content\/uploads\/2022\/11\/Oleoturisme-2.jpg);\">\n\t\t\t\t\t\t\t\t\t\t\t\t\t\t\t\t<div class=\"elementor-custom-embed-play\" role=\"button\" aria-label=\"Reproducir v\u00eddeo\" tabindex=\"0\">\n\t\t\t\t\t\t\t<i aria-hidden=\"true\" class=\"eicon-play\"><\/i>\t\t\t\t\t\t\t<span class=\"elementor-screen-only\">Reproducir v\u00eddeo<\/span>\n\t\t\t\t\t\t<\/div>\n\t\t\t\t\t\t\t\t\t<\/div>\n\t\t\t\t\t<\/div>\n\t\t\t\t<\/div>\n\t\t\t\t<\/div>\n\t\t\t\t\t<\/div>\n\t\t<\/div>\n\t\t\t\t\t\t\t<\/div>\n\t\t<\/section>\n\t\t\t\t\t\t\t<\/div>\n\t\t","protected":false},"excerpt":{"rendered":"<p>El olivo es el cultivo m\u00e1s enraizado en los paisajes de nuestras comarcas del interior de la Monta\u00f1a de Alicante. Oleoturismo No te llevar\u00e1s a casa s\u00f3lo el recuerdo de una cata de aceite y un paseo, llevar\u00e1s contigo parte de nuestra cultura Ver rutas http:\/\/localhost\/wp-content\/uploads\/2022\/11\/Video-oleoturismo-2.mp4<\/p>\n","protected":false},"author":1,"featured_media":1400,"parent":0,"menu_order":0,"comment_status":"closed","ping_status":"closed","template":"","meta":[],"acf":[],"yoast_head":"<!-- This site is optimized with the Yoast SEO plugin v20.4 - https:\/\/yoast.com\/wordpress\/plugins\/seo\/ -->\n<title>AOVE, territorio y dieta medietarr\u00e1nea - Oli Travadell<\/title>\n<meta name=\"robots\" content=\"index, follow, max-snippet:-1, max-image-preview:large, max-video-preview:-1\" \/>\n<link rel=\"canonical\" href=\"https:\/\/www.olitravadell.com\/es\/aove-territorio-y-dieta-medietarranea\/\" \/>\n<meta property=\"og:locale\" content=\"es_ES\" \/>\n<meta property=\"og:type\" content=\"article\" \/>\n<meta property=\"og:title\" content=\"AOVE, territorio y dieta medietarr\u00e1nea - Oli Travadell\" \/>\n<meta property=\"og:description\" content=\"El olivo es el cultivo m\u00e1s enraizado en los paisajes de nuestras comarcas del interior de la Monta\u00f1a de Alicante. Oleoturismo No te llevar\u00e1s a casa s\u00f3lo el recuerdo de una cata de aceite y un paseo, llevar\u00e1s contigo parte de nuestra cultura Ver rutas http:\/\/localhost\/wp-content\/uploads\/2022\/11\/Video-oleoturismo-2.mp4\" \/>\n<meta property=\"og:url\" content=\"https:\/\/www.olitravadell.com\/es\/aove-territorio-y-dieta-medietarranea\/\" \/>\n<meta property=\"og:site_name\" content=\"Oli Travadell\" \/>\n<meta property=\"article:modified_time\" content=\"2022-11-04T07:34:51+00:00\" \/>\n<meta property=\"og:image\" content=\"https:\/\/www.olitravadell.com\/wp-content\/uploads\/2022\/11\/AOVE-Territori-i-DM-oli-travadell.jpg\" \/>\n\t<meta property=\"og:image:width\" content=\"1920\" \/>\n\t<meta property=\"og:image:height\" content=\"600\" \/>\n\t<meta property=\"og:image:type\" content=\"image\/jpeg\" \/>\n<meta name=\"twitter:card\" content=\"summary_large_image\" \/>\n<meta name=\"twitter:label1\" content=\"Tiempo de lectura\" \/>\n\t<meta name=\"twitter:data1\" content=\"1 minuto\" \/>\n<script type=\"application\/ld+json\" class=\"yoast-schema-graph\">{\"@context\":\"https:\/\/schema.org\",\"@graph\":[{\"@type\":\"WebPage\",\"@id\":\"https:\/\/www.olitravadell.com\/es\/aove-territorio-y-dieta-medietarranea\/\",\"url\":\"https:\/\/www.olitravadell.com\/es\/aove-territorio-y-dieta-medietarranea\/\",\"name\":\"AOVE, territorio y dieta medietarr\u00e1nea - Oli Travadell\",\"isPartOf\":{\"@id\":\"https:\/\/www.olitravadell.com\/es\/#website\"},\"datePublished\":\"2022-11-02T09:18:22+00:00\",\"dateModified\":\"2022-11-04T07:34:51+00:00\",\"breadcrumb\":{\"@id\":\"https:\/\/www.olitravadell.com\/es\/aove-territorio-y-dieta-medietarranea\/#breadcrumb\"},\"inLanguage\":\"es\",\"potentialAction\":[{\"@type\":\"ReadAction\",\"target\":[\"https:\/\/www.olitravadell.com\/es\/aove-territorio-y-dieta-medietarranea\/\"]}]},{\"@type\":\"BreadcrumbList\",\"@id\":\"https:\/\/www.olitravadell.com\/es\/aove-territorio-y-dieta-medietarranea\/#breadcrumb\",\"itemListElement\":[{\"@type\":\"ListItem\",\"position\":1,\"name\":\"Inicio\",\"item\":\"https:\/\/www.olitravadell.com\/es\/\"},{\"@type\":\"ListItem\",\"position\":2,\"name\":\"AOVE, territorio y dieta medietarr\u00e1nea\"}]},{\"@type\":\"WebSite\",\"@id\":\"https:\/\/www.olitravadell.com\/es\/#website\",\"url\":\"https:\/\/www.olitravadell.com\/es\/\",\"name\":\"Oli Travadell\",\"description\":\"Otro sitio realizado con WordPress\",\"publisher\":{\"@id\":\"https:\/\/www.olitravadell.com\/es\/#organization\"},\"potentialAction\":[{\"@type\":\"SearchAction\",\"target\":{\"@type\":\"EntryPoint\",\"urlTemplate\":\"https:\/\/www.olitravadell.com\/es\/?s={search_term_string}\"},\"query-input\":\"required name=search_term_string\"}],\"inLanguage\":\"es\"},{\"@type\":\"Organization\",\"@id\":\"https:\/\/www.olitravadell.com\/es\/#organization\",\"name\":\"Oli Travadell\",\"url\":\"https:\/\/www.olitravadell.com\/es\/\",\"logo\":{\"@type\":\"ImageObject\",\"inLanguage\":\"es\",\"@id\":\"https:\/\/www.olitravadell.com\/es\/#\/schema\/logo\/image\/\",\"url\":\"https:\/\/www.olitravadell.com\/wp-content\/uploads\/2021\/11\/logo-almassera.svg\",\"contentUrl\":\"https:\/\/www.olitravadell.com\/wp-content\/uploads\/2021\/11\/logo-almassera.svg\",\"width\":307,\"height\":85,\"caption\":\"Oli Travadell\"},\"image\":{\"@id\":\"https:\/\/www.olitravadell.com\/es\/#\/schema\/logo\/image\/\"}}]}<\/script>\n<!-- \/ Yoast SEO plugin. -->","yoast_head_json":{"title":"AOVE, territorio y dieta medietarr\u00e1nea - Oli Travadell","robots":{"index":"index","follow":"follow","max-snippet":"max-snippet:-1","max-image-preview":"max-image-preview:large","max-video-preview":"max-video-preview:-1"},"canonical":"https:\/\/www.olitravadell.com\/es\/aove-territorio-y-dieta-medietarranea\/","og_locale":"es_ES","og_type":"article","og_title":"AOVE, territorio y dieta medietarr\u00e1nea - Oli Travadell","og_description":"El olivo es el cultivo m\u00e1s enraizado en los paisajes de nuestras comarcas del interior de la Monta\u00f1a de Alicante. Oleoturismo No te llevar\u00e1s a casa s\u00f3lo el recuerdo de una cata de aceite y un paseo, llevar\u00e1s contigo parte de nuestra cultura Ver rutas http:\/\/localhost\/wp-content\/uploads\/2022\/11\/Video-oleoturismo-2.mp4","og_url":"https:\/\/www.olitravadell.com\/es\/aove-territorio-y-dieta-medietarranea\/","og_site_name":"Oli Travadell","article_modified_time":"2022-11-04T07:34:51+00:00","og_image":[{"width":1920,"height":600,"url":"https:\/\/www.olitravadell.com\/wp-content\/uploads\/2022\/11\/AOVE-Territori-i-DM-oli-travadell.jpg","type":"image\/jpeg"}],"twitter_card":"summary_large_image","twitter_misc":{"Tiempo de lectura":"1 minuto"},"schema":{"@context":"https:\/\/schema.org","@graph":[{"@type":"WebPage","@id":"https:\/\/www.olitravadell.com\/es\/aove-territorio-y-dieta-medietarranea\/","url":"https:\/\/www.olitravadell.com\/es\/aove-territorio-y-dieta-medietarranea\/","name":"AOVE, territorio y dieta medietarr\u00e1nea - Oli Travadell","isPartOf":{"@id":"https:\/\/www.olitravadell.com\/es\/#website"},"datePublished":"2022-11-02T09:18:22+00:00","dateModified":"2022-11-04T07:34:51+00:00","breadcrumb":{"@id":"https:\/\/www.olitravadell.com\/es\/aove-territorio-y-dieta-medietarranea\/#breadcrumb"},"inLanguage":"es","potentialAction":[{"@type":"ReadAction","target":["https:\/\/www.olitravadell.com\/es\/aove-territorio-y-dieta-medietarranea\/"]}]},{"@type":"BreadcrumbList","@id":"https:\/\/www.olitravadell.com\/es\/aove-territorio-y-dieta-medietarranea\/#breadcrumb","itemListElement":[{"@type":"ListItem","position":1,"name":"Inicio","item":"https:\/\/www.olitravadell.com\/es\/"},{"@type":"ListItem","position":2,"name":"AOVE, territorio y dieta medietarr\u00e1nea"}]},{"@type":"WebSite","@id":"https:\/\/www.olitravadell.com\/es\/#website","url":"https:\/\/www.olitravadell.com\/es\/","name":"Oli Travadell","description":"Otro sitio realizado con WordPress","publisher":{"@id":"https:\/\/www.olitravadell.com\/es\/#organization"},"potentialAction":[{"@type":"SearchAction","target":{"@type":"EntryPoint","urlTemplate":"https:\/\/www.olitravadell.com\/es\/?s={search_term_string}"},"query-input":"required name=search_term_string"}],"inLanguage":"es"},{"@type":"Organization","@id":"https:\/\/www.olitravadell.com\/es\/#organization","name":"Oli Travadell","url":"https:\/\/www.olitravadell.com\/es\/","logo":{"@type":"ImageObject","inLanguage":"es","@id":"https:\/\/www.olitravadell.com\/es\/#\/schema\/logo\/image\/","url":"https:\/\/www.olitravadell.com\/wp-content\/uploads\/2021\/11\/logo-almassera.svg","contentUrl":"https:\/\/www.olitravadell.com\/wp-content\/uploads\/2021\/11\/logo-almassera.svg","width":307,"height":85,"caption":"Oli Travadell"},"image":{"@id":"https:\/\/www.olitravadell.com\/es\/#\/schema\/logo\/image\/"}}]}},"_links":{"self":[{"href":"https:\/\/www.olitravadell.com\/es\/wp-json\/wp\/v2\/pages\/1179"}],"collection":[{"href":"https:\/\/www.olitravadell.com\/es\/wp-json\/wp\/v2\/pages"}],"about":[{"href":"https:\/\/www.olitravadell.com\/es\/wp-json\/wp\/v2\/types\/page"}],"author":[{"embeddable":true,"href":"https:\/\/www.olitravadell.com\/es\/wp-json\/wp\/v2\/users\/1"}],"replies":[{"embeddable":true,"href":"https:\/\/www.olitravadell.com\/es\/wp-json\/wp\/v2\/comments?post=1179"}],"version-history":[{"count":11,"href":"https:\/\/www.olitravadell.com\/es\/wp-json\/wp\/v2\/pages\/1179\/revisions"}],"predecessor-version":[{"id":1408,"href":"https:\/\/www.olitravadell.com\/es\/wp-json\/wp\/v2\/pages\/1179\/revisions\/1408"}],"wp:featuredmedia":[{"embeddable":true,"href":"https:\/\/www.olitravadell.com\/es\/wp-json\/wp\/v2\/media\/1400"}],"wp:attachment":[{"href":"https:\/\/www.olitravadell.com\/es\/wp-json\/wp\/v2\/media?parent=1179"}],"curies":[{"name":"wp","href":"https:\/\/api.w.org\/{rel}","templated":true}]}}