{"id":762,"date":"2022-02-07T17:23:16","date_gmt":"2022-02-07T16:23:16","guid":{"rendered":"https:\/\/www.olitravadell.com\/?page_id=762"},"modified":"2022-11-04T08:17:53","modified_gmt":"2022-11-04T07:17:53","slug":"historia","status":"publish","type":"page","link":"https:\/\/www.olitravadell.com\/es\/historia\/","title":{"rendered":"Historia"},"content":{"rendered":"\t\t<div data-elementor-type=\"wp-page\" data-elementor-id=\"762\" class=\"elementor elementor-762\">\n\t\t\t\t\t\t\t\t\t<section class=\"elementor-section elementor-top-section elementor-element elementor-element-f3e4949 elementor-section-boxed elementor-section-height-default elementor-section-height-default\" data-id=\"f3e4949\" data-element_type=\"section\">\n\t\t\t\t\t\t<div class=\"elementor-container elementor-column-gap-default\">\n\t\t\t\t\t<div class=\"elementor-column elementor-col-100 elementor-top-column elementor-element elementor-element-d613809\" data-id=\"d613809\" data-element_type=\"column\">\n\t\t\t<div class=\"elementor-widget-wrap elementor-element-populated\">\n\t\t\t\t\t\t\t\t<div class=\"elementor-element elementor-element-aaae031 elementor-align-center elementor-mobile-align-left elementor-widget elementor-widget-breadcrumbs\" data-id=\"aaae031\" data-element_type=\"widget\" data-widget_type=\"breadcrumbs.default\">\n\t\t\t\t<div class=\"elementor-widget-container\">\n\t\t\t<link rel=\"stylesheet\" href=\"https:\/\/www.olitravadell.com\/wp-content\/plugins\/elementor-pro\/assets\/css\/widget-theme-elements.min.css\"><p id=\"breadcrumbs\"><span><span><a href=\"https:\/\/www.olitravadell.com\/es\/\">Inicio<\/a><\/span><\/span><\/p>\t\t<\/div>\n\t\t\t\t<\/div>\n\t\t\t\t<section class=\"elementor-section elementor-inner-section elementor-element elementor-element-727fdb0 elementor-section-boxed elementor-section-height-default elementor-section-height-default\" data-id=\"727fdb0\" data-element_type=\"section\">\n\t\t\t\t\t\t<div class=\"elementor-container elementor-column-gap-default\">\n\t\t\t\t\t<div class=\"elementor-column elementor-col-100 elementor-inner-column elementor-element elementor-element-6df3088\" data-id=\"6df3088\" data-element_type=\"column\">\n\t\t\t<div class=\"elementor-widget-wrap elementor-element-populated\">\n\t\t\t\t\t\t\t\t<div class=\"elementor-element elementor-element-36d48e5 elementor-widget elementor-widget-text-editor\" data-id=\"36d48e5\" data-element_type=\"widget\" data-widget_type=\"text-editor.default\">\n\t\t\t\t<div class=\"elementor-widget-container\">\n\t\t\t<style>\/*! elementor - v3.12.1 - 02-04-2023 *\/\n.elementor-widget-text-editor.elementor-drop-cap-view-stacked .elementor-drop-cap{background-color:#69727d;color:#fff}.elementor-widget-text-editor.elementor-drop-cap-view-framed .elementor-drop-cap{color:#69727d;border:3px solid;background-color:transparent}.elementor-widget-text-editor:not(.elementor-drop-cap-view-default) .elementor-drop-cap{margin-top:8px}.elementor-widget-text-editor:not(.elementor-drop-cap-view-default) .elementor-drop-cap-letter{width:1em;height:1em}.elementor-widget-text-editor .elementor-drop-cap{float:left;text-align:center;line-height:1;font-size:50px}.elementor-widget-text-editor .elementor-drop-cap-letter{display:inline-block}<\/style>\t\t\t\t<p>La Almazara de Millena es la historia de tres generaciones de la familia Ferrando, dedicadas a la elaboraci\u00f3n del zumo de la aceituna desde 1950, en la peque\u00f1a localidad de Millena, en el Valle de Travadell, en plena Monta\u00f1a de Alicante.<\/p>\t\t\t\t\t\t<\/div>\n\t\t\t\t<\/div>\n\t\t\t\t\t<\/div>\n\t\t<\/div>\n\t\t\t\t\t\t\t<\/div>\n\t\t<\/section>\n\t\t\t\t\t<\/div>\n\t\t<\/div>\n\t\t\t\t\t\t\t<\/div>\n\t\t<\/section>\n\t\t\t\t<section class=\"elementor-section elementor-top-section elementor-element elementor-element-b3df0a9 elementor-section-boxed elementor-section-height-default elementor-section-height-default\" data-id=\"b3df0a9\" data-element_type=\"section\">\n\t\t\t\t\t\t<div class=\"elementor-container elementor-column-gap-default\">\n\t\t\t\t\t<div class=\"elementor-column elementor-col-100 elementor-top-column elementor-element elementor-element-46b9208\" data-id=\"46b9208\" data-element_type=\"column\">\n\t\t\t<div class=\"elementor-widget-wrap elementor-element-populated\">\n\t\t\t\t\t\t\t\t<div class=\"elementor-element elementor-element-4297296 courses-featured-picture elementor-widget elementor-widget-theme-post-featured-image elementor-widget-image\" data-id=\"4297296\" data-element_type=\"widget\" data-widget_type=\"theme-post-featured-image.default\">\n\t\t\t\t<div class=\"elementor-widget-container\">\n\t\t\t<style>\/*! elementor - v3.12.1 - 02-04-2023 *\/\n.elementor-widget-image{text-align:center}.elementor-widget-image a{display:inline-block}.elementor-widget-image a img[src$=\".svg\"]{width:48px}.elementor-widget-image img{vertical-align:middle;display:inline-block}<\/style>\t\t\t\t\t\t\t\t\t\t\t\t<img decoding=\"async\" width=\"1800\" height=\"1471\" src=\"https:\/\/www.olitravadell.com\/wp-content\/uploads\/2022\/11\/historia-oli-travadell.jpg\" class=\"attachment-full size-full wp-image-1360\" alt=\"\" loading=\"lazy\" srcset=\"https:\/\/www.olitravadell.com\/wp-content\/uploads\/2022\/11\/historia-oli-travadell.jpg 1800w, https:\/\/www.olitravadell.com\/wp-content\/uploads\/2022\/11\/historia-oli-travadell-300x245.jpg 300w, https:\/\/www.olitravadell.com\/wp-content\/uploads\/2022\/11\/historia-oli-travadell-1024x837.jpg 1024w, https:\/\/www.olitravadell.com\/wp-content\/uploads\/2022\/11\/historia-oli-travadell-768x628.jpg 768w, https:\/\/www.olitravadell.com\/wp-content\/uploads\/2022\/11\/historia-oli-travadell-1536x1255.jpg 1536w, https:\/\/www.olitravadell.com\/wp-content\/uploads\/2022\/11\/historia-oli-travadell-600x490.jpg 600w\" sizes=\"(max-width: 1800px) 100vw, 1800px\" \/>\t\t\t\t\t\t\t\t\t\t\t\t\t\t\t<\/div>\n\t\t\t\t<\/div>\n\t\t\t\t\t<\/div>\n\t\t<\/div>\n\t\t\t\t\t\t\t<\/div>\n\t\t<\/section>\n\t\t\t\t<section class=\"elementor-section elementor-top-section elementor-element elementor-element-81afe3e elementor-section-boxed elementor-section-height-default elementor-section-height-default\" data-id=\"81afe3e\" data-element_type=\"section\">\n\t\t\t\t\t\t<div class=\"elementor-container elementor-column-gap-default\">\n\t\t\t\t\t<div class=\"elementor-column elementor-col-100 elementor-top-column elementor-element elementor-element-58c0ba9\" data-id=\"58c0ba9\" data-element_type=\"column\">\n\t\t\t<div class=\"elementor-widget-wrap elementor-element-populated\">\n\t\t\t\t\t\t\t\t<div class=\"elementor-element elementor-element-4eda905 acf-page-content elementor-widget elementor-widget-text-editor\" data-id=\"4eda905\" data-element_type=\"widget\" data-widget_type=\"text-editor.default\">\n\t\t\t\t<div class=\"elementor-widget-container\">\n\t\t\t\t\t\t\t<p>Por aquel entonces, Juan Ferrando Olcina, \u2018Juanet\u2019, abr\u00eda la primera almazara en esta localidad alicantina. As\u00ed nac\u00edan los aceites de la Alm\u00e0ssera de Millena, que m\u00e1s adelante dar\u00eda lugar a la marca TRAVADELL.<br \/>\nEn los a\u00f1os 60 se construye otra almazara de mayores dimensiones, debajo de la casa familiar.<\/p>\n<p>A Juanet le gustaba pelear con las aceitunas y con el aceite, con los que pas\u00f3 gran parte de su vida. En compa\u00f1\u00eda de Otilia, su esposa y madre de cuatro hijos.<br \/>\nDos de ellos entran en el negocio en la d\u00e9cada de los 80, primero Juanvi, el hermano mayor y, m\u00e1s tarde, tambi\u00e9n Josep Miquel. Hoy ya hay una tercera generaci\u00f3n de la familia Ferrando junto a ellos.<\/p>\n<p><img decoding=\"async\" loading=\"lazy\" class=\"aligncenter wp-image-1363 size-full\" src=\"http:\/\/localhost\/wp-content\/uploads\/2022\/11\/historia-oli-travadell-2.jpg\" alt=\"\" width=\"1080\" height=\"687\" srcset=\"https:\/\/www.olitravadell.com\/wp-content\/uploads\/2022\/11\/historia-oli-travadell-2.jpg 1080w, https:\/\/www.olitravadell.com\/wp-content\/uploads\/2022\/11\/historia-oli-travadell-2-300x191.jpg 300w, https:\/\/www.olitravadell.com\/wp-content\/uploads\/2022\/11\/historia-oli-travadell-2-1024x651.jpg 1024w, https:\/\/www.olitravadell.com\/wp-content\/uploads\/2022\/11\/historia-oli-travadell-2-768x489.jpg 768w, https:\/\/www.olitravadell.com\/wp-content\/uploads\/2022\/11\/historia-oli-travadell-2-600x382.jpg 600w\" sizes=\"(max-width: 1080px) 100vw, 1080px\" \/><\/p>\n<p>La almazara moderniza sus instalaciones en el a\u00f1o 2000, ampliando la producci\u00f3n con el Aceite de Oliva Virgen Extra Ecol\u00f3gico y la creaci\u00f3n de la marca ECOTRAVADELL.<\/p>\n<p>En el a\u00f1o 2018 tiene lugar la construcci\u00f3n de la actual almazara, ya fuera del casco urbano del pueblo. Unas modernas instalaciones que permiten aumentar la producci\u00f3n hasta 3-4 millones de kilos de aceituna cada campa\u00f1a.<br \/>\nDesde entonces, se ha potenciado el servicio de maquilas, fruto del cual el agricultor puede obtener el aceite de sus propias aceitunas y utilizarlo \u00fanicamente para autoconsumo o con su marca propia.<br \/>\nCada d\u00eda m\u00e1s, la almazara hace de paraguas ofreciendo sus instalaciones y su apoyo t\u00e9cnico a peque\u00f1os productores que quieren elaborar AOVE bajo su marca propia y comercializar ellos mismos su producto.<br \/>\nUna agrotienda inaugurada en 2018 abre sus puertas todo el a\u00f1o, ofreciendo los AOVEs de la Almazara de Millena, as\u00ed como un amplio surtido de productos km 0 y ecol\u00f3gicos seleccionados de otros productores de la zona.<\/p>\n<p><img decoding=\"async\" loading=\"lazy\" class=\"aligncenter wp-image-1367 size-full\" src=\"http:\/\/localhost\/wp-content\/uploads\/2022\/11\/historia-oli-travadell-5.jpg\" alt=\"\" width=\"1500\" height=\"692\" srcset=\"https:\/\/www.olitravadell.com\/wp-content\/uploads\/2022\/11\/historia-oli-travadell-5.jpg 1500w, https:\/\/www.olitravadell.com\/wp-content\/uploads\/2022\/11\/historia-oli-travadell-5-300x138.jpg 300w, https:\/\/www.olitravadell.com\/wp-content\/uploads\/2022\/11\/historia-oli-travadell-5-1024x472.jpg 1024w, https:\/\/www.olitravadell.com\/wp-content\/uploads\/2022\/11\/historia-oli-travadell-5-768x354.jpg 768w, https:\/\/www.olitravadell.com\/wp-content\/uploads\/2022\/11\/historia-oli-travadell-5-600x277.jpg 600w\" sizes=\"(max-width: 1500px) 100vw, 1500px\" \/><\/p>\n<p>Tras m\u00e1s de 70 a\u00f1os de historia, Almazara de Millena sigue ofreciendo su experiencia para obtener AOVE de gran calidad. Con el mismo cuidado que pon\u00eda Juanet, su fundador, pero aplicando la tecnolog\u00eda en las t\u00e9cnicas de extracci\u00f3n y los conocimientos actuales que dan lugar a un aut\u00e9ntico zumo de aceitunas, puro sabor y fuente de salud.<\/p>\n\t\t\t\t\t\t<\/div>\n\t\t\t\t<\/div>\n\t\t\t\t\t<\/div>\n\t\t<\/div>\n\t\t\t\t\t\t\t<\/div>\n\t\t<\/section>\n\t\t\t\t<section class=\"elementor-section elementor-top-section elementor-element elementor-element-644d0f6 elementor-section-full_width elementor-reverse-mobile elementor-reverse-tablet elementor-section-height-default elementor-section-height-default\" data-id=\"644d0f6\" data-element_type=\"section\" data-settings=\"{&quot;background_background&quot;:&quot;classic&quot;}\">\n\t\t\t\t\t\t<div class=\"elementor-container elementor-column-gap-default\">\n\t\t\t\t\t<div class=\"elementor-column elementor-col-33 elementor-top-column elementor-element elementor-element-f65ee74\" data-id=\"f65ee74\" data-element_type=\"column\">\n\t\t\t<div class=\"elementor-widget-wrap elementor-element-populated\">\n\t\t\t\t\t\t\t\t<section class=\"elementor-section elementor-inner-section elementor-element elementor-element-fcc15ed elementor-section-boxed elementor-section-height-default elementor-section-height-default\" data-id=\"fcc15ed\" data-element_type=\"section\">\n\t\t\t\t\t\t<div class=\"elementor-container elementor-column-gap-default\">\n\t\t\t\t\t<div class=\"elementor-column elementor-col-100 elementor-inner-column elementor-element elementor-element-f4de53f\" data-id=\"f4de53f\" data-element_type=\"column\">\n\t\t\t<div class=\"elementor-widget-wrap elementor-element-populated\">\n\t\t\t\t\t\t\t\t<div class=\"elementor-element elementor-element-a14c175 elementor-widget elementor-widget-heading\" data-id=\"a14c175\" data-element_type=\"widget\" data-widget_type=\"heading.default\">\n\t\t\t\t<div class=\"elementor-widget-container\">\n\t\t\t<style>\/*! elementor - v3.12.1 - 02-04-2023 *\/\n.elementor-heading-title{padding:0;margin:0;line-height:1}.elementor-widget-heading .elementor-heading-title[class*=elementor-size-]>a{color:inherit;font-size:inherit;line-height:inherit}.elementor-widget-heading .elementor-heading-title.elementor-size-small{font-size:15px}.elementor-widget-heading .elementor-heading-title.elementor-size-medium{font-size:19px}.elementor-widget-heading .elementor-heading-title.elementor-size-large{font-size:29px}.elementor-widget-heading .elementor-heading-title.elementor-size-xl{font-size:39px}.elementor-widget-heading .elementor-heading-title.elementor-size-xxl{font-size:59px}<\/style><h2 class=\"elementor-heading-title elementor-size-default\">Oleoturismo<\/h2>\t\t<\/div>\n\t\t\t\t<\/div>\n\t\t\t\t<div class=\"elementor-element elementor-element-44f40e2 elementor-widget elementor-widget-image\" data-id=\"44f40e2\" data-element_type=\"widget\" data-widget_type=\"image.default\">\n\t\t\t\t<div class=\"elementor-widget-container\">\n\t\t\t\t\t\t\t\t\t\t\t\t\t\t\t<img decoding=\"async\" width=\"147\" height=\"10\" src=\"https:\/\/www.olitravadell.com\/wp-content\/uploads\/2022\/02\/deco-green.png\" class=\"attachment-full size-full wp-image-466\" alt=\"\" loading=\"lazy\" \/>\t\t\t\t\t\t\t\t\t\t\t\t\t\t\t<\/div>\n\t\t\t\t<\/div>\n\t\t\t\t<div class=\"elementor-element elementor-element-633ebb0 elementor-widget elementor-widget-text-editor\" data-id=\"633ebb0\" data-element_type=\"widget\" data-widget_type=\"text-editor.default\">\n\t\t\t\t<div class=\"elementor-widget-container\">\n\t\t\t\t\t\t\t<p>No te llevar\u00e1s a casa s\u00f3lo el recuerdo de una cata de aceite y un paseo, llevar\u00e1s contigo parte de nuestra cultura<\/p>\t\t\t\t\t\t<\/div>\n\t\t\t\t<\/div>\n\t\t\t\t<div class=\"elementor-element elementor-element-db7135f elementor-widget elementor-widget-button\" data-id=\"db7135f\" data-element_type=\"widget\" data-widget_type=\"button.default\">\n\t\t\t\t<div class=\"elementor-widget-container\">\n\t\t\t\t\t<div class=\"elementor-button-wrapper\">\n\t\t\t<a href=\"https:\/\/www.olitravadell.com\/es\/oleoturismo\/\" class=\"elementor-button-link elementor-button elementor-size-sm\" role=\"button\">\n\t\t\t\t\t\t<span class=\"elementor-button-content-wrapper\">\n\t\t\t\t\t\t<span class=\"elementor-button-text\">Ver rutas<\/span>\n\t\t<\/span>\n\t\t\t\t\t<\/a>\n\t\t<\/div>\n\t\t\t\t<\/div>\n\t\t\t\t<\/div>\n\t\t\t\t\t<\/div>\n\t\t<\/div>\n\t\t\t\t\t\t\t<\/div>\n\t\t<\/section>\n\t\t\t\t\t<\/div>\n\t\t<\/div>\n\t\t\t\t<div class=\"elementor-column elementor-col-66 elementor-top-column elementor-element elementor-element-f12ace9\" data-id=\"f12ace9\" data-element_type=\"column\">\n\t\t\t<div class=\"elementor-widget-wrap elementor-element-populated\">\n\t\t\t\t\t\t\t\t<div class=\"elementor-element elementor-element-1032a67 elementor-widget elementor-widget-video\" data-id=\"1032a67\" data-element_type=\"widget\" data-settings=\"{&quot;video_type&quot;:&quot;hosted&quot;,&quot;show_image_overlay&quot;:&quot;yes&quot;,&quot;image_overlay&quot;:{&quot;url&quot;:&quot;http:\\\/\\\/localhost\\\/wp-content\\\/uploads\\\/2022\\\/11\\\/Oleoturisme-2.jpg&quot;,&quot;id&quot;:1354,&quot;size&quot;:&quot;&quot;,&quot;alt&quot;:&quot;&quot;,&quot;source&quot;:&quot;library&quot;},&quot;mute&quot;:&quot;yes&quot;,&quot;loop&quot;:&quot;yes&quot;}\" data-widget_type=\"video.default\">\n\t\t\t\t<div class=\"elementor-widget-container\">\n\t\t\t<style>\/*! elementor - v3.12.1 - 02-04-2023 *\/\n.elementor-widget-video .elementor-widget-container{overflow:hidden;transform:translateZ(0)}.elementor-widget-video .elementor-wrapper iframe,.elementor-widget-video .elementor-wrapper video{height:100%;width:100%;display:flex;border:none;background-color:#000}.elementor-widget-video .elementor-open-inline .elementor-custom-embed-image-overlay{position:absolute;top:0;left:0;width:100%;height:100%;background-size:cover;background-position:50%}.elementor-widget-video .elementor-custom-embed-image-overlay{cursor:pointer;text-align:center}.elementor-widget-video .elementor-custom-embed-image-overlay:hover .elementor-custom-embed-play i{opacity:1}.elementor-widget-video .elementor-custom-embed-image-overlay img{display:block;width:100%}.elementor-widget-video .e-hosted-video .elementor-video{-o-object-fit:cover;object-fit:cover}.e-con-inner>.elementor-widget-video,.e-con>.elementor-widget-video{width:var(--container-widget-width);--flex-grow:var(--container-widget-flex-grow)}<\/style>\t\t<div class=\"e-hosted-video elementor-wrapper elementor-open-inline\">\n\t\t\t\t\t<video class=\"elementor-video\" src=\"http:\/\/localhost\/wp-content\/uploads\/2022\/11\/Video-oleoturismo-2.mp4\" loop=\"\" preload=\"metadata\" muted=\"muted\" controlsList=\"nodownload\" poster=\"http:\/\/localhost\/wp-content\/uploads\/2022\/11\/Oleoturisme-2.jpg\"><\/video>\n\t\t\t\t\t\t<div class=\"elementor-custom-embed-image-overlay\" style=\"background-image: url(https:\/\/www.olitravadell.com\/wp-content\/uploads\/2022\/11\/Oleoturisme-2.jpg);\">\n\t\t\t\t\t\t\t\t\t\t\t\t\t\t\t\t<div class=\"elementor-custom-embed-play\" role=\"button\" aria-label=\"Reproducir v\u00eddeo\" tabindex=\"0\">\n\t\t\t\t\t\t\t<i aria-hidden=\"true\" class=\"eicon-play\"><\/i>\t\t\t\t\t\t\t<span class=\"elementor-screen-only\">Reproducir v\u00eddeo<\/span>\n\t\t\t\t\t\t<\/div>\n\t\t\t\t\t\t\t\t\t<\/div>\n\t\t\t\t\t<\/div>\n\t\t\t\t<\/div>\n\t\t\t\t<\/div>\n\t\t\t\t\t<\/div>\n\t\t<\/div>\n\t\t\t\t\t\t\t<\/div>\n\t\t<\/section>\n\t\t\t\t\t\t\t<\/div>\n\t\t","protected":false},"excerpt":{"rendered":"<p>La Almazara de Millena es la historia de tres generaciones de la familia Ferrando, dedicadas a la elaboraci\u00f3n del zumo de la aceituna desde 1950, en la peque\u00f1a localidad de Millena, en el Valle de Travadell, en plena Monta\u00f1a de Alicante. Oleoturismo No te llevar\u00e1s a casa s\u00f3lo el recuerdo de una cata de aceite [&hellip;]<\/p>\n","protected":false},"author":1,"featured_media":1360,"parent":0,"menu_order":0,"comment_status":"closed","ping_status":"closed","template":"","meta":[],"acf":[],"yoast_head":"<!-- This site is optimized with the Yoast SEO plugin v20.4 - https:\/\/yoast.com\/wordpress\/plugins\/seo\/ -->\n<title>Historia - Oli Travadell<\/title>\n<meta name=\"robots\" content=\"index, follow, max-snippet:-1, max-image-preview:large, max-video-preview:-1\" \/>\n<link rel=\"canonical\" href=\"https:\/\/www.olitravadell.com\/es\/historia\/\" \/>\n<meta property=\"og:locale\" content=\"es_ES\" \/>\n<meta property=\"og:type\" content=\"article\" \/>\n<meta property=\"og:title\" content=\"Historia - Oli Travadell\" \/>\n<meta property=\"og:description\" content=\"La Almazara de Millena es la historia de tres generaciones de la familia Ferrando, dedicadas a la elaboraci\u00f3n del zumo de la aceituna desde 1950, en la peque\u00f1a localidad de Millena, en el Valle de Travadell, en plena Monta\u00f1a de Alicante. Oleoturismo No te llevar\u00e1s a casa s\u00f3lo el recuerdo de una cata de aceite [&hellip;]\" \/>\n<meta property=\"og:url\" content=\"https:\/\/www.olitravadell.com\/es\/historia\/\" \/>\n<meta property=\"og:site_name\" content=\"Oli Travadell\" \/>\n<meta property=\"article:modified_time\" content=\"2022-11-04T07:17:53+00:00\" \/>\n<meta property=\"og:image\" content=\"https:\/\/www.olitravadell.com\/wp-content\/uploads\/2022\/11\/historia-oli-travadell.jpg\" \/>\n\t<meta property=\"og:image:width\" content=\"1800\" \/>\n\t<meta property=\"og:image:height\" content=\"1471\" \/>\n\t<meta property=\"og:image:type\" content=\"image\/jpeg\" \/>\n<meta name=\"twitter:card\" content=\"summary_large_image\" \/>\n<meta name=\"twitter:label1\" content=\"Tiempo de lectura\" \/>\n\t<meta name=\"twitter:data1\" content=\"3 minutos\" \/>\n<script type=\"application\/ld+json\" class=\"yoast-schema-graph\">{\"@context\":\"https:\/\/schema.org\",\"@graph\":[{\"@type\":\"WebPage\",\"@id\":\"https:\/\/www.olitravadell.com\/es\/historia\/\",\"url\":\"https:\/\/www.olitravadell.com\/es\/historia\/\",\"name\":\"Historia - Oli Travadell\",\"isPartOf\":{\"@id\":\"https:\/\/www.olitravadell.com\/es\/#website\"},\"datePublished\":\"2022-02-07T16:23:16+00:00\",\"dateModified\":\"2022-11-04T07:17:53+00:00\",\"breadcrumb\":{\"@id\":\"https:\/\/www.olitravadell.com\/es\/historia\/#breadcrumb\"},\"inLanguage\":\"es\",\"potentialAction\":[{\"@type\":\"ReadAction\",\"target\":[\"https:\/\/www.olitravadell.com\/es\/historia\/\"]}]},{\"@type\":\"BreadcrumbList\",\"@id\":\"https:\/\/www.olitravadell.com\/es\/historia\/#breadcrumb\",\"itemListElement\":[{\"@type\":\"ListItem\",\"position\":1,\"name\":\"Inicio\",\"item\":\"https:\/\/www.olitravadell.com\/es\/\"},{\"@type\":\"ListItem\",\"position\":2,\"name\":\"Historia\"}]},{\"@type\":\"WebSite\",\"@id\":\"https:\/\/www.olitravadell.com\/es\/#website\",\"url\":\"https:\/\/www.olitravadell.com\/es\/\",\"name\":\"Oli Travadell\",\"description\":\"Otro sitio realizado con WordPress\",\"publisher\":{\"@id\":\"https:\/\/www.olitravadell.com\/es\/#organization\"},\"potentialAction\":[{\"@type\":\"SearchAction\",\"target\":{\"@type\":\"EntryPoint\",\"urlTemplate\":\"https:\/\/www.olitravadell.com\/es\/?s={search_term_string}\"},\"query-input\":\"required name=search_term_string\"}],\"inLanguage\":\"es\"},{\"@type\":\"Organization\",\"@id\":\"https:\/\/www.olitravadell.com\/es\/#organization\",\"name\":\"Oli Travadell\",\"url\":\"https:\/\/www.olitravadell.com\/es\/\",\"logo\":{\"@type\":\"ImageObject\",\"inLanguage\":\"es\",\"@id\":\"https:\/\/www.olitravadell.com\/es\/#\/schema\/logo\/image\/\",\"url\":\"https:\/\/www.olitravadell.com\/wp-content\/uploads\/2021\/11\/logo-almassera.svg\",\"contentUrl\":\"https:\/\/www.olitravadell.com\/wp-content\/uploads\/2021\/11\/logo-almassera.svg\",\"width\":307,\"height\":85,\"caption\":\"Oli Travadell\"},\"image\":{\"@id\":\"https:\/\/www.olitravadell.com\/es\/#\/schema\/logo\/image\/\"}}]}<\/script>\n<!-- \/ Yoast SEO plugin. -->","yoast_head_json":{"title":"Historia - Oli Travadell","robots":{"index":"index","follow":"follow","max-snippet":"max-snippet:-1","max-image-preview":"max-image-preview:large","max-video-preview":"max-video-preview:-1"},"canonical":"https:\/\/www.olitravadell.com\/es\/historia\/","og_locale":"es_ES","og_type":"article","og_title":"Historia - Oli Travadell","og_description":"La Almazara de Millena es la historia de tres generaciones de la familia Ferrando, dedicadas a la elaboraci\u00f3n del zumo de la aceituna desde 1950, en la peque\u00f1a localidad de Millena, en el Valle de Travadell, en plena Monta\u00f1a de Alicante. Oleoturismo No te llevar\u00e1s a casa s\u00f3lo el recuerdo de una cata de aceite [&hellip;]","og_url":"https:\/\/www.olitravadell.com\/es\/historia\/","og_site_name":"Oli Travadell","article_modified_time":"2022-11-04T07:17:53+00:00","og_image":[{"width":1800,"height":1471,"url":"https:\/\/www.olitravadell.com\/wp-content\/uploads\/2022\/11\/historia-oli-travadell.jpg","type":"image\/jpeg"}],"twitter_card":"summary_large_image","twitter_misc":{"Tiempo de lectura":"3 minutos"},"schema":{"@context":"https:\/\/schema.org","@graph":[{"@type":"WebPage","@id":"https:\/\/www.olitravadell.com\/es\/historia\/","url":"https:\/\/www.olitravadell.com\/es\/historia\/","name":"Historia - Oli Travadell","isPartOf":{"@id":"https:\/\/www.olitravadell.com\/es\/#website"},"datePublished":"2022-02-07T16:23:16+00:00","dateModified":"2022-11-04T07:17:53+00:00","breadcrumb":{"@id":"https:\/\/www.olitravadell.com\/es\/historia\/#breadcrumb"},"inLanguage":"es","potentialAction":[{"@type":"ReadAction","target":["https:\/\/www.olitravadell.com\/es\/historia\/"]}]},{"@type":"BreadcrumbList","@id":"https:\/\/www.olitravadell.com\/es\/historia\/#breadcrumb","itemListElement":[{"@type":"ListItem","position":1,"name":"Inicio","item":"https:\/\/www.olitravadell.com\/es\/"},{"@type":"ListItem","position":2,"name":"Historia"}]},{"@type":"WebSite","@id":"https:\/\/www.olitravadell.com\/es\/#website","url":"https:\/\/www.olitravadell.com\/es\/","name":"Oli Travadell","description":"Otro sitio realizado con WordPress","publisher":{"@id":"https:\/\/www.olitravadell.com\/es\/#organization"},"potentialAction":[{"@type":"SearchAction","target":{"@type":"EntryPoint","urlTemplate":"https:\/\/www.olitravadell.com\/es\/?s={search_term_string}"},"query-input":"required name=search_term_string"}],"inLanguage":"es"},{"@type":"Organization","@id":"https:\/\/www.olitravadell.com\/es\/#organization","name":"Oli Travadell","url":"https:\/\/www.olitravadell.com\/es\/","logo":{"@type":"ImageObject","inLanguage":"es","@id":"https:\/\/www.olitravadell.com\/es\/#\/schema\/logo\/image\/","url":"https:\/\/www.olitravadell.com\/wp-content\/uploads\/2021\/11\/logo-almassera.svg","contentUrl":"https:\/\/www.olitravadell.com\/wp-content\/uploads\/2021\/11\/logo-almassera.svg","width":307,"height":85,"caption":"Oli Travadell"},"image":{"@id":"https:\/\/www.olitravadell.com\/es\/#\/schema\/logo\/image\/"}}]}},"_links":{"self":[{"href":"https:\/\/www.olitravadell.com\/es\/wp-json\/wp\/v2\/pages\/762"}],"collection":[{"href":"https:\/\/www.olitravadell.com\/es\/wp-json\/wp\/v2\/pages"}],"about":[{"href":"https:\/\/www.olitravadell.com\/es\/wp-json\/wp\/v2\/types\/page"}],"author":[{"embeddable":true,"href":"https:\/\/www.olitravadell.com\/es\/wp-json\/wp\/v2\/users\/1"}],"replies":[{"embeddable":true,"href":"https:\/\/www.olitravadell.com\/es\/wp-json\/wp\/v2\/comments?post=762"}],"version-history":[{"count":54,"href":"https:\/\/www.olitravadell.com\/es\/wp-json\/wp\/v2\/pages\/762\/revisions"}],"predecessor-version":[{"id":1373,"href":"https:\/\/www.olitravadell.com\/es\/wp-json\/wp\/v2\/pages\/762\/revisions\/1373"}],"wp:featuredmedia":[{"embeddable":true,"href":"https:\/\/www.olitravadell.com\/es\/wp-json\/wp\/v2\/media\/1360"}],"wp:attachment":[{"href":"https:\/\/www.olitravadell.com\/es\/wp-json\/wp\/v2\/media?parent=762"}],"curies":[{"name":"wp","href":"https:\/\/api.w.org\/{rel}","templated":true}]}}