{"id":809,"date":"2022-02-08T08:45:48","date_gmt":"2022-02-08T07:45:48","guid":{"rendered":"http:\/\/localhost\/?page_id=809"},"modified":"2022-11-04T08:25:02","modified_gmt":"2022-11-04T07:25:02","slug":"olivar","status":"publish","type":"page","link":"https:\/\/www.olitravadell.com\/es\/olivar\/","title":{"rendered":"Olivar"},"content":{"rendered":"\t\t<div data-elementor-type=\"wp-page\" data-elementor-id=\"809\" class=\"elementor elementor-809\">\n\t\t\t\t\t\t\t\t\t<section class=\"elementor-section elementor-top-section elementor-element elementor-element-3a02641d elementor-section-boxed elementor-section-height-default elementor-section-height-default\" data-id=\"3a02641d\" data-element_type=\"section\">\n\t\t\t\t\t\t<div class=\"elementor-container elementor-column-gap-default\">\n\t\t\t\t\t<div class=\"elementor-column elementor-col-100 elementor-top-column elementor-element elementor-element-2e653c64\" data-id=\"2e653c64\" data-element_type=\"column\">\n\t\t\t<div class=\"elementor-widget-wrap elementor-element-populated\">\n\t\t\t\t\t\t\t\t<div class=\"elementor-element elementor-element-69d3c56a elementor-align-center elementor-mobile-align-left elementor-widget elementor-widget-breadcrumbs\" data-id=\"69d3c56a\" data-element_type=\"widget\" data-widget_type=\"breadcrumbs.default\">\n\t\t\t\t<div class=\"elementor-widget-container\">\n\t\t\t<link rel=\"stylesheet\" href=\"https:\/\/www.olitravadell.com\/wp-content\/plugins\/elementor-pro\/assets\/css\/widget-theme-elements.min.css\"><p id=\"breadcrumbs\"><span><span><a href=\"https:\/\/www.olitravadell.com\/es\/\">Inicio<\/a><\/span><\/span><\/p>\t\t<\/div>\n\t\t\t\t<\/div>\n\t\t\t\t<section class=\"elementor-section elementor-inner-section elementor-element elementor-element-6549aacc elementor-section-boxed elementor-section-height-default elementor-section-height-default\" data-id=\"6549aacc\" data-element_type=\"section\">\n\t\t\t\t\t\t<div class=\"elementor-container elementor-column-gap-default\">\n\t\t\t\t\t<div class=\"elementor-column elementor-col-100 elementor-inner-column elementor-element elementor-element-58610f0d\" data-id=\"58610f0d\" data-element_type=\"column\">\n\t\t\t<div class=\"elementor-widget-wrap elementor-element-populated\">\n\t\t\t\t\t\t\t\t<div class=\"elementor-element elementor-element-2b5268d8 elementor-widget elementor-widget-text-editor\" data-id=\"2b5268d8\" data-element_type=\"widget\" data-widget_type=\"text-editor.default\">\n\t\t\t\t<div class=\"elementor-widget-container\">\n\t\t\t<style>\/*! elementor - v3.12.1 - 02-04-2023 *\/\n.elementor-widget-text-editor.elementor-drop-cap-view-stacked .elementor-drop-cap{background-color:#69727d;color:#fff}.elementor-widget-text-editor.elementor-drop-cap-view-framed .elementor-drop-cap{color:#69727d;border:3px solid;background-color:transparent}.elementor-widget-text-editor:not(.elementor-drop-cap-view-default) .elementor-drop-cap{margin-top:8px}.elementor-widget-text-editor:not(.elementor-drop-cap-view-default) .elementor-drop-cap-letter{width:1em;height:1em}.elementor-widget-text-editor .elementor-drop-cap{float:left;text-align:center;line-height:1;font-size:50px}.elementor-widget-text-editor .elementor-drop-cap-letter{display:inline-block}<\/style>\t\t\t\t<p>La familia Ferrando trabaja unas 100 hect\u00e1reas de olivar ecol\u00f3gico, tanto tierras en propiedad como otras arrendadas, en Millena, Gorga, Benillup y Pen\u00e1guila. Muchas de ellas se encuentran en alturas pr\u00f3ximas a 650 m.<\/p>\t\t\t\t\t\t<\/div>\n\t\t\t\t<\/div>\n\t\t\t\t\t<\/div>\n\t\t<\/div>\n\t\t\t\t\t\t\t<\/div>\n\t\t<\/section>\n\t\t\t\t\t<\/div>\n\t\t<\/div>\n\t\t\t\t\t\t\t<\/div>\n\t\t<\/section>\n\t\t\t\t<section class=\"elementor-section elementor-top-section elementor-element elementor-element-3005251c elementor-section-boxed elementor-section-height-default elementor-section-height-default\" data-id=\"3005251c\" data-element_type=\"section\">\n\t\t\t\t\t\t<div class=\"elementor-container elementor-column-gap-default\">\n\t\t\t\t\t<div class=\"elementor-column elementor-col-100 elementor-top-column elementor-element elementor-element-58fb5118\" data-id=\"58fb5118\" data-element_type=\"column\">\n\t\t\t<div class=\"elementor-widget-wrap elementor-element-populated\">\n\t\t\t\t\t\t\t\t<div class=\"elementor-element elementor-element-e8964 courses-featured-picture elementor-widget elementor-widget-theme-post-featured-image elementor-widget-image\" data-id=\"e8964\" data-element_type=\"widget\" data-widget_type=\"theme-post-featured-image.default\">\n\t\t\t\t<div class=\"elementor-widget-container\">\n\t\t\t<style>\/*! elementor - v3.12.1 - 02-04-2023 *\/\n.elementor-widget-image{text-align:center}.elementor-widget-image a{display:inline-block}.elementor-widget-image a img[src$=\".svg\"]{width:48px}.elementor-widget-image img{vertical-align:middle;display:inline-block}<\/style>\t\t\t\t\t\t\t\t\t\t\t\t<img decoding=\"async\" width=\"1296\" height=\"500\" src=\"https:\/\/www.olitravadell.com\/wp-content\/uploads\/2022\/11\/oli-travadell-olivar.jpg\" class=\"attachment-full size-full wp-image-1385\" alt=\"\" loading=\"lazy\" srcset=\"https:\/\/www.olitravadell.com\/wp-content\/uploads\/2022\/11\/oli-travadell-olivar.jpg 1296w, https:\/\/www.olitravadell.com\/wp-content\/uploads\/2022\/11\/oli-travadell-olivar-300x116.jpg 300w, https:\/\/www.olitravadell.com\/wp-content\/uploads\/2022\/11\/oli-travadell-olivar-1024x395.jpg 1024w, https:\/\/www.olitravadell.com\/wp-content\/uploads\/2022\/11\/oli-travadell-olivar-768x296.jpg 768w, https:\/\/www.olitravadell.com\/wp-content\/uploads\/2022\/11\/oli-travadell-olivar-600x231.jpg 600w\" sizes=\"(max-width: 1296px) 100vw, 1296px\" \/>\t\t\t\t\t\t\t\t\t\t\t\t\t\t\t<\/div>\n\t\t\t\t<\/div>\n\t\t\t\t\t<\/div>\n\t\t<\/div>\n\t\t\t\t\t\t\t<\/div>\n\t\t<\/section>\n\t\t\t\t<section class=\"elementor-section elementor-top-section elementor-element elementor-element-30c9d6b6 elementor-section-boxed elementor-section-height-default elementor-section-height-default\" data-id=\"30c9d6b6\" data-element_type=\"section\">\n\t\t\t\t\t\t<div class=\"elementor-container elementor-column-gap-default\">\n\t\t\t\t\t<div class=\"elementor-column elementor-col-100 elementor-top-column elementor-element elementor-element-236cec9e\" data-id=\"236cec9e\" data-element_type=\"column\">\n\t\t\t<div class=\"elementor-widget-wrap elementor-element-populated\">\n\t\t\t\t\t\t\t\t<div class=\"elementor-element elementor-element-1509c2ee acf-page-content elementor-widget elementor-widget-text-editor\" data-id=\"1509c2ee\" data-element_type=\"widget\" data-widget_type=\"text-editor.default\">\n\t\t\t\t<div class=\"elementor-widget-container\">\n\t\t\t\t\t\t\t<p>Las fincas est\u00e1n cultivadas de manera ecol\u00f3gica, con mucho cari\u00f1o, para finalmente dar lugar a Ecotravadell, el Aceite de Oliva Virgen Extra Ecol\u00f3gico de Alm\u00e0ssera de Millena.<\/p>\n<p>El abonado de las fincas se realiza a base de compost, obtenido de los subproductos del proceso de elaboraci\u00f3n del AOVE y de la econom\u00eda biocircular. Por una parte, la hoja de olivo y, por otra, el llamado \u2018alperujo\u2019 (mezcla del hueso y los restos de pulpa de la aceituna), junto al esti\u00e9rcol procedente de la actividad ganadera pr\u00f3xima. A cambio del esti\u00e9rcol generado en granjas de pollos y ovejas cercanas, el ganadero retira hoja de aceituna, que utilizar\u00e1 para alimento del ganado, y hueso, \u00fatil como biomasa.<br \/>\nLa mezcla resultante es compostada durante todo un a\u00f1o y, posteriormente, aplicada en el campo para alimentar los olivos y mejorar la estructura del suelo.<br \/>\nPara el control de plagas y enfermedades del olivar, \u00fanicamente son utilizados m\u00e9todos preventivos, apoyados en los nuevos conocimientos cient\u00edficos, siempre respetando la naturaleza y el entorno, tal y como especifican las distintas normativas de la agricultura ecol\u00f3gica.<\/p>\n<p><img decoding=\"async\" loading=\"lazy\" class=\"aligncenter size-full wp-image-1388\" src=\"http:\/\/localhost\/wp-content\/uploads\/2022\/11\/oli-travadel-olivar-2.jpg\" alt=\"\" width=\"1500\" height=\"1000\" srcset=\"https:\/\/www.olitravadell.com\/wp-content\/uploads\/2022\/11\/oli-travadel-olivar-2.jpg 1500w, https:\/\/www.olitravadell.com\/wp-content\/uploads\/2022\/11\/oli-travadel-olivar-2-300x200.jpg 300w, https:\/\/www.olitravadell.com\/wp-content\/uploads\/2022\/11\/oli-travadel-olivar-2-1024x683.jpg 1024w, https:\/\/www.olitravadell.com\/wp-content\/uploads\/2022\/11\/oli-travadel-olivar-2-768x512.jpg 768w, https:\/\/www.olitravadell.com\/wp-content\/uploads\/2022\/11\/oli-travadel-olivar-2-600x400.jpg 600w\" sizes=\"(max-width: 1500px) 100vw, 1500px\" \/><\/p>\n<p>Finalmente, la recolecci\u00f3n de la aceituna verde se lleva a cabo en el mes de octubre, de manera manual y con la ayuda de profesionales de Millena y los pueblos de alrededor. As\u00ed, las aceitunas que a primera hora de la ma\u00f1ana est\u00e1n en el \u00e1rbol, a primera hora de la tarde ya han sido transformadas en aceite y llevadas a dep\u00f3sitos de acero inoxidable, para preservar la calidad y evitar cualquier degradaci\u00f3n.<br \/>\nEs nuestra forma de cerrar el c\u00edrculo y cuidar al detalle todo el proceso, desde la producci\u00f3n a la elaboraci\u00f3n.<\/p>\n<p>El nuestro es un olivar de monta\u00f1a, un terreno abancalado y con pendientes, con unas pocas l\u00edneas de \u00e1rboles (incluso solo una) en cada terraza. Muchos de estos bancales tienen m\u00e1rgenes de piedra, verdadero patrimonio del paisaje de muchas comarcas del interior de la Monta\u00f1a de Alicante.<br \/>\nHablamos de olivares no mecanizables, que \u00fanicamente subsisten gracias al empe\u00f1o del agricultor. Resaltar que la valorizaci\u00f3n del AOVE es un elemento imprescindible para fijar poblaci\u00f3n en estos peque\u00f1os pueblos, gracias a las posibilidades de empleo especialmente en la campa\u00f1a de recolecci\u00f3n.<\/p>\n<p><img decoding=\"async\" loading=\"lazy\" class=\"aligncenter size-full wp-image-1390\" src=\"http:\/\/localhost\/wp-content\/uploads\/2022\/11\/oli-travadell-olivar-3.jpg\" alt=\"\" width=\"1500\" height=\"1000\" srcset=\"https:\/\/www.olitravadell.com\/wp-content\/uploads\/2022\/11\/oli-travadell-olivar-3.jpg 1500w, https:\/\/www.olitravadell.com\/wp-content\/uploads\/2022\/11\/oli-travadell-olivar-3-300x200.jpg 300w, https:\/\/www.olitravadell.com\/wp-content\/uploads\/2022\/11\/oli-travadell-olivar-3-1024x683.jpg 1024w, https:\/\/www.olitravadell.com\/wp-content\/uploads\/2022\/11\/oli-travadell-olivar-3-768x512.jpg 768w, https:\/\/www.olitravadell.com\/wp-content\/uploads\/2022\/11\/oli-travadell-olivar-3-600x400.jpg 600w\" sizes=\"(max-width: 1500px) 100vw, 1500px\" \/><br \/>\nSeguir cultivando estos olivares de monta\u00f1a mantiene los comentados m\u00e1rgenes de piedra, evitando tambi\u00e9n la erosi\u00f3n. Por otra parte, las t\u00e9cnicas culturales son una excelente barrera contra los incendios forestales. Y, productos con valor a\u00f1adido, como la marca Milenarias, ayuda tambi\u00e9n a la preservaci\u00f3n de los pocos olivos milenarios y monumentales que a\u00fan quedan en estas tierras valencianas.<\/p>\n\t\t\t\t\t\t<\/div>\n\t\t\t\t<\/div>\n\t\t\t\t\t<\/div>\n\t\t<\/div>\n\t\t\t\t\t\t\t<\/div>\n\t\t<\/section>\n\t\t\t\t<section class=\"elementor-section elementor-top-section elementor-element elementor-element-4eab04c elementor-section-full_width elementor-reverse-mobile elementor-reverse-tablet elementor-section-height-default elementor-section-height-default\" data-id=\"4eab04c\" data-element_type=\"section\" data-settings=\"{&quot;background_background&quot;:&quot;classic&quot;}\">\n\t\t\t\t\t\t<div class=\"elementor-container elementor-column-gap-default\">\n\t\t\t\t\t<div class=\"elementor-column elementor-col-33 elementor-top-column elementor-element elementor-element-df93694\" data-id=\"df93694\" data-element_type=\"column\">\n\t\t\t<div class=\"elementor-widget-wrap elementor-element-populated\">\n\t\t\t\t\t\t\t\t<section class=\"elementor-section elementor-inner-section elementor-element elementor-element-54b4358 elementor-section-boxed elementor-section-height-default elementor-section-height-default\" data-id=\"54b4358\" data-element_type=\"section\">\n\t\t\t\t\t\t<div class=\"elementor-container elementor-column-gap-default\">\n\t\t\t\t\t<div class=\"elementor-column elementor-col-100 elementor-inner-column elementor-element elementor-element-3ceb096\" data-id=\"3ceb096\" data-element_type=\"column\">\n\t\t\t<div class=\"elementor-widget-wrap elementor-element-populated\">\n\t\t\t\t\t\t\t\t<div class=\"elementor-element elementor-element-5ea2d86 elementor-widget elementor-widget-heading\" data-id=\"5ea2d86\" data-element_type=\"widget\" data-widget_type=\"heading.default\">\n\t\t\t\t<div class=\"elementor-widget-container\">\n\t\t\t<style>\/*! elementor - v3.12.1 - 02-04-2023 *\/\n.elementor-heading-title{padding:0;margin:0;line-height:1}.elementor-widget-heading .elementor-heading-title[class*=elementor-size-]>a{color:inherit;font-size:inherit;line-height:inherit}.elementor-widget-heading .elementor-heading-title.elementor-size-small{font-size:15px}.elementor-widget-heading .elementor-heading-title.elementor-size-medium{font-size:19px}.elementor-widget-heading .elementor-heading-title.elementor-size-large{font-size:29px}.elementor-widget-heading .elementor-heading-title.elementor-size-xl{font-size:39px}.elementor-widget-heading .elementor-heading-title.elementor-size-xxl{font-size:59px}<\/style><h2 class=\"elementor-heading-title elementor-size-default\">Oleoturismo<\/h2>\t\t<\/div>\n\t\t\t\t<\/div>\n\t\t\t\t<div class=\"elementor-element elementor-element-9d5db7f elementor-widget elementor-widget-image\" data-id=\"9d5db7f\" data-element_type=\"widget\" data-widget_type=\"image.default\">\n\t\t\t\t<div class=\"elementor-widget-container\">\n\t\t\t\t\t\t\t\t\t\t\t\t\t\t\t<img decoding=\"async\" width=\"147\" height=\"10\" src=\"https:\/\/www.olitravadell.com\/wp-content\/uploads\/2022\/02\/deco-green.png\" class=\"attachment-full size-full wp-image-466\" alt=\"\" loading=\"lazy\" \/>\t\t\t\t\t\t\t\t\t\t\t\t\t\t\t<\/div>\n\t\t\t\t<\/div>\n\t\t\t\t<div class=\"elementor-element elementor-element-4a9fad1 elementor-widget elementor-widget-text-editor\" data-id=\"4a9fad1\" data-element_type=\"widget\" data-widget_type=\"text-editor.default\">\n\t\t\t\t<div class=\"elementor-widget-container\">\n\t\t\t\t\t\t\t<p>No te llevar\u00e1s a casa s\u00f3lo el recuerdo de una cata de aceite y un paseo, llevar\u00e1s contigo parte de nuestra cultura<\/p>\t\t\t\t\t\t<\/div>\n\t\t\t\t<\/div>\n\t\t\t\t<div class=\"elementor-element elementor-element-2cec77f elementor-widget elementor-widget-button\" data-id=\"2cec77f\" data-element_type=\"widget\" data-widget_type=\"button.default\">\n\t\t\t\t<div class=\"elementor-widget-container\">\n\t\t\t\t\t<div class=\"elementor-button-wrapper\">\n\t\t\t<a href=\"https:\/\/www.olitravadell.com\/es\/oleoturismo\/\" class=\"elementor-button-link elementor-button elementor-size-sm\" role=\"button\">\n\t\t\t\t\t\t<span class=\"elementor-button-content-wrapper\">\n\t\t\t\t\t\t<span class=\"elementor-button-text\">Ver rutas<\/span>\n\t\t<\/span>\n\t\t\t\t\t<\/a>\n\t\t<\/div>\n\t\t\t\t<\/div>\n\t\t\t\t<\/div>\n\t\t\t\t\t<\/div>\n\t\t<\/div>\n\t\t\t\t\t\t\t<\/div>\n\t\t<\/section>\n\t\t\t\t\t<\/div>\n\t\t<\/div>\n\t\t\t\t<div class=\"elementor-column elementor-col-66 elementor-top-column elementor-element elementor-element-e01cb70\" data-id=\"e01cb70\" data-element_type=\"column\">\n\t\t\t<div class=\"elementor-widget-wrap elementor-element-populated\">\n\t\t\t\t\t\t\t\t<div class=\"elementor-element elementor-element-a25d46d elementor-widget elementor-widget-video\" data-id=\"a25d46d\" data-element_type=\"widget\" data-settings=\"{&quot;video_type&quot;:&quot;hosted&quot;,&quot;show_image_overlay&quot;:&quot;yes&quot;,&quot;image_overlay&quot;:{&quot;url&quot;:&quot;http:\\\/\\\/localhost\\\/wp-content\\\/uploads\\\/2022\\\/11\\\/Oleoturisme-2.jpg&quot;,&quot;id&quot;:1354,&quot;size&quot;:&quot;&quot;,&quot;alt&quot;:&quot;&quot;,&quot;source&quot;:&quot;library&quot;},&quot;mute&quot;:&quot;yes&quot;,&quot;loop&quot;:&quot;yes&quot;}\" data-widget_type=\"video.default\">\n\t\t\t\t<div class=\"elementor-widget-container\">\n\t\t\t<style>\/*! elementor - v3.12.1 - 02-04-2023 *\/\n.elementor-widget-video .elementor-widget-container{overflow:hidden;transform:translateZ(0)}.elementor-widget-video .elementor-wrapper iframe,.elementor-widget-video .elementor-wrapper video{height:100%;width:100%;display:flex;border:none;background-color:#000}.elementor-widget-video .elementor-open-inline .elementor-custom-embed-image-overlay{position:absolute;top:0;left:0;width:100%;height:100%;background-size:cover;background-position:50%}.elementor-widget-video .elementor-custom-embed-image-overlay{cursor:pointer;text-align:center}.elementor-widget-video .elementor-custom-embed-image-overlay:hover .elementor-custom-embed-play i{opacity:1}.elementor-widget-video .elementor-custom-embed-image-overlay img{display:block;width:100%}.elementor-widget-video .e-hosted-video .elementor-video{-o-object-fit:cover;object-fit:cover}.e-con-inner>.elementor-widget-video,.e-con>.elementor-widget-video{width:var(--container-widget-width);--flex-grow:var(--container-widget-flex-grow)}<\/style>\t\t<div class=\"e-hosted-video elementor-wrapper elementor-open-inline\">\n\t\t\t\t\t<video class=\"elementor-video\" src=\"http:\/\/localhost\/wp-content\/uploads\/2022\/11\/Video-oleoturismo-2.mp4\" loop=\"\" preload=\"metadata\" muted=\"muted\" controlsList=\"nodownload\" poster=\"http:\/\/localhost\/wp-content\/uploads\/2022\/11\/Oleoturisme-2.jpg\"><\/video>\n\t\t\t\t\t\t<div class=\"elementor-custom-embed-image-overlay\" style=\"background-image: url(https:\/\/www.olitravadell.com\/wp-content\/uploads\/2022\/11\/Oleoturisme-2.jpg);\">\n\t\t\t\t\t\t\t\t\t\t\t\t\t\t\t\t<div class=\"elementor-custom-embed-play\" role=\"button\" aria-label=\"Reproducir v\u00eddeo\" tabindex=\"0\">\n\t\t\t\t\t\t\t<i aria-hidden=\"true\" class=\"eicon-play\"><\/i>\t\t\t\t\t\t\t<span class=\"elementor-screen-only\">Reproducir v\u00eddeo<\/span>\n\t\t\t\t\t\t<\/div>\n\t\t\t\t\t\t\t\t\t<\/div>\n\t\t\t\t\t<\/div>\n\t\t\t\t<\/div>\n\t\t\t\t<\/div>\n\t\t\t\t\t<\/div>\n\t\t<\/div>\n\t\t\t\t\t\t\t<\/div>\n\t\t<\/section>\n\t\t\t\t\t\t\t<\/div>\n\t\t","protected":false},"excerpt":{"rendered":"<p>La familia Ferrando trabaja unas 100 hect\u00e1reas de olivar ecol\u00f3gico, tanto tierras en propiedad como otras arrendadas, en Millena, Gorga, Benillup y Pen\u00e1guila. Muchas de ellas se encuentran en alturas pr\u00f3ximas a 650 m. Oleoturismo No te llevar\u00e1s a casa s\u00f3lo el recuerdo de una cata de aceite y un paseo, llevar\u00e1s contigo parte de [&hellip;]<\/p>\n","protected":false},"author":1,"featured_media":1385,"parent":0,"menu_order":0,"comment_status":"closed","ping_status":"closed","template":"","meta":[],"acf":[],"yoast_head":"<!-- This site is optimized with the Yoast SEO plugin v20.4 - https:\/\/yoast.com\/wordpress\/plugins\/seo\/ -->\n<title>Olivar - Oli Travadell<\/title>\n<meta name=\"robots\" content=\"index, follow, max-snippet:-1, max-image-preview:large, max-video-preview:-1\" \/>\n<link rel=\"canonical\" href=\"https:\/\/www.olitravadell.com\/es\/olivar\/\" \/>\n<meta property=\"og:locale\" content=\"es_ES\" \/>\n<meta property=\"og:type\" content=\"article\" \/>\n<meta property=\"og:title\" content=\"Olivar - Oli Travadell\" \/>\n<meta property=\"og:description\" content=\"La familia Ferrando trabaja unas 100 hect\u00e1reas de olivar ecol\u00f3gico, tanto tierras en propiedad como otras arrendadas, en Millena, Gorga, Benillup y Pen\u00e1guila. Muchas de ellas se encuentran en alturas pr\u00f3ximas a 650 m. Oleoturismo No te llevar\u00e1s a casa s\u00f3lo el recuerdo de una cata de aceite y un paseo, llevar\u00e1s contigo parte de [&hellip;]\" \/>\n<meta property=\"og:url\" content=\"https:\/\/www.olitravadell.com\/es\/olivar\/\" \/>\n<meta property=\"og:site_name\" content=\"Oli Travadell\" \/>\n<meta property=\"article:modified_time\" content=\"2022-11-04T07:25:02+00:00\" \/>\n<meta property=\"og:image\" content=\"https:\/\/www.olitravadell.com\/wp-content\/uploads\/2022\/11\/oli-travadell-olivar.jpg\" \/>\n\t<meta property=\"og:image:width\" content=\"1296\" \/>\n\t<meta property=\"og:image:height\" content=\"500\" \/>\n\t<meta property=\"og:image:type\" content=\"image\/jpeg\" \/>\n<meta name=\"twitter:card\" content=\"summary_large_image\" \/>\n<meta name=\"twitter:label1\" content=\"Tiempo de lectura\" \/>\n\t<meta name=\"twitter:data1\" content=\"1 minuto\" \/>\n<script type=\"application\/ld+json\" class=\"yoast-schema-graph\">{\"@context\":\"https:\/\/schema.org\",\"@graph\":[{\"@type\":\"WebPage\",\"@id\":\"https:\/\/www.olitravadell.com\/es\/olivar\/\",\"url\":\"https:\/\/www.olitravadell.com\/es\/olivar\/\",\"name\":\"Olivar - Oli Travadell\",\"isPartOf\":{\"@id\":\"https:\/\/www.olitravadell.com\/es\/#website\"},\"datePublished\":\"2022-02-08T07:45:48+00:00\",\"dateModified\":\"2022-11-04T07:25:02+00:00\",\"breadcrumb\":{\"@id\":\"https:\/\/www.olitravadell.com\/es\/olivar\/#breadcrumb\"},\"inLanguage\":\"es\",\"potentialAction\":[{\"@type\":\"ReadAction\",\"target\":[\"https:\/\/www.olitravadell.com\/es\/olivar\/\"]}]},{\"@type\":\"BreadcrumbList\",\"@id\":\"https:\/\/www.olitravadell.com\/es\/olivar\/#breadcrumb\",\"itemListElement\":[{\"@type\":\"ListItem\",\"position\":1,\"name\":\"Inicio\",\"item\":\"https:\/\/www.olitravadell.com\/es\/\"},{\"@type\":\"ListItem\",\"position\":2,\"name\":\"Olivar\"}]},{\"@type\":\"WebSite\",\"@id\":\"https:\/\/www.olitravadell.com\/es\/#website\",\"url\":\"https:\/\/www.olitravadell.com\/es\/\",\"name\":\"Oli Travadell\",\"description\":\"Otro sitio realizado con WordPress\",\"publisher\":{\"@id\":\"https:\/\/www.olitravadell.com\/es\/#organization\"},\"potentialAction\":[{\"@type\":\"SearchAction\",\"target\":{\"@type\":\"EntryPoint\",\"urlTemplate\":\"https:\/\/www.olitravadell.com\/es\/?s={search_term_string}\"},\"query-input\":\"required name=search_term_string\"}],\"inLanguage\":\"es\"},{\"@type\":\"Organization\",\"@id\":\"https:\/\/www.olitravadell.com\/es\/#organization\",\"name\":\"Oli Travadell\",\"url\":\"https:\/\/www.olitravadell.com\/es\/\",\"logo\":{\"@type\":\"ImageObject\",\"inLanguage\":\"es\",\"@id\":\"https:\/\/www.olitravadell.com\/es\/#\/schema\/logo\/image\/\",\"url\":\"https:\/\/www.olitravadell.com\/wp-content\/uploads\/2021\/11\/logo-almassera.svg\",\"contentUrl\":\"https:\/\/www.olitravadell.com\/wp-content\/uploads\/2021\/11\/logo-almassera.svg\",\"width\":307,\"height\":85,\"caption\":\"Oli Travadell\"},\"image\":{\"@id\":\"https:\/\/www.olitravadell.com\/es\/#\/schema\/logo\/image\/\"}}]}<\/script>\n<!-- \/ Yoast SEO plugin. -->","yoast_head_json":{"title":"Olivar - Oli Travadell","robots":{"index":"index","follow":"follow","max-snippet":"max-snippet:-1","max-image-preview":"max-image-preview:large","max-video-preview":"max-video-preview:-1"},"canonical":"https:\/\/www.olitravadell.com\/es\/olivar\/","og_locale":"es_ES","og_type":"article","og_title":"Olivar - Oli Travadell","og_description":"La familia Ferrando trabaja unas 100 hect\u00e1reas de olivar ecol\u00f3gico, tanto tierras en propiedad como otras arrendadas, en Millena, Gorga, Benillup y Pen\u00e1guila. Muchas de ellas se encuentran en alturas pr\u00f3ximas a 650 m. Oleoturismo No te llevar\u00e1s a casa s\u00f3lo el recuerdo de una cata de aceite y un paseo, llevar\u00e1s contigo parte de [&hellip;]","og_url":"https:\/\/www.olitravadell.com\/es\/olivar\/","og_site_name":"Oli Travadell","article_modified_time":"2022-11-04T07:25:02+00:00","og_image":[{"width":1296,"height":500,"url":"https:\/\/www.olitravadell.com\/wp-content\/uploads\/2022\/11\/oli-travadell-olivar.jpg","type":"image\/jpeg"}],"twitter_card":"summary_large_image","twitter_misc":{"Tiempo de lectura":"1 minuto"},"schema":{"@context":"https:\/\/schema.org","@graph":[{"@type":"WebPage","@id":"https:\/\/www.olitravadell.com\/es\/olivar\/","url":"https:\/\/www.olitravadell.com\/es\/olivar\/","name":"Olivar - Oli Travadell","isPartOf":{"@id":"https:\/\/www.olitravadell.com\/es\/#website"},"datePublished":"2022-02-08T07:45:48+00:00","dateModified":"2022-11-04T07:25:02+00:00","breadcrumb":{"@id":"https:\/\/www.olitravadell.com\/es\/olivar\/#breadcrumb"},"inLanguage":"es","potentialAction":[{"@type":"ReadAction","target":["https:\/\/www.olitravadell.com\/es\/olivar\/"]}]},{"@type":"BreadcrumbList","@id":"https:\/\/www.olitravadell.com\/es\/olivar\/#breadcrumb","itemListElement":[{"@type":"ListItem","position":1,"name":"Inicio","item":"https:\/\/www.olitravadell.com\/es\/"},{"@type":"ListItem","position":2,"name":"Olivar"}]},{"@type":"WebSite","@id":"https:\/\/www.olitravadell.com\/es\/#website","url":"https:\/\/www.olitravadell.com\/es\/","name":"Oli Travadell","description":"Otro sitio realizado con WordPress","publisher":{"@id":"https:\/\/www.olitravadell.com\/es\/#organization"},"potentialAction":[{"@type":"SearchAction","target":{"@type":"EntryPoint","urlTemplate":"https:\/\/www.olitravadell.com\/es\/?s={search_term_string}"},"query-input":"required name=search_term_string"}],"inLanguage":"es"},{"@type":"Organization","@id":"https:\/\/www.olitravadell.com\/es\/#organization","name":"Oli Travadell","url":"https:\/\/www.olitravadell.com\/es\/","logo":{"@type":"ImageObject","inLanguage":"es","@id":"https:\/\/www.olitravadell.com\/es\/#\/schema\/logo\/image\/","url":"https:\/\/www.olitravadell.com\/wp-content\/uploads\/2021\/11\/logo-almassera.svg","contentUrl":"https:\/\/www.olitravadell.com\/wp-content\/uploads\/2021\/11\/logo-almassera.svg","width":307,"height":85,"caption":"Oli Travadell"},"image":{"@id":"https:\/\/www.olitravadell.com\/es\/#\/schema\/logo\/image\/"}}]}},"_links":{"self":[{"href":"https:\/\/www.olitravadell.com\/es\/wp-json\/wp\/v2\/pages\/809"}],"collection":[{"href":"https:\/\/www.olitravadell.com\/es\/wp-json\/wp\/v2\/pages"}],"about":[{"href":"https:\/\/www.olitravadell.com\/es\/wp-json\/wp\/v2\/types\/page"}],"author":[{"embeddable":true,"href":"https:\/\/www.olitravadell.com\/es\/wp-json\/wp\/v2\/users\/1"}],"replies":[{"embeddable":true,"href":"https:\/\/www.olitravadell.com\/es\/wp-json\/wp\/v2\/comments?post=809"}],"version-history":[{"count":16,"href":"https:\/\/www.olitravadell.com\/es\/wp-json\/wp\/v2\/pages\/809\/revisions"}],"predecessor-version":[{"id":1393,"href":"https:\/\/www.olitravadell.com\/es\/wp-json\/wp\/v2\/pages\/809\/revisions\/1393"}],"wp:featuredmedia":[{"embeddable":true,"href":"https:\/\/www.olitravadell.com\/es\/wp-json\/wp\/v2\/media\/1385"}],"wp:attachment":[{"href":"https:\/\/www.olitravadell.com\/es\/wp-json\/wp\/v2\/media?parent=809"}],"curies":[{"name":"wp","href":"https:\/\/api.w.org\/{rel}","templated":true}]}}