{"id":817,"date":"2022-02-08T08:48:51","date_gmt":"2022-02-08T07:48:51","guid":{"rendered":"http:\/\/localhost\/?page_id=817"},"modified":"2022-11-04T08:29:02","modified_gmt":"2022-11-04T07:29:02","slug":"almazara-y-agrotienda","status":"publish","type":"page","link":"https:\/\/www.olitravadell.com\/es\/almazara-y-agrotienda\/","title":{"rendered":"Almazara y Agrotienda"},"content":{"rendered":"\t\t<div data-elementor-type=\"wp-page\" data-elementor-id=\"817\" class=\"elementor elementor-817\">\n\t\t\t\t\t\t\t\t\t<section class=\"elementor-section elementor-top-section elementor-element elementor-element-6051cd3f elementor-section-boxed elementor-section-height-default elementor-section-height-default\" data-id=\"6051cd3f\" data-element_type=\"section\">\n\t\t\t\t\t\t<div class=\"elementor-container elementor-column-gap-default\">\n\t\t\t\t\t<div class=\"elementor-column elementor-col-100 elementor-top-column elementor-element elementor-element-5b6acc96\" data-id=\"5b6acc96\" data-element_type=\"column\">\n\t\t\t<div class=\"elementor-widget-wrap elementor-element-populated\">\n\t\t\t\t\t\t\t\t<div class=\"elementor-element elementor-element-42a00d55 elementor-align-center elementor-mobile-align-left elementor-widget elementor-widget-breadcrumbs\" data-id=\"42a00d55\" data-element_type=\"widget\" data-widget_type=\"breadcrumbs.default\">\n\t\t\t\t<div class=\"elementor-widget-container\">\n\t\t\t<link rel=\"stylesheet\" href=\"https:\/\/www.olitravadell.com\/wp-content\/plugins\/elementor-pro\/assets\/css\/widget-theme-elements.min.css\"><p id=\"breadcrumbs\"><span><span><a href=\"https:\/\/www.olitravadell.com\/es\/\">Inicio<\/a><\/span><\/span><\/p>\t\t<\/div>\n\t\t\t\t<\/div>\n\t\t\t\t<section class=\"elementor-section elementor-inner-section elementor-element elementor-element-42352c83 elementor-section-boxed elementor-section-height-default elementor-section-height-default\" data-id=\"42352c83\" data-element_type=\"section\">\n\t\t\t\t\t\t<div class=\"elementor-container elementor-column-gap-default\">\n\t\t\t\t\t<div class=\"elementor-column elementor-col-100 elementor-inner-column elementor-element elementor-element-624a0bf4\" data-id=\"624a0bf4\" data-element_type=\"column\">\n\t\t\t<div class=\"elementor-widget-wrap elementor-element-populated\">\n\t\t\t\t\t\t\t\t<div class=\"elementor-element elementor-element-3b78c619 elementor-widget elementor-widget-text-editor\" data-id=\"3b78c619\" data-element_type=\"widget\" data-widget_type=\"text-editor.default\">\n\t\t\t\t<div class=\"elementor-widget-container\">\n\t\t\t<style>\/*! elementor - v3.12.1 - 02-04-2023 *\/\n.elementor-widget-text-editor.elementor-drop-cap-view-stacked .elementor-drop-cap{background-color:#69727d;color:#fff}.elementor-widget-text-editor.elementor-drop-cap-view-framed .elementor-drop-cap{color:#69727d;border:3px solid;background-color:transparent}.elementor-widget-text-editor:not(.elementor-drop-cap-view-default) .elementor-drop-cap{margin-top:8px}.elementor-widget-text-editor:not(.elementor-drop-cap-view-default) .elementor-drop-cap-letter{width:1em;height:1em}.elementor-widget-text-editor .elementor-drop-cap{float:left;text-align:center;line-height:1;font-size:50px}.elementor-widget-text-editor .elementor-drop-cap-letter{display:inline-block}<\/style>\t\t\t\t<p>Desde la inauguraci\u00f3n de las nuevas instalaciones en 2018, Alm\u00e0ssera de Millena elabora 3-4 millones de kilos de aceitunas cada campa\u00f1a.<\/p>\t\t\t\t\t\t<\/div>\n\t\t\t\t<\/div>\n\t\t\t\t\t<\/div>\n\t\t<\/div>\n\t\t\t\t\t\t\t<\/div>\n\t\t<\/section>\n\t\t\t\t\t<\/div>\n\t\t<\/div>\n\t\t\t\t\t\t\t<\/div>\n\t\t<\/section>\n\t\t\t\t<section class=\"elementor-section elementor-top-section elementor-element elementor-element-3eafaa34 elementor-section-boxed elementor-section-height-default elementor-section-height-default\" data-id=\"3eafaa34\" data-element_type=\"section\">\n\t\t\t\t\t\t<div class=\"elementor-container elementor-column-gap-default\">\n\t\t\t\t\t<div class=\"elementor-column elementor-col-100 elementor-top-column elementor-element elementor-element-10191d15\" data-id=\"10191d15\" data-element_type=\"column\">\n\t\t\t<div class=\"elementor-widget-wrap elementor-element-populated\">\n\t\t\t\t\t\t\t\t<div class=\"elementor-element elementor-element-101f9021 courses-featured-picture elementor-widget elementor-widget-theme-post-featured-image elementor-widget-image\" data-id=\"101f9021\" data-element_type=\"widget\" data-widget_type=\"theme-post-featured-image.default\">\n\t\t\t\t<div class=\"elementor-widget-container\">\n\t\t\t<style>\/*! elementor - v3.12.1 - 02-04-2023 *\/\n.elementor-widget-image{text-align:center}.elementor-widget-image a{display:inline-block}.elementor-widget-image a img[src$=\".svg\"]{width:48px}.elementor-widget-image img{vertical-align:middle;display:inline-block}<\/style>\t\t\t\t\t\t\t\t\t\t\t\t<img decoding=\"async\" width=\"1920\" height=\"700\" src=\"https:\/\/www.olitravadell.com\/wp-content\/uploads\/2022\/11\/oli-travadell-almassera-agrobotiga.jpg\" class=\"attachment-full size-full wp-image-1394\" alt=\"\" loading=\"lazy\" srcset=\"https:\/\/www.olitravadell.com\/wp-content\/uploads\/2022\/11\/oli-travadell-almassera-agrobotiga.jpg 1920w, https:\/\/www.olitravadell.com\/wp-content\/uploads\/2022\/11\/oli-travadell-almassera-agrobotiga-300x109.jpg 300w, https:\/\/www.olitravadell.com\/wp-content\/uploads\/2022\/11\/oli-travadell-almassera-agrobotiga-1024x373.jpg 1024w, https:\/\/www.olitravadell.com\/wp-content\/uploads\/2022\/11\/oli-travadell-almassera-agrobotiga-768x280.jpg 768w, https:\/\/www.olitravadell.com\/wp-content\/uploads\/2022\/11\/oli-travadell-almassera-agrobotiga-1536x560.jpg 1536w, https:\/\/www.olitravadell.com\/wp-content\/uploads\/2022\/11\/oli-travadell-almassera-agrobotiga-600x219.jpg 600w\" sizes=\"(max-width: 1920px) 100vw, 1920px\" \/>\t\t\t\t\t\t\t\t\t\t\t\t\t\t\t<\/div>\n\t\t\t\t<\/div>\n\t\t\t\t\t<\/div>\n\t\t<\/div>\n\t\t\t\t\t\t\t<\/div>\n\t\t<\/section>\n\t\t\t\t<section class=\"elementor-section elementor-top-section elementor-element elementor-element-55d0d4e6 elementor-section-boxed elementor-section-height-default elementor-section-height-default\" data-id=\"55d0d4e6\" data-element_type=\"section\">\n\t\t\t\t\t\t<div class=\"elementor-container elementor-column-gap-default\">\n\t\t\t\t\t<div class=\"elementor-column elementor-col-100 elementor-top-column elementor-element elementor-element-3551771a\" data-id=\"3551771a\" data-element_type=\"column\">\n\t\t\t<div class=\"elementor-widget-wrap elementor-element-populated\">\n\t\t\t\t\t\t\t\t<div class=\"elementor-element elementor-element-664a3455 acf-page-content elementor-widget elementor-widget-text-editor\" data-id=\"664a3455\" data-element_type=\"widget\" data-widget_type=\"text-editor.default\">\n\t\t\t\t<div class=\"elementor-widget-container\">\n\t\t\t\t\t\t\t<p>Adem\u00e1s, la almazara hace de paraguas para peque\u00f1os productores que elaboran en la misma el AOVE bajo su propia marca, apoyando estos proyectos de valorizaci\u00f3n del aceite y del propio territorio.<\/p>\n<p>Un cap\u00edtulo importante cada campa\u00f1a corresponde a las denominadas \u2018maquilas\u2019. En ellas, el agricultor puede llevarse el aceite resultado de moler sus propias aceitunas y utilizarlo \u00fanicamente para autoconsumo.<\/p>\n<p><img decoding=\"async\" loading=\"lazy\" class=\"aligncenter size-full wp-image-1397\" src=\"http:\/\/localhost\/wp-content\/uploads\/2022\/11\/oli-travadell-almassera-agrobotiga-1.jpg\" alt=\"\" width=\"1920\" height=\"1280\" srcset=\"https:\/\/www.olitravadell.com\/wp-content\/uploads\/2022\/11\/oli-travadell-almassera-agrobotiga-1.jpg 1920w, https:\/\/www.olitravadell.com\/wp-content\/uploads\/2022\/11\/oli-travadell-almassera-agrobotiga-1-300x200.jpg 300w, https:\/\/www.olitravadell.com\/wp-content\/uploads\/2022\/11\/oli-travadell-almassera-agrobotiga-1-1024x683.jpg 1024w, https:\/\/www.olitravadell.com\/wp-content\/uploads\/2022\/11\/oli-travadell-almassera-agrobotiga-1-768x512.jpg 768w, https:\/\/www.olitravadell.com\/wp-content\/uploads\/2022\/11\/oli-travadell-almassera-agrobotiga-1-1536x1024.jpg 1536w, https:\/\/www.olitravadell.com\/wp-content\/uploads\/2022\/11\/oli-travadell-almassera-agrobotiga-1-600x400.jpg 600w\" sizes=\"(max-width: 1920px) 100vw, 1920px\" \/><\/p>\n<p>Las instalaciones de la Alm\u00e0ssera de Millena incluyen una agrotienda, abierta al particular todo el a\u00f1o. Adem\u00e1s de los AOVEs de la empresa, comercializa productos km. 0 y ecol\u00f3gicos. Una interesante selecci\u00f3n de art\u00edculos de otros productores de la Monta\u00f1a de Alicante. A destacar: Vinos, miel, mistela, chocolate artesanal, mermeladas, vinagres, etc\u00e9tera.<\/p>\n<p>&nbsp;<\/p>\n\t\t\t\t\t\t<\/div>\n\t\t\t\t<\/div>\n\t\t\t\t\t<\/div>\n\t\t<\/div>\n\t\t\t\t\t\t\t<\/div>\n\t\t<\/section>\n\t\t\t\t<section class=\"elementor-section elementor-top-section elementor-element elementor-element-0a7f4ed elementor-section-full_width elementor-reverse-mobile elementor-reverse-tablet elementor-section-height-default elementor-section-height-default\" data-id=\"0a7f4ed\" data-element_type=\"section\" data-settings=\"{&quot;background_background&quot;:&quot;classic&quot;}\">\n\t\t\t\t\t\t<div class=\"elementor-container elementor-column-gap-default\">\n\t\t\t\t\t<div class=\"elementor-column elementor-col-33 elementor-top-column elementor-element elementor-element-da3770e\" data-id=\"da3770e\" data-element_type=\"column\">\n\t\t\t<div class=\"elementor-widget-wrap elementor-element-populated\">\n\t\t\t\t\t\t\t\t<section class=\"elementor-section elementor-inner-section elementor-element elementor-element-8ae19cb elementor-section-boxed elementor-section-height-default elementor-section-height-default\" data-id=\"8ae19cb\" data-element_type=\"section\">\n\t\t\t\t\t\t<div class=\"elementor-container elementor-column-gap-default\">\n\t\t\t\t\t<div class=\"elementor-column elementor-col-100 elementor-inner-column elementor-element elementor-element-91d5318\" data-id=\"91d5318\" data-element_type=\"column\">\n\t\t\t<div class=\"elementor-widget-wrap elementor-element-populated\">\n\t\t\t\t\t\t\t\t<div class=\"elementor-element elementor-element-e8aa9be elementor-widget elementor-widget-heading\" data-id=\"e8aa9be\" data-element_type=\"widget\" data-widget_type=\"heading.default\">\n\t\t\t\t<div class=\"elementor-widget-container\">\n\t\t\t<style>\/*! elementor - v3.12.1 - 02-04-2023 *\/\n.elementor-heading-title{padding:0;margin:0;line-height:1}.elementor-widget-heading .elementor-heading-title[class*=elementor-size-]>a{color:inherit;font-size:inherit;line-height:inherit}.elementor-widget-heading .elementor-heading-title.elementor-size-small{font-size:15px}.elementor-widget-heading .elementor-heading-title.elementor-size-medium{font-size:19px}.elementor-widget-heading .elementor-heading-title.elementor-size-large{font-size:29px}.elementor-widget-heading .elementor-heading-title.elementor-size-xl{font-size:39px}.elementor-widget-heading .elementor-heading-title.elementor-size-xxl{font-size:59px}<\/style><h2 class=\"elementor-heading-title elementor-size-default\">Oleoturismo<\/h2>\t\t<\/div>\n\t\t\t\t<\/div>\n\t\t\t\t<div class=\"elementor-element elementor-element-d1afb35 elementor-widget elementor-widget-image\" data-id=\"d1afb35\" data-element_type=\"widget\" data-widget_type=\"image.default\">\n\t\t\t\t<div class=\"elementor-widget-container\">\n\t\t\t\t\t\t\t\t\t\t\t\t\t\t\t<img decoding=\"async\" width=\"147\" height=\"10\" src=\"https:\/\/www.olitravadell.com\/wp-content\/uploads\/2022\/02\/deco-green.png\" class=\"attachment-full size-full wp-image-466\" alt=\"\" loading=\"lazy\" \/>\t\t\t\t\t\t\t\t\t\t\t\t\t\t\t<\/div>\n\t\t\t\t<\/div>\n\t\t\t\t<div class=\"elementor-element elementor-element-6e085ca elementor-widget elementor-widget-text-editor\" data-id=\"6e085ca\" data-element_type=\"widget\" data-widget_type=\"text-editor.default\">\n\t\t\t\t<div class=\"elementor-widget-container\">\n\t\t\t\t\t\t\t<p>No te llevar\u00e1s a casa s\u00f3lo el recuerdo de una cata de aceite y un paseo, llevar\u00e1s contigo parte de nuestra cultura<\/p>\t\t\t\t\t\t<\/div>\n\t\t\t\t<\/div>\n\t\t\t\t<div class=\"elementor-element elementor-element-1d223b4 elementor-widget elementor-widget-button\" data-id=\"1d223b4\" data-element_type=\"widget\" data-widget_type=\"button.default\">\n\t\t\t\t<div class=\"elementor-widget-container\">\n\t\t\t\t\t<div class=\"elementor-button-wrapper\">\n\t\t\t<a href=\"https:\/\/www.olitravadell.com\/es\/oleoturismo\/\" class=\"elementor-button-link elementor-button elementor-size-sm\" role=\"button\">\n\t\t\t\t\t\t<span class=\"elementor-button-content-wrapper\">\n\t\t\t\t\t\t<span class=\"elementor-button-text\">Ver rutas<\/span>\n\t\t<\/span>\n\t\t\t\t\t<\/a>\n\t\t<\/div>\n\t\t\t\t<\/div>\n\t\t\t\t<\/div>\n\t\t\t\t\t<\/div>\n\t\t<\/div>\n\t\t\t\t\t\t\t<\/div>\n\t\t<\/section>\n\t\t\t\t\t<\/div>\n\t\t<\/div>\n\t\t\t\t<div class=\"elementor-column elementor-col-66 elementor-top-column elementor-element elementor-element-3b41249\" data-id=\"3b41249\" data-element_type=\"column\">\n\t\t\t<div class=\"elementor-widget-wrap elementor-element-populated\">\n\t\t\t\t\t\t\t\t<div class=\"elementor-element elementor-element-86f5e34 elementor-widget elementor-widget-video\" data-id=\"86f5e34\" data-element_type=\"widget\" data-settings=\"{&quot;video_type&quot;:&quot;hosted&quot;,&quot;show_image_overlay&quot;:&quot;yes&quot;,&quot;image_overlay&quot;:{&quot;url&quot;:&quot;http:\\\/\\\/localhost\\\/wp-content\\\/uploads\\\/2022\\\/11\\\/Oleoturisme-2.jpg&quot;,&quot;id&quot;:1354,&quot;size&quot;:&quot;&quot;,&quot;alt&quot;:&quot;&quot;,&quot;source&quot;:&quot;library&quot;},&quot;mute&quot;:&quot;yes&quot;,&quot;loop&quot;:&quot;yes&quot;}\" data-widget_type=\"video.default\">\n\t\t\t\t<div class=\"elementor-widget-container\">\n\t\t\t<style>\/*! elementor - v3.12.1 - 02-04-2023 *\/\n.elementor-widget-video .elementor-widget-container{overflow:hidden;transform:translateZ(0)}.elementor-widget-video .elementor-wrapper iframe,.elementor-widget-video .elementor-wrapper video{height:100%;width:100%;display:flex;border:none;background-color:#000}.elementor-widget-video .elementor-open-inline .elementor-custom-embed-image-overlay{position:absolute;top:0;left:0;width:100%;height:100%;background-size:cover;background-position:50%}.elementor-widget-video .elementor-custom-embed-image-overlay{cursor:pointer;text-align:center}.elementor-widget-video .elementor-custom-embed-image-overlay:hover .elementor-custom-embed-play i{opacity:1}.elementor-widget-video .elementor-custom-embed-image-overlay img{display:block;width:100%}.elementor-widget-video .e-hosted-video .elementor-video{-o-object-fit:cover;object-fit:cover}.e-con-inner>.elementor-widget-video,.e-con>.elementor-widget-video{width:var(--container-widget-width);--flex-grow:var(--container-widget-flex-grow)}<\/style>\t\t<div class=\"e-hosted-video elementor-wrapper elementor-open-inline\">\n\t\t\t\t\t<video class=\"elementor-video\" src=\"http:\/\/localhost\/wp-content\/uploads\/2022\/11\/Video-oleoturismo-2.mp4\" loop=\"\" preload=\"metadata\" muted=\"muted\" controlsList=\"nodownload\" poster=\"http:\/\/localhost\/wp-content\/uploads\/2022\/11\/Oleoturisme-2.jpg\"><\/video>\n\t\t\t\t\t\t<div class=\"elementor-custom-embed-image-overlay\" style=\"background-image: url(https:\/\/www.olitravadell.com\/wp-content\/uploads\/2022\/11\/Oleoturisme-2.jpg);\">\n\t\t\t\t\t\t\t\t\t\t\t\t\t\t\t\t<div class=\"elementor-custom-embed-play\" role=\"button\" aria-label=\"Reproducir v\u00eddeo\" tabindex=\"0\">\n\t\t\t\t\t\t\t<i aria-hidden=\"true\" class=\"eicon-play\"><\/i>\t\t\t\t\t\t\t<span class=\"elementor-screen-only\">Reproducir v\u00eddeo<\/span>\n\t\t\t\t\t\t<\/div>\n\t\t\t\t\t\t\t\t\t<\/div>\n\t\t\t\t\t<\/div>\n\t\t\t\t<\/div>\n\t\t\t\t<\/div>\n\t\t\t\t\t<\/div>\n\t\t<\/div>\n\t\t\t\t\t\t\t<\/div>\n\t\t<\/section>\n\t\t\t\t\t\t\t<\/div>\n\t\t","protected":false},"excerpt":{"rendered":"<p>Desde la inauguraci\u00f3n de las nuevas instalaciones en 2018, Alm\u00e0ssera de Millena elabora 3-4 millones de kilos de aceitunas cada campa\u00f1a. Oleoturismo No te llevar\u00e1s a casa s\u00f3lo el recuerdo de una cata de aceite y un paseo, llevar\u00e1s contigo parte de nuestra cultura Ver rutas http:\/\/localhost\/wp-content\/uploads\/2022\/11\/Video-oleoturismo-2.mp4<\/p>\n","protected":false},"author":1,"featured_media":1394,"parent":0,"menu_order":0,"comment_status":"closed","ping_status":"closed","template":"","meta":[],"acf":[],"yoast_head":"<!-- This site is optimized with the Yoast SEO plugin v20.4 - https:\/\/yoast.com\/wordpress\/plugins\/seo\/ -->\n<title>Almazara y Agrotienda - Oli Travadell<\/title>\n<meta name=\"robots\" content=\"index, follow, max-snippet:-1, max-image-preview:large, max-video-preview:-1\" \/>\n<link rel=\"canonical\" href=\"https:\/\/www.olitravadell.com\/es\/almazara-y-agrotienda\/\" \/>\n<meta property=\"og:locale\" content=\"es_ES\" \/>\n<meta property=\"og:type\" content=\"article\" \/>\n<meta property=\"og:title\" content=\"Almazara y Agrotienda - Oli Travadell\" \/>\n<meta property=\"og:description\" content=\"Desde la inauguraci\u00f3n de las nuevas instalaciones en 2018, Alm\u00e0ssera de Millena elabora 3-4 millones de kilos de aceitunas cada campa\u00f1a. Oleoturismo No te llevar\u00e1s a casa s\u00f3lo el recuerdo de una cata de aceite y un paseo, llevar\u00e1s contigo parte de nuestra cultura Ver rutas http:\/\/localhost\/wp-content\/uploads\/2022\/11\/Video-oleoturismo-2.mp4\" \/>\n<meta property=\"og:url\" content=\"https:\/\/www.olitravadell.com\/es\/almazara-y-agrotienda\/\" \/>\n<meta property=\"og:site_name\" content=\"Oli Travadell\" \/>\n<meta property=\"article:modified_time\" content=\"2022-11-04T07:29:02+00:00\" \/>\n<meta property=\"og:image\" content=\"https:\/\/www.olitravadell.com\/wp-content\/uploads\/2022\/11\/oli-travadell-almassera-agrobotiga.jpg\" \/>\n\t<meta property=\"og:image:width\" content=\"1920\" \/>\n\t<meta property=\"og:image:height\" content=\"700\" \/>\n\t<meta property=\"og:image:type\" content=\"image\/jpeg\" \/>\n<meta name=\"twitter:card\" content=\"summary_large_image\" \/>\n<meta name=\"twitter:label1\" content=\"Tiempo de lectura\" \/>\n\t<meta name=\"twitter:data1\" content=\"1 minuto\" \/>\n<script type=\"application\/ld+json\" class=\"yoast-schema-graph\">{\"@context\":\"https:\/\/schema.org\",\"@graph\":[{\"@type\":\"WebPage\",\"@id\":\"https:\/\/www.olitravadell.com\/es\/almazara-y-agrotienda\/\",\"url\":\"https:\/\/www.olitravadell.com\/es\/almazara-y-agrotienda\/\",\"name\":\"Almazara y Agrotienda - Oli Travadell\",\"isPartOf\":{\"@id\":\"https:\/\/www.olitravadell.com\/es\/#website\"},\"datePublished\":\"2022-02-08T07:48:51+00:00\",\"dateModified\":\"2022-11-04T07:29:02+00:00\",\"breadcrumb\":{\"@id\":\"https:\/\/www.olitravadell.com\/es\/almazara-y-agrotienda\/#breadcrumb\"},\"inLanguage\":\"es\",\"potentialAction\":[{\"@type\":\"ReadAction\",\"target\":[\"https:\/\/www.olitravadell.com\/es\/almazara-y-agrotienda\/\"]}]},{\"@type\":\"BreadcrumbList\",\"@id\":\"https:\/\/www.olitravadell.com\/es\/almazara-y-agrotienda\/#breadcrumb\",\"itemListElement\":[{\"@type\":\"ListItem\",\"position\":1,\"name\":\"Inicio\",\"item\":\"https:\/\/www.olitravadell.com\/es\/\"},{\"@type\":\"ListItem\",\"position\":2,\"name\":\"Almazara y Agrotienda\"}]},{\"@type\":\"WebSite\",\"@id\":\"https:\/\/www.olitravadell.com\/es\/#website\",\"url\":\"https:\/\/www.olitravadell.com\/es\/\",\"name\":\"Oli Travadell\",\"description\":\"Otro sitio realizado con WordPress\",\"publisher\":{\"@id\":\"https:\/\/www.olitravadell.com\/es\/#organization\"},\"potentialAction\":[{\"@type\":\"SearchAction\",\"target\":{\"@type\":\"EntryPoint\",\"urlTemplate\":\"https:\/\/www.olitravadell.com\/es\/?s={search_term_string}\"},\"query-input\":\"required name=search_term_string\"}],\"inLanguage\":\"es\"},{\"@type\":\"Organization\",\"@id\":\"https:\/\/www.olitravadell.com\/es\/#organization\",\"name\":\"Oli Travadell\",\"url\":\"https:\/\/www.olitravadell.com\/es\/\",\"logo\":{\"@type\":\"ImageObject\",\"inLanguage\":\"es\",\"@id\":\"https:\/\/www.olitravadell.com\/es\/#\/schema\/logo\/image\/\",\"url\":\"https:\/\/www.olitravadell.com\/wp-content\/uploads\/2021\/11\/logo-almassera.svg\",\"contentUrl\":\"https:\/\/www.olitravadell.com\/wp-content\/uploads\/2021\/11\/logo-almassera.svg\",\"width\":307,\"height\":85,\"caption\":\"Oli Travadell\"},\"image\":{\"@id\":\"https:\/\/www.olitravadell.com\/es\/#\/schema\/logo\/image\/\"}}]}<\/script>\n<!-- \/ Yoast SEO plugin. -->","yoast_head_json":{"title":"Almazara y Agrotienda - Oli Travadell","robots":{"index":"index","follow":"follow","max-snippet":"max-snippet:-1","max-image-preview":"max-image-preview:large","max-video-preview":"max-video-preview:-1"},"canonical":"https:\/\/www.olitravadell.com\/es\/almazara-y-agrotienda\/","og_locale":"es_ES","og_type":"article","og_title":"Almazara y Agrotienda - Oli Travadell","og_description":"Desde la inauguraci\u00f3n de las nuevas instalaciones en 2018, Alm\u00e0ssera de Millena elabora 3-4 millones de kilos de aceitunas cada campa\u00f1a. Oleoturismo No te llevar\u00e1s a casa s\u00f3lo el recuerdo de una cata de aceite y un paseo, llevar\u00e1s contigo parte de nuestra cultura Ver rutas http:\/\/localhost\/wp-content\/uploads\/2022\/11\/Video-oleoturismo-2.mp4","og_url":"https:\/\/www.olitravadell.com\/es\/almazara-y-agrotienda\/","og_site_name":"Oli Travadell","article_modified_time":"2022-11-04T07:29:02+00:00","og_image":[{"width":1920,"height":700,"url":"https:\/\/www.olitravadell.com\/wp-content\/uploads\/2022\/11\/oli-travadell-almassera-agrobotiga.jpg","type":"image\/jpeg"}],"twitter_card":"summary_large_image","twitter_misc":{"Tiempo de lectura":"1 minuto"},"schema":{"@context":"https:\/\/schema.org","@graph":[{"@type":"WebPage","@id":"https:\/\/www.olitravadell.com\/es\/almazara-y-agrotienda\/","url":"https:\/\/www.olitravadell.com\/es\/almazara-y-agrotienda\/","name":"Almazara y Agrotienda - Oli Travadell","isPartOf":{"@id":"https:\/\/www.olitravadell.com\/es\/#website"},"datePublished":"2022-02-08T07:48:51+00:00","dateModified":"2022-11-04T07:29:02+00:00","breadcrumb":{"@id":"https:\/\/www.olitravadell.com\/es\/almazara-y-agrotienda\/#breadcrumb"},"inLanguage":"es","potentialAction":[{"@type":"ReadAction","target":["https:\/\/www.olitravadell.com\/es\/almazara-y-agrotienda\/"]}]},{"@type":"BreadcrumbList","@id":"https:\/\/www.olitravadell.com\/es\/almazara-y-agrotienda\/#breadcrumb","itemListElement":[{"@type":"ListItem","position":1,"name":"Inicio","item":"https:\/\/www.olitravadell.com\/es\/"},{"@type":"ListItem","position":2,"name":"Almazara y Agrotienda"}]},{"@type":"WebSite","@id":"https:\/\/www.olitravadell.com\/es\/#website","url":"https:\/\/www.olitravadell.com\/es\/","name":"Oli Travadell","description":"Otro sitio realizado con WordPress","publisher":{"@id":"https:\/\/www.olitravadell.com\/es\/#organization"},"potentialAction":[{"@type":"SearchAction","target":{"@type":"EntryPoint","urlTemplate":"https:\/\/www.olitravadell.com\/es\/?s={search_term_string}"},"query-input":"required name=search_term_string"}],"inLanguage":"es"},{"@type":"Organization","@id":"https:\/\/www.olitravadell.com\/es\/#organization","name":"Oli Travadell","url":"https:\/\/www.olitravadell.com\/es\/","logo":{"@type":"ImageObject","inLanguage":"es","@id":"https:\/\/www.olitravadell.com\/es\/#\/schema\/logo\/image\/","url":"https:\/\/www.olitravadell.com\/wp-content\/uploads\/2021\/11\/logo-almassera.svg","contentUrl":"https:\/\/www.olitravadell.com\/wp-content\/uploads\/2021\/11\/logo-almassera.svg","width":307,"height":85,"caption":"Oli Travadell"},"image":{"@id":"https:\/\/www.olitravadell.com\/es\/#\/schema\/logo\/image\/"}}]}},"_links":{"self":[{"href":"https:\/\/www.olitravadell.com\/es\/wp-json\/wp\/v2\/pages\/817"}],"collection":[{"href":"https:\/\/www.olitravadell.com\/es\/wp-json\/wp\/v2\/pages"}],"about":[{"href":"https:\/\/www.olitravadell.com\/es\/wp-json\/wp\/v2\/types\/page"}],"author":[{"embeddable":true,"href":"https:\/\/www.olitravadell.com\/es\/wp-json\/wp\/v2\/users\/1"}],"replies":[{"embeddable":true,"href":"https:\/\/www.olitravadell.com\/es\/wp-json\/wp\/v2\/comments?post=817"}],"version-history":[{"count":18,"href":"https:\/\/www.olitravadell.com\/es\/wp-json\/wp\/v2\/pages\/817\/revisions"}],"predecessor-version":[{"id":1399,"href":"https:\/\/www.olitravadell.com\/es\/wp-json\/wp\/v2\/pages\/817\/revisions\/1399"}],"wp:featuredmedia":[{"embeddable":true,"href":"https:\/\/www.olitravadell.com\/es\/wp-json\/wp\/v2\/media\/1394"}],"wp:attachment":[{"href":"https:\/\/www.olitravadell.com\/es\/wp-json\/wp\/v2\/media?parent=817"}],"curies":[{"name":"wp","href":"https:\/\/api.w.org\/{rel}","templated":true}]}}